{"id":4926,"date":"2026-08-12T09:22:07","date_gmt":"2026-08-12T09:22:07","guid":{"rendered":"https:\/\/www.homevillas360.com\/villa-son-serra-de-marina\/"},"modified":"2026-08-12T09:58:11","modified_gmt":"2026-08-12T09:58:11","slug":"villa-son-serra-de-marina","status":"publish","type":"page","link":"https:\/\/www.homevillas360.com\/de\/villa-son-serra-de-marina\/","title":{"rendered":"Villa Son Serra de Marina"},"content":{"rendered":"\t\t<div data-elementor-type=\"wp-page\" data-elementor-id=\"4926\" class=\"elementor elementor-4926 elementor-4908\" data-elementor-post-type=\"page\">\n\t\t\t\t<div class=\"elementor-element elementor-element-ca50f6e e-con-full e-flex e-con e-parent\" data-id=\"ca50f6e\" data-element_type=\"container\" data-e-type=\"container\" data-settings=\"{&quot;background_background&quot;:&quot;classic&quot;}\">\n\t\t\t\t<div class=\"elementor-element elementor-element-409e3c42 elementor-widget elementor-widget-heading\" data-id=\"409e3c42\" data-element_type=\"widget\" data-e-type=\"widget\" data-widget_type=\"heading.default\">\n\t\t\t\t\t<h1 class=\"elementor-heading-title elementor-size-default\">Villa in Son Serra de Marina<\/h1>\t\t\t\t<\/div>\n\t\t\t\t<div class=\"elementor-element elementor-element-6d597f85 elementor-widget elementor-widget-heading\" data-id=\"6d597f85\" data-element_type=\"widget\" data-e-type=\"widget\" data-widget_type=\"heading.default\">\n\t\t\t\t\t<h3 class=\"elementor-heading-title elementor-size-default\">Urlaub am Meer in ruhiger Umgebung<\/h3>\t\t\t\t<\/div>\n\t\t\t\t<\/div>\n\t\t<div class=\"elementor-element elementor-element-545da3ce e-flex e-con-boxed e-con e-parent\" data-id=\"545da3ce\" data-element_type=\"container\" data-e-type=\"container\">\n\t\t\t\t\t<div class=\"e-con-inner\">\n\t\t<div class=\"elementor-element elementor-element-65d3ce80 e-grid e-con-full e-con e-child\" data-id=\"65d3ce80\" data-element_type=\"container\" data-e-type=\"container\">\n\t\t<div class=\"elementor-element elementor-element-6ecab61b e-con-full e-flex e-con e-child\" data-id=\"6ecab61b\" data-element_type=\"container\" data-e-type=\"container\">\n\t\t\t\t<div class=\"elementor-element elementor-element-7d8a7e42 elementor-widget elementor-widget-heading\" data-id=\"7d8a7e42\" data-element_type=\"widget\" data-e-type=\"widget\" data-widget_type=\"heading.default\">\n\t\t\t\t\t<div class=\"elementor-heading-title elementor-size-default\"><a href=\"https:\/\/www.homevillas360.com\/de\/ferienhaus-son-serra-de-marina\/\">Unterk\u00fcnfte<\/a><\/div>\t\t\t\t<\/div>\n\t\t\t\t<\/div>\n\t\t<div class=\"elementor-element elementor-element-47d167c4 e-con-full e-flex e-con e-child\" data-id=\"47d167c4\" data-element_type=\"container\" data-e-type=\"container\">\n\t\t\t\t<div class=\"elementor-element elementor-element-195023f6 elementor-widget elementor-widget-heading\" data-id=\"195023f6\" data-element_type=\"widget\" data-e-type=\"widget\" data-widget_type=\"heading.default\">\n\t\t\t\t\t<div class=\"elementor-heading-title elementor-size-default\"><a href=\"https:\/\/www.homevillas360.com\/de\/familienunterkfunft-mallorca\/\">Familien<\/a><\/div>\t\t\t\t<\/div>\n\t\t\t\t<\/div>\n\t\t<div class=\"elementor-element elementor-element-3ee22c2a e-con-full e-flex e-con e-child\" data-id=\"3ee22c2a\" data-element_type=\"container\" data-e-type=\"container\">\n\t\t\t\t<div class=\"elementor-element elementor-element-5efe3ca1 elementor-widget elementor-widget-heading\" data-id=\"5efe3ca1\" data-element_type=\"widget\" data-e-type=\"widget\" data-widget_type=\"heading.default\">\n\t\t\t\t\t<div class=\"elementor-heading-title elementor-size-default\"><a href=\"https:\/\/www.homevillas360.com\/de\/ferienwohnung-mallorca\/\">Apartments<\/a><\/div>\t\t\t\t<\/div>\n\t\t\t\t<\/div>\n\t\t<div class=\"elementor-element elementor-element-1cf584e3 e-con-full e-flex e-con e-child\" data-id=\"1cf584e3\" data-element_type=\"container\" data-e-type=\"container\">\n\t\t\t\t<div class=\"elementor-element elementor-element-6a7d5afe elementor-widget elementor-widget-heading\" data-id=\"6a7d5afe\" data-element_type=\"widget\" data-e-type=\"widget\" data-widget_type=\"heading.default\">\n\t\t\t\t\t<div class=\"elementor-heading-title elementor-size-default\"><a href=\"https:\/\/www.homevillas360.com\/de\/unterkunft-mallorca-mit-pool\/\">Pool<\/a><\/div>\t\t\t\t<\/div>\n\t\t\t\t<\/div>\n\t\t\t\t<\/div>\n\t\t\t\t\t<\/div>\n\t\t\t\t<\/div>\n\t\t<div class=\"elementor-element elementor-element-6cecc7d0 e-flex e-con-boxed e-con e-parent\" data-id=\"6cecc7d0\" data-element_type=\"container\" data-e-type=\"container\">\n\t\t\t\t\t<div class=\"e-con-inner\">\n\t\t\t\t<div class=\"elementor-element elementor-element-78a4421a elementor-widget elementor-widget-heading\" data-id=\"78a4421a\" data-element_type=\"widget\" data-e-type=\"widget\" data-widget_type=\"heading.default\">\n\t\t\t\t\t<h2 class=\"elementor-heading-title elementor-size-default\">Villen f\u00fcr Ihren Urlaub in Son Serra de Marina<\/h2>\t\t\t\t<\/div>\n\t\t\t\t<div class=\"elementor-element elementor-element-7c900d29 elementor-widget__width-initial elementor-widget elementor-widget-grid\" data-id=\"7c900d29\" data-element_type=\"widget\" data-e-type=\"widget\" data-widget_type=\"grid.default\">\n\t\t\t\t<div class=\"elementor-widget-container\">\n\t\t\t\t\t\t\t<div class=\"its--row alojamientos-recomendados\">\n\n\t\t\t<div class=\"alojamientos-recomendados-container\">\n\n\t\t\t\t\t\n\t\t\t\t\t<a href=\"https:\/\/bookings.homevillas360.com\/de\/vermietung\/villa-son-serra-de-marina-son-serra-relax-2-by-home-villas-360-376207.html\" rel=\"nofollow\" style=\"width: 49%;\">\n\t\t\t\t\t\t<div class=\"apartamento-box\">\n\t\t\t\t\t\t\t<div class=\"imagen_recomendados\">\n\t\t\t\t\t\t\t\t<img decoding=\"async\" src=\"https:\/\/crs.avantio.com\/fotos\/2\/1641977547dcf70f45f7ec3e3ad825855909299159\/big17841310397c3afcacb4ac2f84d4bce601c9425992.jpg\" alt=\"Stadth\u00e4user Son Serra Relax in Son Serra de Marina by Home Villas 360\">\n\t\t\t\t\t\t\t<\/div>\n\t\t\t\t\t\t\t<div class=\"info\">\n\t\t\t\t\t\t\t\t<div class=\"ubicacion\">\n\t\t\t\t\t\t\t\t\t<i class=\"fa-solid fa-location-dot icono-mapa\"><\/i><span class=\"ubicacion-texto\">Son Serra de Marina - Mallorca<\/span>\n\t\t\t\t\t\t\t\t<\/div>\n\t\t\t\t\t\t\t\t<H3 class=\"titulo-alojamiento\">\n\t\t\t\t\t\t\t\t\tStadth\u00e4user Son Serra Relax in Son Serra de Marina by Home Villas 360\t\t\t\t\t\t\t\t<\/H3>\n\t\t\t\t\t\t\t\t<p class=\"precio-alojamiento\">Ab <span class=\"precio\">173.65\u20ac<\/span> pro Nacht<\/p>\n\t\t\t\t\t\t\t<\/div>\n\t\t\t\t\t\t<\/div>\n\t\t\t\t\t<\/a> \n\t\t\t\t\t\t\n\t\t\t\t\t<a href=\"https:\/\/bookings.homevillas360.com\/de\/vermietung\/villa-son-serra-de-marina-tamarells-b-by-home-villas-360-376223.html\" rel=\"nofollow\" style=\"width: 49%;\">\n\t\t\t\t\t\t<div class=\"apartamento-box\">\n\t\t\t\t\t\t\t<div class=\"imagen_recomendados\">\n\t\t\t\t\t\t\t\t<img decoding=\"async\" src=\"https:\/\/crs.avantio.com\/fotos\/2\/1641977483057ea1e052b6be54162af9e8d98c1b9e\/big1645783300588393f99f31be978e0fe1ebd6c1e347.jpg\" alt=\"Stadth\u00e4user Tamarells B in Son Serra de Marina by Home Villas 360\">\n\t\t\t\t\t\t\t<\/div>\n\t\t\t\t\t\t\t<div class=\"info\">\n\t\t\t\t\t\t\t\t<div class=\"ubicacion\">\n\t\t\t\t\t\t\t\t\t<i class=\"fa-solid fa-location-dot icono-mapa\"><\/i><span class=\"ubicacion-texto\">Son Serra de Marina - Mallorca<\/span>\n\t\t\t\t\t\t\t\t<\/div>\n\t\t\t\t\t\t\t\t<H3 class=\"titulo-alojamiento\">\n\t\t\t\t\t\t\t\t\tStadth\u00e4user Tamarells B in Son Serra de Marina by Home Villas 360\t\t\t\t\t\t\t\t<\/H3>\n\t\t\t\t\t\t\t\t<p class=\"precio-alojamiento\">Ab <span class=\"precio\">220.80\u20ac<\/span> pro Nacht<\/p>\n\t\t\t\t\t\t\t<\/div>\n\t\t\t\t\t\t<\/div>\n\t\t\t\t\t<\/a> \n\t\t\t\t\t\t\n\t\t\t\t\t<a href=\"https:\/\/bookings.homevillas360.com\/de\/vermietung\/villa-son-serra-de-marina-tamarells-a-by-home-villas-360-376231.html\" rel=\"nofollow\" style=\"width: 49%;\">\n\t\t\t\t\t\t<div class=\"apartamento-box\">\n\t\t\t\t\t\t\t<div class=\"imagen_recomendados\">\n\t\t\t\t\t\t\t\t<img decoding=\"async\" src=\"https:\/\/crs.avantio.com\/fotos\/2\/1641977895a33678406efbda398e41a41ae98596b2\/big16457886723c64b0b27005ad3b12b011f81a5193c1.jpg\" alt=\"Stadth\u00e4user Tamarells A in Son Serra de Marina by Home Villas 360\">\n\t\t\t\t\t\t\t<\/div>\n\t\t\t\t\t\t\t<div class=\"info\">\n\t\t\t\t\t\t\t\t<div class=\"ubicacion\">\n\t\t\t\t\t\t\t\t\t<i class=\"fa-solid fa-location-dot icono-mapa\"><\/i><span class=\"ubicacion-texto\">Son Serra de Marina - Mallorca<\/span>\n\t\t\t\t\t\t\t\t<\/div>\n\t\t\t\t\t\t\t\t<H3 class=\"titulo-alojamiento\">\n\t\t\t\t\t\t\t\t\tStadth\u00e4user Tamarells A in Son Serra de Marina by Home Villas 360\t\t\t\t\t\t\t\t<\/H3>\n\t\t\t\t\t\t\t\t<p class=\"precio-alojamiento\">Ab <span class=\"precio\">233.45\u20ac<\/span> pro Nacht<\/p>\n\t\t\t\t\t\t\t<\/div>\n\t\t\t\t\t\t<\/div>\n\t\t\t\t\t<\/a> \n\t\t\t\t\t\t\n\t\t\t\t\t<a href=\"https:\/\/bookings.homevillas360.com\/de\/vermietung\/villa-son-serra-de-marina-townhouse-mollet-4-by-home-villas-360-567009.html\" rel=\"nofollow\" style=\"width: 49%;\">\n\t\t\t\t\t\t<div class=\"apartamento-box\">\n\t\t\t\t\t\t\t<div class=\"imagen_recomendados\">\n\t\t\t\t\t\t\t\t<img decoding=\"async\" src=\"https:\/\/crs.avantio.com\/fotos\/3\/17503403471623ddb7a0fddccf1848055667f80e4c\/big1751625278bfc107bea0856b9a58febef536b358a0.jpg\" alt=\"Stadth\u00e4user Mollet 4 in Son Serra de Mariana by Home Villas 360\">\n\t\t\t\t\t\t\t<\/div>\n\t\t\t\t\t\t\t<div class=\"info\">\n\t\t\t\t\t\t\t\t<div class=\"ubicacion\">\n\t\t\t\t\t\t\t\t\t<i class=\"fa-solid fa-location-dot icono-mapa\"><\/i><span class=\"ubicacion-texto\">Son Serra de Marina - Mallorca<\/span>\n\t\t\t\t\t\t\t\t<\/div>\n\t\t\t\t\t\t\t\t<H3 class=\"titulo-alojamiento\">\n\t\t\t\t\t\t\t\t\tStadth\u00e4user Mollet 4 in Son Serra de Mariana by Home Villas 360\t\t\t\t\t\t\t\t<\/H3>\n\t\t\t\t\t\t\t\t<p class=\"precio-alojamiento\">Ab <span class=\"precio\">230.00\u20ac<\/span> pro Nacht<\/p>\n\t\t\t\t\t\t\t<\/div>\n\t\t\t\t\t\t<\/div>\n\t\t\t\t\t<\/a> \n\t\t\t\t\t\t\t\t<\/div>\n\t\t\t<\/div>\n\t\t\t\t\t\t<\/div>\n\t\t\t\t<\/div>\n\t\t\t\t<div class=\"elementor-element elementor-element-68710be2 elementor-align-center elementor-widget elementor-widget-button\" data-id=\"68710be2\" data-element_type=\"widget\" data-e-type=\"widget\" data-widget_type=\"button.default\">\n\t\t\t\t\t\t\t\t\t\t<a class=\"elementor-button elementor-button-link elementor-size-sm\" href=\"https:\/\/bookings.homevillas360.com\/es\/alquiler\/villas-son-serra-de-marina-c2d1262\/\">\n\t\t\t\t\t\t<span class=\"elementor-button-content-wrapper\">\n\t\t\t\t\t\t\t\t\t<span class=\"elementor-button-text\">Alle anzeigen<\/span>\n\t\t\t\t\t<\/span>\n\t\t\t\t\t<\/a>\n\t\t\t\t\t\t\t\t<\/div>\n\t\t\t\t\t<\/div>\n\t\t\t\t<\/div>\n\t\t<div class=\"elementor-element elementor-element-11a488db e-flex e-con-boxed e-con e-parent\" data-id=\"11a488db\" data-element_type=\"container\" data-e-type=\"container\" data-settings=\"{&quot;background_background&quot;:&quot;classic&quot;}\">\n\t\t\t\t\t<div class=\"e-con-inner\">\n\t\t<div class=\"elementor-element elementor-element-102eaa3e e-con-full e-flex e-con e-child\" data-id=\"102eaa3e\" data-element_type=\"container\" data-e-type=\"container\">\n\t\t\t\t<div class=\"elementor-element elementor-element-3a0c5ab4 elementor-widget elementor-widget-heading\" data-id=\"3a0c5ab4\" data-element_type=\"widget\" data-e-type=\"widget\" data-widget_type=\"heading.default\">\n\t\t\t\t\t<h2 class=\"elementor-heading-title elementor-size-default\">Ihre Villa in Son Serra de Marina<\/h2>\t\t\t\t<\/div>\n\t\t\t\t<div class=\"elementor-element elementor-element-b1eb95 elementor-widget elementor-widget-text-editor\" data-id=\"b1eb95\" data-element_type=\"widget\" data-e-type=\"widget\" data-widget_type=\"text-editor.default\">\n\t\t\t\t\t\t\t\t\t<p class=\"isSelectedEnd\">Eine Villa in Son Serra de Marina ist die ideale Wahl, wenn Sie einen ruhigen Urlaub in Meeresn\u00e4he fernab der belebtesten Gegenden Mallorcas suchen. <\/p><p class=\"isSelectedEnd\">Eine Villa bietet zudem den n\u00f6tigen Platz und die Unabh\u00e4ngigkeit, um den Aufenthalt mit Familie oder Freunden zu teilen. Terrassen, Au\u00dfenbereiche und gro\u00dfz\u00fcgige R\u00e4ume erm\u00f6glichen es, Strandtage und Ausfl\u00fcge mit Erholungsmomenten in der Unterkunft zu kombinieren.<\/p><p>Son Serra de Marina ist auch ein guter Ausgangspunkt, um andere Ecken im Norden Mallorcas kennenzulernen. Die Auswahl an <a href=\"https:\/\/www.homevillas360.com\/de\/villen-auf-mallorca\/\">Villen auf Mallorca<\/a> erm\u00f6glicht es, die Suche mit Unterk\u00fcnften in verschiedenen Gegenden der Insel zu erweitern.<\/p>\t\t\t\t\t\t\t\t<\/div>\n\t\t\t\t<\/div>\n\t\t<div class=\"elementor-element elementor-element-5fc4a904 e-con-full e-flex e-con e-child\" data-id=\"5fc4a904\" data-element_type=\"container\" data-e-type=\"container\">\n\t\t\t\t<div class=\"elementor-element elementor-element-b61017 elementor-widget elementor-widget-image\" data-id=\"b61017\" data-element_type=\"widget\" data-e-type=\"widget\" data-widget_type=\"image.default\">\n\t\t\t\t\t\t\t\t\t\t\t\t\t\t\t<img fetchpriority=\"high\" decoding=\"async\" width=\"800\" height=\"481\" src=\"https:\/\/www.homevillas360.com\/wp-content\/uploads\/2026\/08\/villa-son-sera-de-marina.webp\" class=\"attachment-large size-large wp-image-4913\" alt=\"\" srcset=\"https:\/\/www.homevillas360.com\/wp-content\/uploads\/2026\/08\/villa-son-sera-de-marina.webp 800w, https:\/\/www.homevillas360.com\/wp-content\/uploads\/2026\/08\/villa-son-sera-de-marina-300x180.webp 300w, https:\/\/www.homevillas360.com\/wp-content\/uploads\/2026\/08\/villa-son-sera-de-marina-768x462.webp 768w\" sizes=\"(max-width: 800px) 100vw, 800px\" \/>\t\t\t\t\t\t\t\t\t\t\t\t\t\t\t<\/div>\n\t\t\t\t<\/div>\n\t\t\t\t\t<\/div>\n\t\t\t\t<\/div>\n\t\t<div class=\"elementor-element elementor-element-49dc7c41 e-flex e-con-boxed e-con e-parent\" data-id=\"49dc7c41\" data-element_type=\"container\" data-e-type=\"container\">\n\t\t\t\t\t<div class=\"e-con-inner\">\n\t\t\t\t<div class=\"elementor-element elementor-element-2ff20b4d elementor-widget elementor-widget-heading\" data-id=\"2ff20b4d\" data-element_type=\"widget\" data-e-type=\"widget\" data-widget_type=\"heading.default\">\n\t\t\t\t\t<h2 class=\"elementor-heading-title elementor-size-default\">Villen Son Serra de Marina mit Pool<\/h2>\t\t\t\t<\/div>\n\t\t\t\t<div class=\"elementor-element elementor-element-cf3b403 elementor-widget elementor-widget-grid\" data-id=\"cf3b403\" data-element_type=\"widget\" data-e-type=\"widget\" data-widget_type=\"grid.default\">\n\t\t\t\t<div class=\"elementor-widget-container\">\n\t\t\t\t\t\t\t<div class=\"its--row alojamientos-recomendados\">\n\n\t\t\t<div class=\"alojamientos-recomendados-container\">\n\n\t\t\t\t\t\n\t\t\t\t\t<a href=\"https:\/\/bookings.homevillas360.com\/de\/vermietung\/villa-son-serra-de-marina-son-serra-relax-2-by-home-villas-360-376207.html\" rel=\"nofollow\" style=\"width: 23%;\">\n\t\t\t\t\t\t<div class=\"apartamento-box\">\n\t\t\t\t\t\t\t<div class=\"imagen_recomendados\">\n\t\t\t\t\t\t\t\t<img decoding=\"async\" src=\"https:\/\/crs.avantio.com\/fotos\/2\/1641977547dcf70f45f7ec3e3ad825855909299159\/big17841310397c3afcacb4ac2f84d4bce601c9425992.jpg\" alt=\"Stadth\u00e4user Son Serra Relax in Son Serra de Marina by Home Villas 360\">\n\t\t\t\t\t\t\t<\/div>\n\t\t\t\t\t\t\t<div class=\"info\">\n\t\t\t\t\t\t\t\t<div class=\"ubicacion\">\n\t\t\t\t\t\t\t\t\t<i class=\"fa-solid fa-location-dot icono-mapa\"><\/i><span class=\"ubicacion-texto\">Son Serra de Marina - Mallorca<\/span>\n\t\t\t\t\t\t\t\t<\/div>\n\t\t\t\t\t\t\t\t<H3 class=\"titulo-alojamiento\">\n\t\t\t\t\t\t\t\t\tStadth\u00e4user Son Serra Relax in Son Serra de Marina by Home Villas 360\t\t\t\t\t\t\t\t<\/H3>\n\t\t\t\t\t\t\t\t<p class=\"precio-alojamiento\">Ab <span class=\"precio\">173.65\u20ac<\/span> pro Nacht<\/p>\n\t\t\t\t\t\t\t<\/div>\n\t\t\t\t\t\t<\/div>\n\t\t\t\t\t<\/a> \n\t\t\t\t\t\t\n\t\t\t\t\t<a href=\"https:\/\/bookings.homevillas360.com\/de\/vermietung\/villa-son-serra-de-marina-tamarells-b-by-home-villas-360-376223.html\" rel=\"nofollow\" style=\"width: 23%;\">\n\t\t\t\t\t\t<div class=\"apartamento-box\">\n\t\t\t\t\t\t\t<div class=\"imagen_recomendados\">\n\t\t\t\t\t\t\t\t<img decoding=\"async\" src=\"https:\/\/crs.avantio.com\/fotos\/2\/1641977483057ea1e052b6be54162af9e8d98c1b9e\/big1645783300588393f99f31be978e0fe1ebd6c1e347.jpg\" alt=\"Stadth\u00e4user Tamarells B in Son Serra de Marina by Home Villas 360\">\n\t\t\t\t\t\t\t<\/div>\n\t\t\t\t\t\t\t<div class=\"info\">\n\t\t\t\t\t\t\t\t<div class=\"ubicacion\">\n\t\t\t\t\t\t\t\t\t<i class=\"fa-solid fa-location-dot icono-mapa\"><\/i><span class=\"ubicacion-texto\">Son Serra de Marina - Mallorca<\/span>\n\t\t\t\t\t\t\t\t<\/div>\n\t\t\t\t\t\t\t\t<H3 class=\"titulo-alojamiento\">\n\t\t\t\t\t\t\t\t\tStadth\u00e4user Tamarells B in Son Serra de Marina by Home Villas 360\t\t\t\t\t\t\t\t<\/H3>\n\t\t\t\t\t\t\t\t<p class=\"precio-alojamiento\">Ab <span class=\"precio\">220.80\u20ac<\/span> pro Nacht<\/p>\n\t\t\t\t\t\t\t<\/div>\n\t\t\t\t\t\t<\/div>\n\t\t\t\t\t<\/a> \n\t\t\t\t\t\t\n\t\t\t\t\t<a href=\"https:\/\/bookings.homevillas360.com\/de\/vermietung\/villa-son-serra-de-marina-tamarells-a-by-home-villas-360-376231.html\" rel=\"nofollow\" style=\"width: 23%;\">\n\t\t\t\t\t\t<div class=\"apartamento-box\">\n\t\t\t\t\t\t\t<div class=\"imagen_recomendados\">\n\t\t\t\t\t\t\t\t<img decoding=\"async\" src=\"https:\/\/crs.avantio.com\/fotos\/2\/1641977895a33678406efbda398e41a41ae98596b2\/big16457886723c64b0b27005ad3b12b011f81a5193c1.jpg\" alt=\"Stadth\u00e4user Tamarells A in Son Serra de Marina by Home Villas 360\">\n\t\t\t\t\t\t\t<\/div>\n\t\t\t\t\t\t\t<div class=\"info\">\n\t\t\t\t\t\t\t\t<div class=\"ubicacion\">\n\t\t\t\t\t\t\t\t\t<i class=\"fa-solid fa-location-dot icono-mapa\"><\/i><span class=\"ubicacion-texto\">Son Serra de Marina - Mallorca<\/span>\n\t\t\t\t\t\t\t\t<\/div>\n\t\t\t\t\t\t\t\t<H3 class=\"titulo-alojamiento\">\n\t\t\t\t\t\t\t\t\tStadth\u00e4user Tamarells A in Son Serra de Marina by Home Villas 360\t\t\t\t\t\t\t\t<\/H3>\n\t\t\t\t\t\t\t\t<p class=\"precio-alojamiento\">Ab <span class=\"precio\">233.45\u20ac<\/span> pro Nacht<\/p>\n\t\t\t\t\t\t\t<\/div>\n\t\t\t\t\t\t<\/div>\n\t\t\t\t\t<\/a> \n\t\t\t\t\t\t\n\t\t\t\t\t<a href=\"https:\/\/bookings.homevillas360.com\/de\/vermietung\/villa-son-serra-de-marina-townhouse-mollet-4-by-home-villas-360-567009.html\" rel=\"nofollow\" style=\"width: 23%;\">\n\t\t\t\t\t\t<div class=\"apartamento-box\">\n\t\t\t\t\t\t\t<div class=\"imagen_recomendados\">\n\t\t\t\t\t\t\t\t<img decoding=\"async\" src=\"https:\/\/crs.avantio.com\/fotos\/3\/17503403471623ddb7a0fddccf1848055667f80e4c\/big1751625278bfc107bea0856b9a58febef536b358a0.jpg\" alt=\"Stadth\u00e4user Mollet 4 in Son Serra de Mariana by Home Villas 360\">\n\t\t\t\t\t\t\t<\/div>\n\t\t\t\t\t\t\t<div class=\"info\">\n\t\t\t\t\t\t\t\t<div class=\"ubicacion\">\n\t\t\t\t\t\t\t\t\t<i class=\"fa-solid fa-location-dot icono-mapa\"><\/i><span class=\"ubicacion-texto\">Son Serra de Marina - Mallorca<\/span>\n\t\t\t\t\t\t\t\t<\/div>\n\t\t\t\t\t\t\t\t<H3 class=\"titulo-alojamiento\">\n\t\t\t\t\t\t\t\t\tStadth\u00e4user Mollet 4 in Son Serra de Mariana by Home Villas 360\t\t\t\t\t\t\t\t<\/H3>\n\t\t\t\t\t\t\t\t<p class=\"precio-alojamiento\">Ab <span class=\"precio\">230.00\u20ac<\/span> pro Nacht<\/p>\n\t\t\t\t\t\t\t<\/div>\n\t\t\t\t\t\t<\/div>\n\t\t\t\t\t<\/a> \n\t\t\t\t\t\t\t\t<\/div>\n\t\t\t<\/div>\n\t\t\t\t\t\t<\/div>\n\t\t\t\t<\/div>\n\t\t\t\t\t<\/div>\n\t\t\t\t<\/div>\n\t\t<div class=\"elementor-element elementor-element-5b0050cb e-flex e-con-boxed e-con e-parent\" data-id=\"5b0050cb\" data-element_type=\"container\" data-e-type=\"container\">\n\t\t\t\t\t<div class=\"e-con-inner\">\n\t\t\t\t<div class=\"elementor-element elementor-element-6fa4f581 elementor-widget elementor-widget-heading\" data-id=\"6fa4f581\" data-element_type=\"widget\" data-e-type=\"widget\" data-widget_type=\"heading.default\">\n\t\t\t\t\t<h2 class=\"elementor-heading-title elementor-size-default\">Villen Son Serra de Marina f\u00fcr Familien mit Pool<\/h2>\t\t\t\t<\/div>\n\t\t\t\t<div class=\"elementor-element elementor-element-703bea0d elementor-widget elementor-widget-grid\" data-id=\"703bea0d\" data-element_type=\"widget\" data-e-type=\"widget\" data-widget_type=\"grid.default\">\n\t\t\t\t<div class=\"elementor-widget-container\">\n\t\t\t\t\t\t\t<div class=\"its--row alojamientos-recomendados\">\n\n\t\t\t<div class=\"alojamientos-recomendados-container\">\n\n\t\t\t\t\t\n\t\t\t\t\t<a href=\"https:\/\/bookings.homevillas360.com\/de\/vermietung\/villa-son-serra-de-marina-son-serra-relax-2-by-home-villas-360-376207.html\" rel=\"nofollow\" style=\"width: 23%;\">\n\t\t\t\t\t\t<div class=\"apartamento-box\">\n\t\t\t\t\t\t\t<div class=\"imagen_recomendados\">\n\t\t\t\t\t\t\t\t<img decoding=\"async\" src=\"https:\/\/crs.avantio.com\/fotos\/2\/1641977547dcf70f45f7ec3e3ad825855909299159\/big17841310397c3afcacb4ac2f84d4bce601c9425992.jpg\" alt=\"Stadth\u00e4user Son Serra Relax in Son Serra de Marina by Home Villas 360\">\n\t\t\t\t\t\t\t<\/div>\n\t\t\t\t\t\t\t<div class=\"info\">\n\t\t\t\t\t\t\t\t<div class=\"ubicacion\">\n\t\t\t\t\t\t\t\t\t<i class=\"fa-solid fa-location-dot icono-mapa\"><\/i><span class=\"ubicacion-texto\">Son Serra de Marina - Mallorca<\/span>\n\t\t\t\t\t\t\t\t<\/div>\n\t\t\t\t\t\t\t\t<H3 class=\"titulo-alojamiento\">\n\t\t\t\t\t\t\t\t\tStadth\u00e4user Son Serra Relax in Son Serra de Marina by Home Villas 360\t\t\t\t\t\t\t\t<\/H3>\n\t\t\t\t\t\t\t\t<p class=\"precio-alojamiento\">Ab <span class=\"precio\">173.65\u20ac<\/span> pro Nacht<\/p>\n\t\t\t\t\t\t\t<\/div>\n\t\t\t\t\t\t<\/div>\n\t\t\t\t\t<\/a> \n\t\t\t\t\t\t\n\t\t\t\t\t<a href=\"https:\/\/bookings.homevillas360.com\/de\/vermietung\/villa-son-serra-de-marina-tamarells-b-by-home-villas-360-376223.html\" rel=\"nofollow\" style=\"width: 23%;\">\n\t\t\t\t\t\t<div class=\"apartamento-box\">\n\t\t\t\t\t\t\t<div class=\"imagen_recomendados\">\n\t\t\t\t\t\t\t\t<img decoding=\"async\" src=\"https:\/\/crs.avantio.com\/fotos\/2\/1641977483057ea1e052b6be54162af9e8d98c1b9e\/big1645783300588393f99f31be978e0fe1ebd6c1e347.jpg\" alt=\"Stadth\u00e4user Tamarells B in Son Serra de Marina by Home Villas 360\">\n\t\t\t\t\t\t\t<\/div>\n\t\t\t\t\t\t\t<div class=\"info\">\n\t\t\t\t\t\t\t\t<div class=\"ubicacion\">\n\t\t\t\t\t\t\t\t\t<i class=\"fa-solid fa-location-dot icono-mapa\"><\/i><span class=\"ubicacion-texto\">Son Serra de Marina - Mallorca<\/span>\n\t\t\t\t\t\t\t\t<\/div>\n\t\t\t\t\t\t\t\t<H3 class=\"titulo-alojamiento\">\n\t\t\t\t\t\t\t\t\tStadth\u00e4user Tamarells B in Son Serra de Marina by Home Villas 360\t\t\t\t\t\t\t\t<\/H3>\n\t\t\t\t\t\t\t\t<p class=\"precio-alojamiento\">Ab <span class=\"precio\">220.80\u20ac<\/span> pro Nacht<\/p>\n\t\t\t\t\t\t\t<\/div>\n\t\t\t\t\t\t<\/div>\n\t\t\t\t\t<\/a> \n\t\t\t\t\t\t\n\t\t\t\t\t<a href=\"https:\/\/bookings.homevillas360.com\/de\/vermietung\/villa-son-serra-de-marina-tamarells-a-by-home-villas-360-376231.html\" rel=\"nofollow\" style=\"width: 23%;\">\n\t\t\t\t\t\t<div class=\"apartamento-box\">\n\t\t\t\t\t\t\t<div class=\"imagen_recomendados\">\n\t\t\t\t\t\t\t\t<img decoding=\"async\" src=\"https:\/\/crs.avantio.com\/fotos\/2\/1641977895a33678406efbda398e41a41ae98596b2\/big16457886723c64b0b27005ad3b12b011f81a5193c1.jpg\" alt=\"Stadth\u00e4user Tamarells A in Son Serra de Marina by Home Villas 360\">\n\t\t\t\t\t\t\t<\/div>\n\t\t\t\t\t\t\t<div class=\"info\">\n\t\t\t\t\t\t\t\t<div class=\"ubicacion\">\n\t\t\t\t\t\t\t\t\t<i class=\"fa-solid fa-location-dot icono-mapa\"><\/i><span class=\"ubicacion-texto\">Son Serra de Marina - Mallorca<\/span>\n\t\t\t\t\t\t\t\t<\/div>\n\t\t\t\t\t\t\t\t<H3 class=\"titulo-alojamiento\">\n\t\t\t\t\t\t\t\t\tStadth\u00e4user Tamarells A in Son Serra de Marina by Home Villas 360\t\t\t\t\t\t\t\t<\/H3>\n\t\t\t\t\t\t\t\t<p class=\"precio-alojamiento\">Ab <span class=\"precio\">233.45\u20ac<\/span> pro Nacht<\/p>\n\t\t\t\t\t\t\t<\/div>\n\t\t\t\t\t\t<\/div>\n\t\t\t\t\t<\/a> \n\t\t\t\t\t\t\n\t\t\t\t\t<a href=\"https:\/\/bookings.homevillas360.com\/de\/vermietung\/villa-son-serra-de-marina-townhouse-mollet-4-by-home-villas-360-567009.html\" rel=\"nofollow\" style=\"width: 23%;\">\n\t\t\t\t\t\t<div class=\"apartamento-box\">\n\t\t\t\t\t\t\t<div class=\"imagen_recomendados\">\n\t\t\t\t\t\t\t\t<img decoding=\"async\" src=\"https:\/\/crs.avantio.com\/fotos\/3\/17503403471623ddb7a0fddccf1848055667f80e4c\/big1751625278bfc107bea0856b9a58febef536b358a0.jpg\" alt=\"Stadth\u00e4user Mollet 4 in Son Serra de Mariana by Home Villas 360\">\n\t\t\t\t\t\t\t<\/div>\n\t\t\t\t\t\t\t<div class=\"info\">\n\t\t\t\t\t\t\t\t<div class=\"ubicacion\">\n\t\t\t\t\t\t\t\t\t<i class=\"fa-solid fa-location-dot icono-mapa\"><\/i><span class=\"ubicacion-texto\">Son Serra de Marina - Mallorca<\/span>\n\t\t\t\t\t\t\t\t<\/div>\n\t\t\t\t\t\t\t\t<H3 class=\"titulo-alojamiento\">\n\t\t\t\t\t\t\t\t\tStadth\u00e4user Mollet 4 in Son Serra de Mariana by Home Villas 360\t\t\t\t\t\t\t\t<\/H3>\n\t\t\t\t\t\t\t\t<p class=\"precio-alojamiento\">Ab <span class=\"precio\">230.00\u20ac<\/span> pro Nacht<\/p>\n\t\t\t\t\t\t\t<\/div>\n\t\t\t\t\t\t<\/div>\n\t\t\t\t\t<\/a> \n\t\t\t\t\t\t\t\t<\/div>\n\t\t\t<\/div>\n\t\t\t\t\t\t<\/div>\n\t\t\t\t<\/div>\n\t\t\t\t\t<\/div>\n\t\t\t\t<\/div>\n\t\t<div class=\"elementor-element elementor-element-33e43439 e-flex e-con-boxed e-con e-parent\" data-id=\"33e43439\" data-element_type=\"container\" data-e-type=\"container\">\n\t\t\t\t\t<div class=\"e-con-inner\">\n\t\t\t\t<div class=\"elementor-element elementor-element-139fb196 elementor-widget elementor-widget-heading\" data-id=\"139fb196\" data-element_type=\"widget\" data-e-type=\"widget\" data-widget_type=\"heading.default\">\n\t\t\t\t\t<h2 class=\"elementor-heading-title elementor-size-default\">Weitere Unterk\u00fcnfte in der N\u00e4he von Son Serra de Marina<\/h2>\t\t\t\t<\/div>\n\t\t\t\t<div class=\"elementor-element elementor-element-5f86cccd elementor-widget elementor-widget-grid\" data-id=\"5f86cccd\" data-element_type=\"widget\" data-e-type=\"widget\" data-widget_type=\"grid.default\">\n\t\t\t\t<div class=\"elementor-widget-container\">\n\t\t\t\t\t\t\t<div class=\"its--row alojamientos-recomendados\">\n\n\t\t\t<div class=\"alojamientos-recomendados-container\">\n\n\t\t\t\t\t\n\t\t\t\t\t<a href=\"https:\/\/bookings.homevillas360.com\/de\/vermietung\/ferienhaus-can-picafort-a0004-petit-bijouc-441556.html\" rel=\"nofollow\" style=\"width: 32%;\">\n\t\t\t\t\t\t<div class=\"apartamento-box\">\n\t\t\t\t\t\t\t<div class=\"imagen_recomendados\">\n\t\t\t\t\t\t\t\t<img decoding=\"async\" src=\"https:\/\/crs.avantio.com\/fotos\/2\/169157770502966eeddb391417ef63a87957e4fd41\/big1691577707990e29ed1c5f13691b1c81667ccf12c3.jpg\" alt=\"Petit Bijouc by Rentallorca\">\n\t\t\t\t\t\t\t<\/div>\n\t\t\t\t\t\t\t<div class=\"info\">\n\t\t\t\t\t\t\t\t<div class=\"ubicacion\">\n\t\t\t\t\t\t\t\t\t<i class=\"fa-solid fa-location-dot icono-mapa\"><\/i><span class=\"ubicacion-texto\">Can Picafort - Mallorca<\/span>\n\t\t\t\t\t\t\t\t<\/div>\n\t\t\t\t\t\t\t\t<H3 class=\"titulo-alojamiento\">\n\t\t\t\t\t\t\t\t\tPetit Bijouc by Rentallorca\t\t\t\t\t\t\t\t<\/H3>\n\t\t\t\t\t\t\t\t<p class=\"precio-alojamiento\">Ab <span class=\"precio\">176.00\u20ac<\/span> pro Nacht<\/p>\n\t\t\t\t\t\t\t<\/div>\n\t\t\t\t\t\t<\/div>\n\t\t\t\t\t<\/a> \n\t\t\t\t\t\t\n\t\t\t\t\t<a href=\"https:\/\/bookings.homevillas360.com\/de\/vermietung\/finca-can-picafort-a0005-can-cadernera-538995.html\" rel=\"nofollow\" style=\"width: 32%;\">\n\t\t\t\t\t\t<div class=\"apartamento-box\">\n\t\t\t\t\t\t\t<div class=\"imagen_recomendados\">\n\t\t\t\t\t\t\t\t<img decoding=\"async\" src=\"https:\/\/crs.avantio.com\/fotos\/3\/1744358249eb77a98bef2e8430675e7a7fdf5e3cfe\/big1748530487fa9ba9c64665ad7dfb7ae81383f3f63b.jpg\" alt=\"Can Cadernera by Rentallorca\">\n\t\t\t\t\t\t\t<\/div>\n\t\t\t\t\t\t\t<div class=\"info\">\n\t\t\t\t\t\t\t\t<div class=\"ubicacion\">\n\t\t\t\t\t\t\t\t\t<i class=\"fa-solid fa-location-dot icono-mapa\"><\/i><span class=\"ubicacion-texto\">Can Picafort - Mallorca<\/span>\n\t\t\t\t\t\t\t\t<\/div>\n\t\t\t\t\t\t\t\t<H3 class=\"titulo-alojamiento\">\n\t\t\t\t\t\t\t\t\tCan Cadernera by Rentallorca\t\t\t\t\t\t\t\t<\/H3>\n\t\t\t\t\t\t\t\t<p class=\"precio-alojamiento\">Ab <span class=\"precio\">224.20\u20ac<\/span> pro Nacht<\/p>\n\t\t\t\t\t\t\t<\/div>\n\t\t\t\t\t\t<\/div>\n\t\t\t\t\t<\/a> \n\t\t\t\t\t\t\n\t\t\t\t\t<a href=\"https:\/\/bookings.homevillas360.com\/de\/vermietung\/finca-can-picafort-a0013-son-morro-562882.html\" rel=\"nofollow\" style=\"width: 32%;\">\n\t\t\t\t\t\t<div class=\"apartamento-box\">\n\t\t\t\t\t\t\t<div class=\"imagen_recomendados\">\n\t\t\t\t\t\t\t\t<img decoding=\"async\" src=\"https:\/\/crs.avantio.com\/fotos\/3\/1748857937c7841a78ad47ad517c38fcad93ad4c91\/big1784796505c5cf81416fcb64d9a2bf720a286d22ff.jpg\" alt=\"Son Morro by Rentallorca\">\n\t\t\t\t\t\t\t<\/div>\n\t\t\t\t\t\t\t<div class=\"info\">\n\t\t\t\t\t\t\t\t<div class=\"ubicacion\">\n\t\t\t\t\t\t\t\t\t<i class=\"fa-solid fa-location-dot icono-mapa\"><\/i><span class=\"ubicacion-texto\">Can Picafort - Mallorca<\/span>\n\t\t\t\t\t\t\t\t<\/div>\n\t\t\t\t\t\t\t\t<H3 class=\"titulo-alojamiento\">\n\t\t\t\t\t\t\t\t\tSon Morro by Rentallorca\t\t\t\t\t\t\t\t<\/H3>\n\t\t\t\t\t\t\t\t<p class=\"precio-alojamiento\">Ab <span class=\"precio\">196.18\u20ac<\/span> pro Nacht<\/p>\n\t\t\t\t\t\t\t<\/div>\n\t\t\t\t\t\t<\/div>\n\t\t\t\t\t<\/a> \n\t\t\t\t\t\t\t\t<\/div>\n\t\t\t<\/div>\n\t\t\t\t\t\t<\/div>\n\t\t\t\t<\/div>\n\t\t\t\t\t<\/div>\n\t\t\t\t<\/div>\n\t\t<div class=\"elementor-element elementor-element-15ab98e e-flex e-con-boxed e-con e-parent\" data-id=\"15ab98e\" data-element_type=\"container\" data-e-type=\"container\">\n\t\t\t\t\t<div class=\"e-con-inner\">\n\t\t\t\t<div class=\"elementor-element elementor-element-476fd4e5 elementor-widget elementor-widget-heading\" data-id=\"476fd4e5\" data-element_type=\"widget\" data-e-type=\"widget\" data-widget_type=\"heading.default\">\n\t\t\t\t\t<h2 class=\"elementor-heading-title elementor-size-default\">Key information to enjoy Majorca in summer<\/h2>\t\t\t\t<\/div>\n\t\t\t\t<div class=\"elementor-element elementor-element-1a5ecfc0 e-n-tabs-mobile elementor-widget elementor-widget-n-tabs\" data-id=\"1a5ecfc0\" data-element_type=\"widget\" data-e-type=\"widget\" data-settings=\"{&quot;tabs_justify_horizontal&quot;:&quot;start&quot;,&quot;horizontal_scroll&quot;:&quot;disable&quot;}\" data-widget_type=\"nested-tabs.default\">\n\t\t\t\t\t\t\t<div class=\"e-n-tabs\" data-widget-number=\"442421184\" aria-label=\"Tabs. Open items with Enter or Space, close with Escape and navigate using the Arrow keys.\">\n\t\t\t<div class=\"e-n-tabs-heading\" role=\"tablist\">\n\t\t\t\t\t<button id=\"e-n-tab-title-4424211841\" data-tab-title-id=\"e-n-tab-title-4424211841\" class=\"e-n-tab-title\" aria-selected=\"true\" data-tab-index=\"1\" role=\"tab\" tabindex=\"0\" aria-controls=\"e-n-tab-content-4424211841\" style=\"--n-tabs-title-order: 1;\">\n\t\t\t\t\t\t<span class=\"e-n-tab-title-text\">\n\t\t\t\tSon Serra\t\t\t<\/span>\n\t\t<\/button>\n\t\t\t\t<button id=\"e-n-tab-title-4424211842\" data-tab-title-id=\"e-n-tab-title-4424211842\" class=\"e-n-tab-title\" aria-selected=\"false\" data-tab-index=\"2\" role=\"tab\" tabindex=\"-1\" aria-controls=\"e-n-tab-content-4424211842\" style=\"--n-tabs-title-order: 2;\">\n\t\t\t\t\t\t<span class=\"e-n-tab-title-text\">\n\t\t\t\tStr\u00e4nde und Natur\t\t\t<\/span>\n\t\t<\/button>\n\t\t\t\t<button id=\"e-n-tab-title-4424211843\" data-tab-title-id=\"e-n-tab-title-4424211843\" class=\"e-n-tab-title\" aria-selected=\"false\" data-tab-index=\"3\" role=\"tab\" tabindex=\"-1\" aria-controls=\"e-n-tab-content-4424211843\" style=\"--n-tabs-title-order: 3;\">\n\t\t\t\t\t\t<span class=\"e-n-tab-title-text\">\n\t\t\t\tAktivit\u00e4ten in der N\u00e4he\t\t\t<\/span>\n\t\t<\/button>\n\t\t\t\t\t<\/div>\n\t\t\t<div class=\"e-n-tabs-content\">\n\t\t\t\t<div id=\"e-n-tab-content-4424211841\" role=\"tabpanel\" aria-labelledby=\"e-n-tab-title-4424211841\" data-tab-index=\"1\" style=\"--n-tabs-title-order: 1;\" class=\"e-active elementor-element elementor-element-641826f1 e-con-full e-flex e-con e-child\" data-id=\"641826f1\" data-element_type=\"container\" data-e-type=\"container\" data-settings=\"{&quot;background_background&quot;:&quot;classic&quot;}\">\n\t\t\t\t<div class=\"elementor-element elementor-element-45a35f44 elementor-widget elementor-widget-heading\" data-id=\"45a35f44\" data-element_type=\"widget\" data-e-type=\"widget\" data-widget_type=\"heading.default\">\n\t\t\t\t\t<h3 class=\"elementor-heading-title elementor-size-default\">Eine ruhige Ecke im Norden Mallorcas<\/h3>\t\t\t\t<\/div>\n\t\t\t\t<div class=\"elementor-element elementor-element-357973d7 elementor-widget elementor-widget-text-editor\" data-id=\"357973d7\" data-element_type=\"widget\" data-e-type=\"widget\" data-widget_type=\"text-editor.default\">\n\t\t\t\t\t\t\t\t\t<p class=\"isSelectedEnd\">Son Serra de Marina ist ein K\u00fcstenort, der f\u00fcr seine entspannte Atmosph\u00e4re und seine nat\u00fcrliche Umgebung bekannt ist. Im Gegensatz zu anderen touristischeren Reisezielen bewahrt er ein ruhiges Tempo und eine sehr direkte Beziehung zum Meer.<\/p><p class=\"isSelectedEnd\">Es ist eine gute Wahl f\u00fcr diejenigen, die einen Urlaub fernab gro\u00dfer Menschenansammlungen verbringen, den Strand genie\u00dfen und einen ruhigen Ausgangspunkt haben m\u00f6chten, um den Norden Mallorcas zu erkunden.<\/p><p class=\"isSelectedEnd\"><strong>Das Beste an Son Serra de Marina:<\/strong><\/p><ul data-spread=\"false\"><li>Ruhige Atmosph\u00e4re<\/li><li>Nat\u00fcrliche Umgebung<\/li><li>N\u00e4he zum Meer<\/li><li>Guter Ausgangspunkt f\u00fcr Erkundungen im Norden<\/li><\/ul>\t\t\t\t\t\t\t\t<\/div>\n\t\t\t\t<\/div>\n\t\t<div id=\"e-n-tab-content-4424211842\" role=\"tabpanel\" aria-labelledby=\"e-n-tab-title-4424211842\" data-tab-index=\"2\" style=\"--n-tabs-title-order: 2;\" class=\" elementor-element elementor-element-4e2147b4 e-con-full e-flex e-con e-child\" data-id=\"4e2147b4\" data-element_type=\"container\" data-e-type=\"container\" data-settings=\"{&quot;background_background&quot;:&quot;classic&quot;}\">\n\t\t\t\t<div class=\"elementor-element elementor-element-5f371a94 elementor-widget elementor-widget-heading\" data-id=\"5f371a94\" data-element_type=\"widget\" data-e-type=\"widget\" data-widget_type=\"heading.default\">\n\t\t\t\t\t<h3 class=\"elementor-heading-title elementor-size-default\">Eine K\u00fcste zum entspannten Genie\u00dfen<\/h3>\t\t\t\t<\/div>\n\t\t\t\t<div class=\"elementor-element elementor-element-5eda9a32 elementor-widget elementor-widget-text-editor\" data-id=\"5eda9a32\" data-element_type=\"widget\" data-e-type=\"widget\" data-widget_type=\"text-editor.default\">\n\t\t\t\t\t\t\t\t\t<p class=\"isSelectedEnd\">Die Gegend zeichnet sich durch ihre offenen Fl\u00e4chen und ihren nat\u00fcrlichen Charakter aus. Der Strand von Son Serra de Marina ist einer der bekanntesten der Umgebung und passt besonders gut zu denjenigen, die weitl\u00e4ufige und weniger urbanisierte Str\u00e4nde bevorzugen.<\/p><p class=\"isSelectedEnd\">Die <a href=\"https:\/\/www.homevillas360.com\/de\/blog\/straende-und-buchten-mallorca\/\">Str\u00e4nde und Buchten Mallorcas<\/a> bieten viele weitere Optionen, um den Aufenthalt zu bereichern und verschiedene Landschaften der mallorquinischen K\u00fcste zu entdecken.<\/p><p class=\"isSelectedEnd\"><strong>Ideen, um die Umgebung zu genie\u00dfen:<\/strong><\/p><ul data-spread=\"false\"><li>Den Tag am Meer verbringen<\/li><li>Entlang der K\u00fcste spazieren<\/li><li>Nahegelegene Str\u00e4nde erkunden<\/li><li>Die Sonnenunterg\u00e4nge genie\u00dfen<\/li><\/ul>\t\t\t\t\t\t\t\t<\/div>\n\t\t\t\t<\/div>\n\t\t<div id=\"e-n-tab-content-4424211843\" role=\"tabpanel\" aria-labelledby=\"e-n-tab-title-4424211843\" data-tab-index=\"3\" style=\"--n-tabs-title-order: 3;\" class=\" elementor-element elementor-element-7891363d e-con-full e-flex e-con e-child\" data-id=\"7891363d\" data-element_type=\"container\" data-e-type=\"container\" data-settings=\"{&quot;background_background&quot;:&quot;classic&quot;}\">\n\t\t\t\t<div class=\"elementor-element elementor-element-34f8d1a1 elementor-widget elementor-widget-heading\" data-id=\"34f8d1a1\" data-element_type=\"widget\" data-e-type=\"widget\" data-widget_type=\"heading.default\">\n\t\t\t\t\t<h3 class=\"elementor-heading-title elementor-size-default\">Was Sie w\u00e4hrend Ihres Aufenthalts unternehmen k\u00f6nnen<\/h3>\t\t\t\t<\/div>\n\t\t\t\t<div class=\"elementor-element elementor-element-5af30e61 elementor-widget elementor-widget-text-editor\" data-id=\"5af30e61\" data-element_type=\"widget\" data-e-type=\"widget\" data-widget_type=\"text-editor.default\">\n\t\t\t\t\t\t\t\t\t<p class=\"isSelectedEnd\">Neben dem Strandgenuss erm\u00f6glicht Son Serra de Marina Ausfl\u00fcge durch den Norden Mallorcas und das Kennenlernen anderer D\u00f6rfer, Naturr\u00e4ume und K\u00fcstengebiete.<\/p><p class=\"isSelectedEnd\">Sie k\u00f6nnen ruhige Tage in der Villa mit Besuchen nahegelegener Ortschaften, Routen im Freien oder Aktivit\u00e4ten am Meer abwechseln. Diese Kombination macht die Gegend zu einer sehr komfortablen Option f\u00fcr einen entspannten, aber abwechslungsreichen Urlaub.<\/p><p class=\"isSelectedEnd\"><strong>Aktivit\u00e4ten zur Bereicherung der Reise:<\/strong><\/p><ul data-spread=\"false\"><li>Ausfl\u00fcge durch den Norden Mallorcas<\/li><li>Besuche nahegelegener D\u00f6rfer<\/li><li>Aktivit\u00e4ten am Meer<\/li><li>Routen und Spazierg\u00e4nge in der Natur<\/li><\/ul>\t\t\t\t\t\t\t\t<\/div>\n\t\t\t\t<\/div>\n\t\t\t\t\t<\/div>\n\t\t<\/div>\n\t\t\t\t\t\t<\/div>\n\t\t\t\t\t<\/div>\n\t\t\t\t<\/div>\n\t\t<div class=\"elementor-element elementor-element-249060bc e-flex e-con-boxed e-con e-parent\" data-id=\"249060bc\" data-element_type=\"container\" data-e-type=\"container\">\n\t\t\t\t\t<div class=\"e-con-inner\">\n\t\t<div class=\"elementor-element elementor-element-7a05828d e-con-full e-flex e-con e-child\" data-id=\"7a05828d\" data-element_type=\"container\" data-e-type=\"container\">\n\t\t\t\t<div class=\"elementor-element elementor-element-6ef3c45b elementor-widget elementor-widget-heading\" data-id=\"6ef3c45b\" data-element_type=\"widget\" data-e-type=\"widget\" data-widget_type=\"heading.default\">\n\t\t\t\t\t<h2 class=\"elementor-heading-title elementor-size-default\">Entdecken Sie Mallorca mit unserem Reisef\u00fchrer <\/h2>\t\t\t\t<\/div>\n\t\t\t\t<div class=\"elementor-element elementor-element-5ba9a83b elementor-grid-3 elementor-grid-tablet-2 elementor-grid-mobile-1 elementor-posts--thumbnail-top elementor-widget elementor-widget-posts\" data-id=\"5ba9a83b\" data-element_type=\"widget\" data-e-type=\"widget\" data-settings=\"{&quot;classic_row_gap&quot;:{&quot;unit&quot;:&quot;px&quot;,&quot;size&quot;:30,&quot;sizes&quot;:[]},&quot;classic_columns&quot;:&quot;3&quot;,&quot;classic_columns_tablet&quot;:&quot;2&quot;,&quot;classic_columns_mobile&quot;:&quot;1&quot;,&quot;classic_row_gap_tablet&quot;:{&quot;unit&quot;:&quot;px&quot;,&quot;size&quot;:&quot;&quot;,&quot;sizes&quot;:[]},&quot;classic_row_gap_mobile&quot;:{&quot;unit&quot;:&quot;px&quot;,&quot;size&quot;:&quot;&quot;,&quot;sizes&quot;:[]}}\" data-widget_type=\"posts.classic\">\n\t\t\t\t<div class=\"elementor-widget-container\">\n\t\t\t\t\t\t\t<div class=\"elementor-posts-container elementor-posts elementor-posts--skin-classic elementor-grid\" role=\"list\">\n\t\t\t\t<article class=\"elementor-post elementor-grid-item post-5229 post type-post status-publish format-standard has-post-thumbnail hentry category-mallorca category-stadte category-strande\" role=\"listitem\">\n\t\t\t\t<a class=\"elementor-post__thumbnail__link\" href=\"https:\/\/www.homevillas360.com\/de\/blog\/cala-sant-vicenc\/\" tabindex=\"-1\" >\n\t\t\t<div class=\"elementor-post__thumbnail\"><img decoding=\"async\" width=\"768\" height=\"576\" src=\"https:\/\/www.homevillas360.com\/wp-content\/uploads\/2026\/08\/Cala-Sant-Vicenc-en-Mallorca-768x576.webp\" class=\"attachment-medium_large size-medium_large wp-image-5223\" alt=\"Cala Sant Vicen\u00e7 en Mallorca\" srcset=\"https:\/\/www.homevillas360.com\/wp-content\/uploads\/2026\/08\/Cala-Sant-Vicenc-en-Mallorca-768x576.webp 768w, https:\/\/www.homevillas360.com\/wp-content\/uploads\/2026\/08\/Cala-Sant-Vicenc-en-Mallorca-300x225.webp 300w, https:\/\/www.homevillas360.com\/wp-content\/uploads\/2026\/08\/Cala-Sant-Vicenc-en-Mallorca-1024x768.webp 1024w, https:\/\/www.homevillas360.com\/wp-content\/uploads\/2026\/08\/Cala-Sant-Vicenc-en-Mallorca.webp 1360w\" sizes=\"(max-width: 768px) 100vw, 768px\" \/><\/div>\n\t\t<\/a>\n\t\t\t\t<div class=\"elementor-post__text\">\n\t\t\t\t<h3 class=\"elementor-post__title\">\n\t\t\t<a href=\"https:\/\/www.homevillas360.com\/de\/blog\/cala-sant-vicenc\/\" >\n\t\t\t\tDie intensive Sch\u00f6nheit der Cala Sant Vicen\u00e7\t\t\t<\/a>\n\t\t<\/h3>\n\t\t\t\t<div class=\"elementor-post__meta-data\">\n\t\t\t\t\t<span class=\"elementor-post-date\">\n\t\t\t24. August 2026\t\t<\/span>\n\t\t\t\t<\/div>\n\t\t\t\t\t<div class=\"elementor-post__read-more-wrapper\">\n\t\t\n\t\t<a class=\"elementor-post__read-more\" href=\"https:\/\/www.homevillas360.com\/de\/blog\/cala-sant-vicenc\/\" aria-label=\"Mehr \u00fcber Die intensive Sch\u00f6nheit der Cala Sant Vicen\u00e7\" tabindex=\"-1\" >\n\t\t\tRead more\t\t<\/a>\n\n\t\t\t\t\t<\/div>\n\t\t\t\t<\/div>\n\t\t\t\t<\/article>\n\t\t\t\t<article class=\"elementor-post elementor-grid-item post-4957 post type-post status-publish format-standard has-post-thumbnail hentry category-mallorca\" role=\"listitem\">\n\t\t\t\t<a class=\"elementor-post__thumbnail__link\" href=\"https:\/\/www.homevillas360.com\/de\/blog\/wanderwege-auf-mallorca\/\" tabindex=\"-1\" >\n\t\t\t<div class=\"elementor-post__thumbnail\"><img decoding=\"async\" width=\"768\" height=\"340\" src=\"https:\/\/www.homevillas360.com\/wp-content\/uploads\/2026\/08\/ruta-senderismo-mallorca-768x340.webp\" class=\"attachment-medium_large size-medium_large wp-image-4938\" alt=\"\" srcset=\"https:\/\/www.homevillas360.com\/wp-content\/uploads\/2026\/08\/ruta-senderismo-mallorca-768x340.webp 768w, https:\/\/www.homevillas360.com\/wp-content\/uploads\/2026\/08\/ruta-senderismo-mallorca-300x133.webp 300w, https:\/\/www.homevillas360.com\/wp-content\/uploads\/2026\/08\/ruta-senderismo-mallorca-1024x453.webp 1024w, https:\/\/www.homevillas360.com\/wp-content\/uploads\/2026\/08\/ruta-senderismo-mallorca-1536x680.webp 1536w, https:\/\/www.homevillas360.com\/wp-content\/uploads\/2026\/08\/ruta-senderismo-mallorca.webp 1920w\" sizes=\"(max-width: 768px) 100vw, 768px\" \/><\/div>\n\t\t<\/a>\n\t\t\t\t<div class=\"elementor-post__text\">\n\t\t\t\t<h3 class=\"elementor-post__title\">\n\t\t\t<a href=\"https:\/\/www.homevillas360.com\/de\/blog\/wanderwege-auf-mallorca\/\" >\n\t\t\t\tWandern auf Mallorca: Ein Leitfaden, um die Insel zu Fu\u00df zu entdecken\t\t\t<\/a>\n\t\t<\/h3>\n\t\t\t\t<div class=\"elementor-post__meta-data\">\n\t\t\t\t\t<span class=\"elementor-post-date\">\n\t\t\t12. August 2026\t\t<\/span>\n\t\t\t\t<\/div>\n\t\t\t\t\t<div class=\"elementor-post__read-more-wrapper\">\n\t\t\n\t\t<a class=\"elementor-post__read-more\" href=\"https:\/\/www.homevillas360.com\/de\/blog\/wanderwege-auf-mallorca\/\" aria-label=\"Mehr \u00fcber Wandern auf Mallorca: Ein Leitfaden, um die Insel zu Fu\u00df zu entdecken\" tabindex=\"-1\" >\n\t\t\tRead more\t\t<\/a>\n\n\t\t\t\t\t<\/div>\n\t\t\t\t<\/div>\n\t\t\t\t<\/article>\n\t\t\t\t<article class=\"elementor-post elementor-grid-item post-4809 post type-post status-publish format-standard has-post-thumbnail hentry category-mallorca\" role=\"listitem\">\n\t\t\t\t<a class=\"elementor-post__thumbnail__link\" href=\"https:\/\/www.homevillas360.com\/de\/blog\/playa-muro-mallorca\/\" tabindex=\"-1\" >\n\t\t\t<div class=\"elementor-post__thumbnail\"><img loading=\"lazy\" decoding=\"async\" width=\"768\" height=\"256\" src=\"https:\/\/www.homevillas360.com\/wp-content\/uploads\/2026\/07\/Platja-del-mudo-en-Mallorca-768x256.jpg\" class=\"attachment-medium_large size-medium_large wp-image-4775\" alt=\"\" srcset=\"https:\/\/www.homevillas360.com\/wp-content\/uploads\/2026\/07\/Platja-del-mudo-en-Mallorca-768x256.jpg 768w, https:\/\/www.homevillas360.com\/wp-content\/uploads\/2026\/07\/Platja-del-mudo-en-Mallorca-300x100.jpg 300w, https:\/\/www.homevillas360.com\/wp-content\/uploads\/2026\/07\/Platja-del-mudo-en-Mallorca-1024x342.jpg 1024w, https:\/\/www.homevillas360.com\/wp-content\/uploads\/2026\/07\/Platja-del-mudo-en-Mallorca-1536x512.jpg 1536w, https:\/\/www.homevillas360.com\/wp-content\/uploads\/2026\/07\/Platja-del-mudo-en-Mallorca.jpg 2000w\" sizes=\"(max-width: 768px) 100vw, 768px\" \/><\/div>\n\t\t<\/a>\n\t\t\t\t<div class=\"elementor-post__text\">\n\t\t\t\t<h3 class=\"elementor-post__title\">\n\t\t\t<a href=\"https:\/\/www.homevillas360.com\/de\/blog\/playa-muro-mallorca\/\" >\n\t\t\t\tKommen Sie an die Playa de Muro, den l\u00e4ngsten Strand Mallorcas\t\t\t<\/a>\n\t\t<\/h3>\n\t\t\t\t<div class=\"elementor-post__meta-data\">\n\t\t\t\t\t<span class=\"elementor-post-date\">\n\t\t\t16. Juli 2026\t\t<\/span>\n\t\t\t\t<\/div>\n\t\t\t\t\t<div class=\"elementor-post__read-more-wrapper\">\n\t\t\n\t\t<a class=\"elementor-post__read-more\" href=\"https:\/\/www.homevillas360.com\/de\/blog\/playa-muro-mallorca\/\" aria-label=\"Mehr \u00fcber Kommen Sie an die Playa de Muro, den l\u00e4ngsten Strand Mallorcas\" tabindex=\"-1\" >\n\t\t\tRead more\t\t<\/a>\n\n\t\t\t\t\t<\/div>\n\t\t\t\t<\/div>\n\t\t\t\t<\/article>\n\t\t\t\t<\/div>\n\t\t\n\t\t\t\t\t\t<\/div>\n\t\t\t\t<\/div>\n\t\t\t\t<div class=\"elementor-element elementor-element-43d58512 elementor-align-center elementor-widget elementor-widget-button\" data-id=\"43d58512\" data-element_type=\"widget\" data-e-type=\"widget\" data-widget_type=\"button.default\">\n\t\t\t\t\t\t\t\t\t\t<a class=\"elementor-button elementor-button-link elementor-size-sm\" href=\"https:\/\/www.homevillas360.com\/de\/blog\/\">\n\t\t\t\t\t\t<span class=\"elementor-button-content-wrapper\">\n\t\t\t\t\t\t\t\t\t<span class=\"elementor-button-text\">Mallorca-Blog<\/span>\n\t\t\t\t\t<\/span>\n\t\t\t\t\t<\/a>\n\t\t\t\t\t\t\t\t<\/div>\n\t\t\t\t<\/div>\n\t\t\t\t\t<\/div>\n\t\t\t\t<\/div>\n\t\t<div class=\"elementor-element elementor-element-7611447c e-flex e-con-boxed e-con e-parent\" data-id=\"7611447c\" data-element_type=\"container\" data-e-type=\"container\" data-settings=\"{&quot;background_background&quot;:&quot;classic&quot;}\">\n\t\t\t\t\t<div class=\"e-con-inner\">\n\t\t<div class=\"elementor-element elementor-element-71d0c2 e-con-full e-flex e-con e-child\" data-id=\"71d0c2\" data-element_type=\"container\" data-e-type=\"container\">\n\t\t\t\t<div class=\"elementor-element elementor-element-45619ea9 elementor-widget elementor-widget-heading\" data-id=\"45619ea9\" data-element_type=\"widget\" data-e-type=\"widget\" data-widget_type=\"heading.default\">\n\t\t\t\t\t<h2 class=\"elementor-heading-title elementor-size-default\">H\u00e4ufig gestellte Fragen zu Villen in Son Serra de Marina<\/h2>\t\t\t\t<\/div>\n\t\t\t\t<div class=\"elementor-element elementor-element-78324c4a elementor-widget elementor-widget-n-accordion\" data-id=\"78324c4a\" data-element_type=\"widget\" data-e-type=\"widget\" data-settings=\"{&quot;default_state&quot;:&quot;expanded&quot;,&quot;max_items_expended&quot;:&quot;one&quot;,&quot;n_accordion_animation_duration&quot;:{&quot;unit&quot;:&quot;ms&quot;,&quot;size&quot;:400,&quot;sizes&quot;:[]}}\" data-widget_type=\"nested-accordion.default\">\n\t\t\t\t\t\t\t<div class=\"e-n-accordion\" aria-label=\"Accordion. Open links with Enter or Space, close with Escape, and navigate with Arrow Keys\">\n\t\t\t\t\t\t<details id=\"e-n-accordion-item-2010\" class=\"e-n-accordion-item\" open>\n\t\t\t\t<summary class=\"e-n-accordion-item-title\" data-accordion-index=\"1\" tabindex=\"0\" aria-expanded=\"true\" aria-controls=\"e-n-accordion-item-2010\" >\n\t\t\t\t\t<span class='e-n-accordion-item-title-header'><div class=\"e-n-accordion-item-title-text\"> Warum in einer Villa in Son Serra de Marina \u00fcbernachten? <\/div><\/span>\n\t\t\t\t\t\t\t<span class='e-n-accordion-item-title-icon'>\n\t\t\t<span class='e-opened' ><svg aria-hidden=\"true\" class=\"e-font-icon-svg e-fas-minus\" viewBox=\"0 0 448 512\" xmlns=\"http:\/\/www.w3.org\/2000\/svg\"><path d=\"M416 208H32c-17.67 0-32 14.33-32 32v32c0 17.67 14.33 32 32 32h384c17.67 0 32-14.33 32-32v-32c0-17.67-14.33-32-32-32z\"><\/path><\/svg><\/span>\n\t\t\t<span class='e-closed'><svg aria-hidden=\"true\" class=\"e-font-icon-svg e-fas-plus\" viewBox=\"0 0 448 512\" xmlns=\"http:\/\/www.w3.org\/2000\/svg\"><path d=\"M416 208H272V64c0-17.67-14.33-32-32-32h-32c-17.67 0-32 14.33-32 32v144H32c-17.67 0-32 14.33-32 32v32c0 17.67 14.33 32 32 32h144v144c0 17.67 14.33 32 32 32h32c17.67 0 32-14.33 32-32V304h144c17.67 0 32-14.33 32-32v-32c0-17.67-14.33-32-32-32z\"><\/path><\/svg><\/span>\n\t\t<\/span>\n\n\t\t\t\t\t\t<\/summary>\n\t\t\t\t<div role=\"region\" aria-labelledby=\"e-n-accordion-item-2010\" class=\"elementor-element elementor-element-16781ce3 e-con-full e-flex e-con e-child\" data-id=\"16781ce3\" data-element_type=\"container\" data-e-type=\"container\">\n\t\t\t\t<div class=\"elementor-element elementor-element-4e43f783 elementor-widget elementor-widget-text-editor\" data-id=\"4e43f783\" data-element_type=\"widget\" data-e-type=\"widget\" data-widget_type=\"text-editor.default\">\n\t\t\t\t\t\t\t\t\t<p>Es ist die ideale Wahl f\u00fcr diejenigen, die Privatsph\u00e4re, Ruhe und N\u00e4he zum Meer suchen. Eine Villa erm\u00f6glicht es, den Aufenthalt mit mehr Unabh\u00e4ngigkeit und Platz zu genie\u00dfen.<\/p>\t\t\t\t\t\t\t\t<\/div>\n\t\t\t\t<\/div>\n\t\t\t\t\t<\/details>\n\t\t\t\t\t\t<details id=\"e-n-accordion-item-2011\" class=\"e-n-accordion-item\" >\n\t\t\t\t<summary class=\"e-n-accordion-item-title\" data-accordion-index=\"2\" tabindex=\"-1\" aria-expanded=\"false\" aria-controls=\"e-n-accordion-item-2011\" >\n\t\t\t\t\t<span class='e-n-accordion-item-title-header'><div class=\"e-n-accordion-item-title-text\"> Ist Son Serra de Marina eine ruhige Gegend? <\/div><\/span>\n\t\t\t\t\t\t\t<span class='e-n-accordion-item-title-icon'>\n\t\t\t<span class='e-opened' ><svg aria-hidden=\"true\" class=\"e-font-icon-svg e-fas-minus\" viewBox=\"0 0 448 512\" xmlns=\"http:\/\/www.w3.org\/2000\/svg\"><path d=\"M416 208H32c-17.67 0-32 14.33-32 32v32c0 17.67 14.33 32 32 32h384c17.67 0 32-14.33 32-32v-32c0-17.67-14.33-32-32-32z\"><\/path><\/svg><\/span>\n\t\t\t<span class='e-closed'><svg aria-hidden=\"true\" class=\"e-font-icon-svg e-fas-plus\" viewBox=\"0 0 448 512\" xmlns=\"http:\/\/www.w3.org\/2000\/svg\"><path d=\"M416 208H272V64c0-17.67-14.33-32-32-32h-32c-17.67 0-32 14.33-32 32v144H32c-17.67 0-32 14.33-32 32v32c0 17.67 14.33 32 32 32h144v144c0 17.67 14.33 32 32 32h32c17.67 0 32-14.33 32-32V304h144c17.67 0 32-14.33 32-32v-32c0-17.67-14.33-32-32-32z\"><\/path><\/svg><\/span>\n\t\t<\/span>\n\n\t\t\t\t\t\t<\/summary>\n\t\t\t\t<div role=\"region\" aria-labelledby=\"e-n-accordion-item-2011\" class=\"elementor-element elementor-element-6d6dc10c e-con-full e-flex e-con e-child\" data-id=\"6d6dc10c\" data-element_type=\"container\" data-e-type=\"container\">\n\t\t\t\t<div class=\"elementor-element elementor-element-61e03b6a elementor-widget elementor-widget-text-editor\" data-id=\"61e03b6a\" data-element_type=\"widget\" data-e-type=\"widget\" data-widget_type=\"text-editor.default\">\n\t\t\t\t\t\t\t\t\t<p>Ja. Es ist ein entspannterer K\u00fcstenort als andere touristische Reiseziele Mallorcas und besonders attraktiv f\u00fcr diejenigen, die eine ruhige Atmosph\u00e4re bevorzugen.<\/p>\t\t\t\t\t\t\t\t<\/div>\n\t\t\t\t<\/div>\n\t\t\t\t\t<\/details>\n\t\t\t\t\t\t<details id=\"e-n-accordion-item-2012\" class=\"e-n-accordion-item\" >\n\t\t\t\t<summary class=\"e-n-accordion-item-title\" data-accordion-index=\"3\" tabindex=\"-1\" aria-expanded=\"false\" aria-controls=\"e-n-accordion-item-2012\" >\n\t\t\t\t\t<span class='e-n-accordion-item-title-header'><div class=\"e-n-accordion-item-title-text\"> Gibt es einen Strand in Son Serra de Marina? <\/div><\/span>\n\t\t\t\t\t\t\t<span class='e-n-accordion-item-title-icon'>\n\t\t\t<span class='e-opened' ><svg aria-hidden=\"true\" class=\"e-font-icon-svg e-fas-minus\" viewBox=\"0 0 448 512\" xmlns=\"http:\/\/www.w3.org\/2000\/svg\"><path d=\"M416 208H32c-17.67 0-32 14.33-32 32v32c0 17.67 14.33 32 32 32h384c17.67 0 32-14.33 32-32v-32c0-17.67-14.33-32-32-32z\"><\/path><\/svg><\/span>\n\t\t\t<span class='e-closed'><svg aria-hidden=\"true\" class=\"e-font-icon-svg e-fas-plus\" viewBox=\"0 0 448 512\" xmlns=\"http:\/\/www.w3.org\/2000\/svg\"><path d=\"M416 208H272V64c0-17.67-14.33-32-32-32h-32c-17.67 0-32 14.33-32 32v144H32c-17.67 0-32 14.33-32 32v32c0 17.67 14.33 32 32 32h144v144c0 17.67 14.33 32 32 32h32c17.67 0 32-14.33 32-32V304h144c17.67 0 32-14.33 32-32v-32c0-17.67-14.33-32-32-32z\"><\/path><\/svg><\/span>\n\t\t<\/span>\n\n\t\t\t\t\t\t<\/summary>\n\t\t\t\t<div role=\"region\" aria-labelledby=\"e-n-accordion-item-2012\" class=\"elementor-element elementor-element-200e332b e-con-full e-flex e-con e-child\" data-id=\"200e332b\" data-element_type=\"container\" data-e-type=\"container\">\n\t\t\t\t<div class=\"elementor-element elementor-element-24a35213 elementor-widget elementor-widget-text-editor\" data-id=\"24a35213\" data-element_type=\"widget\" data-e-type=\"widget\" data-widget_type=\"text-editor.default\">\n\t\t\t\t\t\t\t\t\t<p>Ja. Der Ort verf\u00fcgt \u00fcber einen weitl\u00e4ufigen Strand und eine nat\u00fcrliche K\u00fcstenumgebung, die sich sehr gut f\u00fcr diejenigen eignet, die Zeit am Mittelmeer verbringen m\u00f6chten.<\/p>\t\t\t\t\t\t\t\t<\/div>\n\t\t\t\t<\/div>\n\t\t\t\t\t<\/details>\n\t\t\t\t\t\t<details id=\"e-n-accordion-item-2013\" class=\"e-n-accordion-item\" >\n\t\t\t\t<summary class=\"e-n-accordion-item-title\" data-accordion-index=\"4\" tabindex=\"-1\" aria-expanded=\"false\" aria-controls=\"e-n-accordion-item-2013\" >\n\t\t\t\t\t<span class='e-n-accordion-item-title-header'><div class=\"e-n-accordion-item-title-text\"> Ist Son Serra de Marina f\u00fcr Familien geeignet? <\/div><\/span>\n\t\t\t\t\t\t\t<span class='e-n-accordion-item-title-icon'>\n\t\t\t<span class='e-opened' ><svg aria-hidden=\"true\" class=\"e-font-icon-svg e-fas-minus\" viewBox=\"0 0 448 512\" xmlns=\"http:\/\/www.w3.org\/2000\/svg\"><path d=\"M416 208H32c-17.67 0-32 14.33-32 32v32c0 17.67 14.33 32 32 32h384c17.67 0 32-14.33 32-32v-32c0-17.67-14.33-32-32-32z\"><\/path><\/svg><\/span>\n\t\t\t<span class='e-closed'><svg aria-hidden=\"true\" class=\"e-font-icon-svg e-fas-plus\" viewBox=\"0 0 448 512\" xmlns=\"http:\/\/www.w3.org\/2000\/svg\"><path d=\"M416 208H272V64c0-17.67-14.33-32-32-32h-32c-17.67 0-32 14.33-32 32v144H32c-17.67 0-32 14.33-32 32v32c0 17.67 14.33 32 32 32h144v144c0 17.67 14.33 32 32 32h32c17.67 0 32-14.33 32-32V304h144c17.67 0 32-14.33 32-32v-32c0-17.67-14.33-32-32-32z\"><\/path><\/svg><\/span>\n\t\t<\/span>\n\n\t\t\t\t\t\t<\/summary>\n\t\t\t\t<div role=\"region\" aria-labelledby=\"e-n-accordion-item-2013\" class=\"elementor-element elementor-element-726afcc7 e-con-full e-flex e-con e-child\" data-id=\"726afcc7\" data-element_type=\"container\" data-e-type=\"container\" data-settings=\"{&quot;background_background&quot;:&quot;classic&quot;}\">\n\t\t\t\t<div class=\"elementor-element elementor-element-1b16d40a elementor-widget elementor-widget-text-editor\" data-id=\"1b16d40a\" data-element_type=\"widget\" data-e-type=\"widget\" data-widget_type=\"text-editor.default\">\n\t\t\t\t\t\t\t\t\t<p>Ja. Die ruhige Atmosph\u00e4re und die M\u00f6glichkeit, in einer Villa mit mehr Platz zu \u00fcbernachten, machen ihn zu einer komfortablen Option f\u00fcr Familienurlaube.<\/p>\t\t\t\t\t\t\t\t<\/div>\n\t\t\t\t<\/div>\n\t\t\t\t\t<\/details>\n\t\t\t\t\t\t<details id=\"e-n-accordion-item-2014\" class=\"e-n-accordion-item\" >\n\t\t\t\t<summary class=\"e-n-accordion-item-title\" data-accordion-index=\"5\" tabindex=\"-1\" aria-expanded=\"false\" aria-controls=\"e-n-accordion-item-2014\" >\n\t\t\t\t\t<span class='e-n-accordion-item-title-header'><div class=\"e-n-accordion-item-title-text\"> Ben\u00f6tige ich ein Auto w\u00e4hrend meines Aufenthalts? <\/div><\/span>\n\t\t\t\t\t\t\t<span class='e-n-accordion-item-title-icon'>\n\t\t\t<span class='e-opened' ><svg aria-hidden=\"true\" class=\"e-font-icon-svg e-fas-minus\" viewBox=\"0 0 448 512\" xmlns=\"http:\/\/www.w3.org\/2000\/svg\"><path d=\"M416 208H32c-17.67 0-32 14.33-32 32v32c0 17.67 14.33 32 32 32h384c17.67 0 32-14.33 32-32v-32c0-17.67-14.33-32-32-32z\"><\/path><\/svg><\/span>\n\t\t\t<span class='e-closed'><svg aria-hidden=\"true\" class=\"e-font-icon-svg e-fas-plus\" viewBox=\"0 0 448 512\" xmlns=\"http:\/\/www.w3.org\/2000\/svg\"><path d=\"M416 208H272V64c0-17.67-14.33-32-32-32h-32c-17.67 0-32 14.33-32 32v144H32c-17.67 0-32 14.33-32 32v32c0 17.67 14.33 32 32 32h144v144c0 17.67 14.33 32 32 32h32c17.67 0 32-14.33 32-32V304h144c17.67 0 32-14.33 32-32v-32c0-17.67-14.33-32-32-32z\"><\/path><\/svg><\/span>\n\t\t<\/span>\n\n\t\t\t\t\t\t<\/summary>\n\t\t\t\t<div role=\"region\" aria-labelledby=\"e-n-accordion-item-2014\" class=\"elementor-element elementor-element-25fd444c e-con-full e-flex e-con e-child\" data-id=\"25fd444c\" data-element_type=\"container\" data-e-type=\"container\">\n\t\t\t\t<div class=\"elementor-element elementor-element-1818a5d4 elementor-widget elementor-widget-text-editor\" data-id=\"1818a5d4\" data-element_type=\"widget\" data-e-type=\"widget\" data-widget_type=\"text-editor.default\">\n\t\t\t\t\t\t\t\t\t<p class=\"isSelectedEnd ProseMirror-selectednode\" draggable=\"true\">Es ist empfehlenswert, ein Auto zur Verf\u00fcgung zu haben, wenn Sie andere Gegenden im Norden Mallorcas erkunden, verschiedene Str\u00e4nde besuchen oder sich mit gr\u00f6\u00dferer Freiheit fortbewegen m\u00f6chten.<\/p>\t\t\t\t\t\t\t\t<\/div>\n\t\t\t\t<\/div>\n\t\t\t\t\t<\/details>\n\t\t\t\t\t\t<details id=\"e-n-accordion-item-2015\" class=\"e-n-accordion-item\" >\n\t\t\t\t<summary class=\"e-n-accordion-item-title\" data-accordion-index=\"6\" tabindex=\"-1\" aria-expanded=\"false\" aria-controls=\"e-n-accordion-item-2015\" >\n\t\t\t\t\t<span class='e-n-accordion-item-title-header'><div class=\"e-n-accordion-item-title-text\"> Was kann man in der N\u00e4he von Son Serra de Marina unternehmen? <\/div><\/span>\n\t\t\t\t\t\t\t<span class='e-n-accordion-item-title-icon'>\n\t\t\t<span class='e-opened' ><svg aria-hidden=\"true\" class=\"e-font-icon-svg e-fas-minus\" viewBox=\"0 0 448 512\" xmlns=\"http:\/\/www.w3.org\/2000\/svg\"><path d=\"M416 208H32c-17.67 0-32 14.33-32 32v32c0 17.67 14.33 32 32 32h384c17.67 0 32-14.33 32-32v-32c0-17.67-14.33-32-32-32z\"><\/path><\/svg><\/span>\n\t\t\t<span class='e-closed'><svg aria-hidden=\"true\" class=\"e-font-icon-svg e-fas-plus\" viewBox=\"0 0 448 512\" xmlns=\"http:\/\/www.w3.org\/2000\/svg\"><path d=\"M416 208H272V64c0-17.67-14.33-32-32-32h-32c-17.67 0-32 14.33-32 32v144H32c-17.67 0-32 14.33-32 32v32c0 17.67 14.33 32 32 32h144v144c0 17.67 14.33 32 32 32h32c17.67 0 32-14.33 32-32V304h144c17.67 0 32-14.33 32-32v-32c0-17.67-14.33-32-32-32z\"><\/path><\/svg><\/span>\n\t\t<\/span>\n\n\t\t\t\t\t\t<\/summary>\n\t\t\t\t<div role=\"region\" aria-labelledby=\"e-n-accordion-item-2015\" class=\"elementor-element elementor-element-34fc3e46 e-con-full e-flex e-con e-child\" data-id=\"34fc3e46\" data-element_type=\"container\" data-e-type=\"container\">\n\t\t\t\t<div class=\"elementor-element elementor-element-55845a35 elementor-widget elementor-widget-text-editor\" data-id=\"55845a35\" data-element_type=\"widget\" data-e-type=\"widget\" data-widget_type=\"text-editor.default\">\n\t\t\t\t\t\t\t\t\t<p>Neben dem Strandgenuss k\u00f6nnen Sie Routen durch die Natur unternehmen, andere D\u00f6rfer im Norden Mallorcas besuchen oder den Tag in verschiedenen K\u00fcstengebieten verbringen.<\/p>\t\t\t\t\t\t\t\t<\/div>\n\t\t\t\t<\/div>\n\t\t\t\t\t<\/details>\n\t\t\t\t\t\t<details id=\"e-n-accordion-item-2016\" class=\"e-n-accordion-item\" >\n\t\t\t\t<summary class=\"e-n-accordion-item-title\" data-accordion-index=\"7\" tabindex=\"-1\" aria-expanded=\"false\" aria-controls=\"e-n-accordion-item-2016\" >\n\t\t\t\t\t<span class='e-n-accordion-item-title-header'><div class=\"e-n-accordion-item-title-text\"> Wann ist die beste Reisezeit f\u00fcr Son Serra de Marina? <\/div><\/span>\n\t\t\t\t\t\t\t<span class='e-n-accordion-item-title-icon'>\n\t\t\t<span class='e-opened' ><svg aria-hidden=\"true\" class=\"e-font-icon-svg e-fas-minus\" viewBox=\"0 0 448 512\" xmlns=\"http:\/\/www.w3.org\/2000\/svg\"><path d=\"M416 208H32c-17.67 0-32 14.33-32 32v32c0 17.67 14.33 32 32 32h384c17.67 0 32-14.33 32-32v-32c0-17.67-14.33-32-32-32z\"><\/path><\/svg><\/span>\n\t\t\t<span class='e-closed'><svg aria-hidden=\"true\" class=\"e-font-icon-svg e-fas-plus\" viewBox=\"0 0 448 512\" xmlns=\"http:\/\/www.w3.org\/2000\/svg\"><path d=\"M416 208H272V64c0-17.67-14.33-32-32-32h-32c-17.67 0-32 14.33-32 32v144H32c-17.67 0-32 14.33-32 32v32c0 17.67 14.33 32 32 32h144v144c0 17.67 14.33 32 32 32h32c17.67 0 32-14.33 32-32V304h144c17.67 0 32-14.33 32-32v-32c0-17.67-14.33-32-32-32z\"><\/path><\/svg><\/span>\n\t\t<\/span>\n\n\t\t\t\t\t\t<\/summary>\n\t\t\t\t<div role=\"region\" aria-labelledby=\"e-n-accordion-item-2016\" class=\"elementor-element elementor-element-7a96bdf4 e-con-full e-flex e-con e-child\" data-id=\"7a96bdf4\" data-element_type=\"container\" data-e-type=\"container\">\n\t\t\t\t<div class=\"elementor-element elementor-element-2d59b33d elementor-widget elementor-widget-text-editor\" data-id=\"2d59b33d\" data-element_type=\"widget\" data-e-type=\"widget\" data-widget_type=\"text-editor.default\">\n\t\t\t\t\t\t\t\t\t<p>Die Monate Mai bis Oktober sind am besten geeignet, um das Meer und Aktivit\u00e4ten im Freien zu genie\u00dfen. Juli und August haben mehr Betrieb, w\u00e4hrend Juni und September in der Regel ruhiger sind.<\/p>\t\t\t\t\t\t\t\t<\/div>\n\t\t\t\t<\/div>\n\t\t\t\t\t<\/details>\n\t\t\t\t\t\t<details id=\"e-n-accordion-item-2017\" class=\"e-n-accordion-item\" >\n\t\t\t\t<summary class=\"e-n-accordion-item-title\" data-accordion-index=\"8\" tabindex=\"-1\" aria-expanded=\"false\" aria-controls=\"e-n-accordion-item-2017\" >\n\t\t\t\t\t<span class='e-n-accordion-item-title-header'><div class=\"e-n-accordion-item-title-text\"> Ist Son Serra de Marina ein guter Ausgangspunkt, um den Norden Mallorcas kennenzulernen? <\/div><\/span>\n\t\t\t\t\t\t\t<span class='e-n-accordion-item-title-icon'>\n\t\t\t<span class='e-opened' ><svg aria-hidden=\"true\" class=\"e-font-icon-svg e-fas-minus\" viewBox=\"0 0 448 512\" xmlns=\"http:\/\/www.w3.org\/2000\/svg\"><path d=\"M416 208H32c-17.67 0-32 14.33-32 32v32c0 17.67 14.33 32 32 32h384c17.67 0 32-14.33 32-32v-32c0-17.67-14.33-32-32-32z\"><\/path><\/svg><\/span>\n\t\t\t<span class='e-closed'><svg aria-hidden=\"true\" class=\"e-font-icon-svg e-fas-plus\" viewBox=\"0 0 448 512\" xmlns=\"http:\/\/www.w3.org\/2000\/svg\"><path d=\"M416 208H272V64c0-17.67-14.33-32-32-32h-32c-17.67 0-32 14.33-32 32v144H32c-17.67 0-32 14.33-32 32v32c0 17.67 14.33 32 32 32h144v144c0 17.67 14.33 32 32 32h32c17.67 0 32-14.33 32-32V304h144c17.67 0 32-14.33 32-32v-32c0-17.67-14.33-32-32-32z\"><\/path><\/svg><\/span>\n\t\t<\/span>\n\n\t\t\t\t\t\t<\/summary>\n\t\t\t\t<div role=\"region\" aria-labelledby=\"e-n-accordion-item-2017\" class=\"elementor-element elementor-element-e0d7578 e-con-full e-flex e-con e-child\" data-id=\"e0d7578\" data-element_type=\"container\" data-e-type=\"container\">\n\t\t\t\t<div class=\"elementor-element elementor-element-51d1255e elementor-widget elementor-widget-text-editor\" data-id=\"51d1255e\" data-element_type=\"widget\" data-e-type=\"widget\" data-widget_type=\"text-editor.default\">\n\t\t\t\t\t\t\t\t\t<p>Ja. Die Lage erm\u00f6glicht es, ruhige Tage am Meer mit Ausfl\u00fcgen zu anderen Reisezielen im Norden der Insel zu kombinieren.<\/p>\t\t\t\t\t\t\t\t<\/div>\n\t\t\t\t<\/div>\n\t\t\t\t\t<\/details>\n\t\t\t\t\t<\/div>\n\t\t\t\t\t<script type=\"application\/ld+json\">{\"@context\":\"https:\\\/\\\/schema.org\",\"@type\":\"FAQPage\",\"mainEntity\":[{\"@type\":\"Question\",\"name\":\"Warum in einer Villa in Son Serra de Marina \\u00fcbernachten?\",\"acceptedAnswer\":{\"@type\":\"Answer\",\"text\":\"Es ist die ideale Wahl f\\u00fcr diejenigen, die Privatsph\\u00e4re, Ruhe und N\\u00e4he zum Meer suchen. Eine Villa erm\\u00f6glicht es, den Aufenthalt mit mehr Unabh\\u00e4ngigkeit und Platz zu genie\\u00dfen.\"}},{\"@type\":\"Question\",\"name\":\"Ist Son Serra de Marina eine ruhige Gegend?\",\"acceptedAnswer\":{\"@type\":\"Answer\",\"text\":\"Ja. Es ist ein entspannterer K\\u00fcstenort als andere touristische Reiseziele Mallorcas und besonders attraktiv f\\u00fcr diejenigen, die eine ruhige Atmosph\\u00e4re bevorzugen.\"}},{\"@type\":\"Question\",\"name\":\"Gibt es einen Strand in Son Serra de Marina?\",\"acceptedAnswer\":{\"@type\":\"Answer\",\"text\":\"Ja. Der Ort verf\\u00fcgt \\u00fcber einen weitl\\u00e4ufigen Strand und eine nat\\u00fcrliche K\\u00fcstenumgebung, die sich sehr gut f\\u00fcr diejenigen eignet, die Zeit am Mittelmeer verbringen m\\u00f6chten.\"}},{\"@type\":\"Question\",\"name\":\"Ist Son Serra de Marina f\\u00fcr Familien geeignet?\",\"acceptedAnswer\":{\"@type\":\"Answer\",\"text\":\"Ja. Die ruhige Atmosph\\u00e4re und die M\\u00f6glichkeit, in einer Villa mit mehr Platz zu \\u00fcbernachten, machen ihn zu einer komfortablen Option f\\u00fcr Familienurlaube.\"}},{\"@type\":\"Question\",\"name\":\"Ben\\u00f6tige ich ein Auto w\\u00e4hrend meines Aufenthalts?\",\"acceptedAnswer\":{\"@type\":\"Answer\",\"text\":\"Es ist empfehlenswert, ein Auto zur Verf\\u00fcgung zu haben, wenn Sie andere Gegenden im Norden Mallorcas erkunden, verschiedene Str\\u00e4nde besuchen oder sich mit gr\\u00f6\\u00dferer Freiheit fortbewegen m\\u00f6chten.\"}},{\"@type\":\"Question\",\"name\":\"Was kann man in der N\\u00e4he von Son Serra de Marina unternehmen?\",\"acceptedAnswer\":{\"@type\":\"Answer\",\"text\":\"Neben dem Strandgenuss k\\u00f6nnen Sie Routen durch die Natur unternehmen, andere D\\u00f6rfer im Norden Mallorcas besuchen oder den Tag in verschiedenen K\\u00fcstengebieten verbringen.\"}},{\"@type\":\"Question\",\"name\":\"Wann ist die beste Reisezeit f\\u00fcr Son Serra de Marina?\",\"acceptedAnswer\":{\"@type\":\"Answer\",\"text\":\"Die Monate Mai bis Oktober sind am besten geeignet, um das Meer und Aktivit\\u00e4ten im Freien zu genie\\u00dfen. Juli und August haben mehr Betrieb, w\\u00e4hrend Juni und September in der Regel ruhiger sind.\"}},{\"@type\":\"Question\",\"name\":\"Ist Son Serra de Marina ein guter Ausgangspunkt, um den Norden Mallorcas kennenzulernen?\",\"acceptedAnswer\":{\"@type\":\"Answer\",\"text\":\"Ja. Die Lage erm\\u00f6glicht es, ruhige Tage am Meer mit Ausfl\\u00fcgen zu anderen Reisezielen im Norden der Insel zu kombinieren.\"}}]}<\/script>\n\t\t\t\t\t\t\t<\/div>\n\t\t\t\t<\/div>\n\t\t\t\t\t<\/div>\n\t\t\t\t<\/div>\n\t\t<div class=\"elementor-element elementor-element-54c0d5c e-flex e-con-boxed e-con e-parent\" data-id=\"54c0d5c\" data-element_type=\"container\" data-e-type=\"container\">\n\t\t\t\t\t<div class=\"e-con-inner\">\n\t\t<div class=\"elementor-element elementor-element-69a314d e-con-full e-flex e-con e-child\" data-id=\"69a314d\" data-element_type=\"container\" data-e-type=\"container\">\n\t\t<div class=\"elementor-element elementor-element-0706d4f e-con-full e-flex e-con e-child\" data-id=\"0706d4f\" data-element_type=\"container\" data-e-type=\"container\">\n\t\t\t\t<div class=\"elementor-element elementor-element-45d1acc elementor-widget elementor-widget-heading\" data-id=\"45d1acc\" data-element_type=\"widget\" data-e-type=\"widget\" data-widget_type=\"heading.default\">\n\t\t\t\t\t<h2 class=\"elementor-heading-title elementor-size-default\">Was unsere Kunden sagen<\/h2>\t\t\t\t<\/div>\n\t\t\t\t<div class=\"elementor-element elementor-element-b670938 elementor-pagination-type-bullets elementor-arrows-position-inside elementor-pagination-position-outside elementor-widget elementor-widget-n-carousel\" data-id=\"b670938\" data-element_type=\"widget\" data-e-type=\"widget\" data-settings=\"{&quot;carousel_items&quot;:[{&quot;slide_title&quot;:&quot;Diapositiva n\\u00ba 1&quot;,&quot;_id&quot;:&quot;da05c2e&quot;},{&quot;slide_title&quot;:&quot;Diapositiva n\\u00ba 2&quot;,&quot;_id&quot;:&quot;1032da4&quot;},{&quot;slide_title&quot;:&quot;Diapositiva n\\u00ba 3&quot;,&quot;_id&quot;:&quot;19fcd13&quot;},{&quot;slide_title&quot;:&quot;Diapositiva n\\u00ba 4&quot;,&quot;_id&quot;:&quot;68ec657&quot;}],&quot;slides_to_show&quot;:&quot;3&quot;,&quot;slides_to_scroll&quot;:&quot;5&quot;,&quot;slides_to_show_tablet&quot;:&quot;2&quot;,&quot;slides_to_show_mobile&quot;:&quot;1&quot;,&quot;autoplay&quot;:&quot;yes&quot;,&quot;autoplay_speed&quot;:5000,&quot;pause_on_hover&quot;:&quot;yes&quot;,&quot;pause_on_interaction&quot;:&quot;yes&quot;,&quot;infinite&quot;:&quot;yes&quot;,&quot;speed&quot;:500,&quot;offset_sides&quot;:&quot;none&quot;,&quot;arrows&quot;:&quot;yes&quot;,&quot;pagination&quot;:&quot;bullets&quot;,&quot;image_spacing_custom&quot;:{&quot;unit&quot;:&quot;px&quot;,&quot;size&quot;:10,&quot;sizes&quot;:[]},&quot;image_spacing_custom_tablet&quot;:{&quot;unit&quot;:&quot;px&quot;,&quot;size&quot;:&quot;&quot;,&quot;sizes&quot;:[]},&quot;image_spacing_custom_mobile&quot;:{&quot;unit&quot;:&quot;px&quot;,&quot;size&quot;:&quot;&quot;,&quot;sizes&quot;:[]}}\" data-widget_type=\"nested-carousel.default\">\n\t\t\t\t\t\t\t<div class=\"e-n-carousel swiper\" role=\"region\" aria-roledescription=\"carousel\" aria-label=\"Carrusel\" dir=\"ltr\">\n\t\t\t<div class=\"swiper-wrapper\" aria-live=\"off\">\n\t\t\t\t\t\t\t\t\t\t<div class=\"swiper-slide\" data-slide=\"1\" role=\"group\" aria-roledescription=\"slide\" aria-label=\"1 von 4\">\n\t\t\t\t\t\t\t<div class=\"elementor-element elementor-element-8bac694 e-flex e-con-boxed e-con e-child\" data-id=\"8bac694\" data-element_type=\"container\" data-e-type=\"container\">\n\t\t\t\t\t<div class=\"e-con-inner\">\n\t\t<div class=\"elementor-element elementor-element-8e39e3b e-con-full e-flex e-con e-child\" data-id=\"8e39e3b\" data-element_type=\"container\" data-e-type=\"container\" data-settings=\"{&quot;background_background&quot;:&quot;classic&quot;}\">\n\t\t\t\t<div class=\"elementor-element elementor-element-94f81e9 elementor-view-default elementor-widget elementor-widget-icon\" data-id=\"94f81e9\" data-element_type=\"widget\" data-e-type=\"widget\" data-widget_type=\"icon.default\">\n\t\t\t\t\t\t\t<div class=\"elementor-icon-wrapper\">\n\t\t\t<div class=\"elementor-icon\">\n\t\t\t<svg aria-hidden=\"true\" class=\"e-font-icon-svg e-fas-quote-left\" viewBox=\"0 0 512 512\" xmlns=\"http:\/\/www.w3.org\/2000\/svg\"><path d=\"M464 256h-80v-64c0-35.3 28.7-64 64-64h8c13.3 0 24-10.7 24-24V56c0-13.3-10.7-24-24-24h-8c-88.4 0-160 71.6-160 160v240c0 26.5 21.5 48 48 48h128c26.5 0 48-21.5 48-48V304c0-26.5-21.5-48-48-48zm-288 0H96v-64c0-35.3 28.7-64 64-64h8c13.3 0 24-10.7 24-24V56c0-13.3-10.7-24-24-24h-8C71.6 32 0 103.6 0 192v240c0 26.5 21.5 48 48 48h128c26.5 0 48-21.5 48-48V304c0-26.5-21.5-48-48-48z\"><\/path><\/svg>\t\t\t<\/div>\n\t\t<\/div>\n\t\t\t\t\t\t<\/div>\n\t\t\t\t<div class=\"elementor-element elementor-element-e821ab5 elementor-widget elementor-widget-text-editor\" data-id=\"e821ab5\" data-element_type=\"widget\" data-e-type=\"widget\" data-widget_type=\"text-editor.default\">\n\t\t\t\t\t\t\t\t\t<p>Brillanter Aufenthalt im Stewart Lodge Resort, ich w\u00fcrde es w\u00e4rmstens empfehlen. Wundersch\u00f6ne Aussicht auf das Meer und makellose G\u00e4rten. Die Einrichtungen waren auf dem neuesten Stand: Die Sauna und das Dampfbad waren eine gro\u00dfartige M\u00f6glichkeit, den Morgen zu beginnen. Leider war das Restaurant w\u00e4hrend unseres Aufenthalts geschlossen. <\/p>\t\t\t\t\t\t\t\t<\/div>\n\t\t\t\t<div class=\"elementor-element elementor-element-a5aae23 elementor-widget elementor-widget-rating\" data-id=\"a5aae23\" data-element_type=\"widget\" data-e-type=\"widget\" data-widget_type=\"rating.default\">\n\t\t\t\t\t\t\t<div class=\"e-rating\" itemtype=\"https:\/\/schema.org\/Rating\" itemscope=\"\" itemprop=\"reviewRating\">\n\t\t\t<meta itemprop=\"worstRating\" content=\"0\">\n\t\t\t<meta itemprop=\"bestRating\" content=\"5\">\n\t\t\t<div class=\"e-rating-wrapper\" itemprop=\"ratingValue\" content=\"5\" role=\"img\" aria-label=\"Bewertet mit 5 von 5\">\n\t\t\t\t\t\t\t<div class=\"e-icon\">\n\t\t\t\t<div class=\"e-icon-wrapper e-icon-marked\">\n\t\t\t\t\t<svg aria-hidden=\"true\" class=\"e-font-icon-svg e-eicon-star\" viewBox=\"0 0 1000 1000\" xmlns=\"http:\/\/www.w3.org\/2000\/svg\"><path d=\"M450 75L338 312 88 350C46 354 25 417 58 450L238 633 196 896C188 942 238 975 275 954L500 837 725 954C767 975 813 942 804 896L763 633 942 450C975 417 954 358 913 350L663 312 550 75C529 33 471 33 450 75Z\"><\/path><\/svg>\t\t\t\t<\/div>\n\t\t\t\t<div class=\"e-icon-wrapper e-icon-unmarked\">\n\t\t\t\t\t<svg aria-hidden=\"true\" class=\"e-font-icon-svg e-eicon-star\" viewBox=\"0 0 1000 1000\" xmlns=\"http:\/\/www.w3.org\/2000\/svg\"><path d=\"M450 75L338 312 88 350C46 354 25 417 58 450L238 633 196 896C188 942 238 975 275 954L500 837 725 954C767 975 813 942 804 896L763 633 942 450C975 417 954 358 913 350L663 312 550 75C529 33 471 33 450 75Z\"><\/path><\/svg>\t\t\t\t<\/div>\n\t\t\t<\/div>\n\t\t\t\t\t\t<div class=\"e-icon\">\n\t\t\t\t<div class=\"e-icon-wrapper e-icon-marked\">\n\t\t\t\t\t<svg aria-hidden=\"true\" class=\"e-font-icon-svg e-eicon-star\" viewBox=\"0 0 1000 1000\" xmlns=\"http:\/\/www.w3.org\/2000\/svg\"><path d=\"M450 75L338 312 88 350C46 354 25 417 58 450L238 633 196 896C188 942 238 975 275 954L500 837 725 954C767 975 813 942 804 896L763 633 942 450C975 417 954 358 913 350L663 312 550 75C529 33 471 33 450 75Z\"><\/path><\/svg>\t\t\t\t<\/div>\n\t\t\t\t<div class=\"e-icon-wrapper e-icon-unmarked\">\n\t\t\t\t\t<svg aria-hidden=\"true\" class=\"e-font-icon-svg e-eicon-star\" viewBox=\"0 0 1000 1000\" xmlns=\"http:\/\/www.w3.org\/2000\/svg\"><path d=\"M450 75L338 312 88 350C46 354 25 417 58 450L238 633 196 896C188 942 238 975 275 954L500 837 725 954C767 975 813 942 804 896L763 633 942 450C975 417 954 358 913 350L663 312 550 75C529 33 471 33 450 75Z\"><\/path><\/svg>\t\t\t\t<\/div>\n\t\t\t<\/div>\n\t\t\t\t\t\t<div class=\"e-icon\">\n\t\t\t\t<div class=\"e-icon-wrapper e-icon-marked\">\n\t\t\t\t\t<svg aria-hidden=\"true\" class=\"e-font-icon-svg e-eicon-star\" viewBox=\"0 0 1000 1000\" xmlns=\"http:\/\/www.w3.org\/2000\/svg\"><path d=\"M450 75L338 312 88 350C46 354 25 417 58 450L238 633 196 896C188 942 238 975 275 954L500 837 725 954C767 975 813 942 804 896L763 633 942 450C975 417 954 358 913 350L663 312 550 75C529 33 471 33 450 75Z\"><\/path><\/svg>\t\t\t\t<\/div>\n\t\t\t\t<div class=\"e-icon-wrapper e-icon-unmarked\">\n\t\t\t\t\t<svg aria-hidden=\"true\" class=\"e-font-icon-svg e-eicon-star\" viewBox=\"0 0 1000 1000\" xmlns=\"http:\/\/www.w3.org\/2000\/svg\"><path d=\"M450 75L338 312 88 350C46 354 25 417 58 450L238 633 196 896C188 942 238 975 275 954L500 837 725 954C767 975 813 942 804 896L763 633 942 450C975 417 954 358 913 350L663 312 550 75C529 33 471 33 450 75Z\"><\/path><\/svg>\t\t\t\t<\/div>\n\t\t\t<\/div>\n\t\t\t\t\t\t<div class=\"e-icon\">\n\t\t\t\t<div class=\"e-icon-wrapper e-icon-marked\">\n\t\t\t\t\t<svg aria-hidden=\"true\" class=\"e-font-icon-svg e-eicon-star\" viewBox=\"0 0 1000 1000\" xmlns=\"http:\/\/www.w3.org\/2000\/svg\"><path d=\"M450 75L338 312 88 350C46 354 25 417 58 450L238 633 196 896C188 942 238 975 275 954L500 837 725 954C767 975 813 942 804 896L763 633 942 450C975 417 954 358 913 350L663 312 550 75C529 33 471 33 450 75Z\"><\/path><\/svg>\t\t\t\t<\/div>\n\t\t\t\t<div class=\"e-icon-wrapper e-icon-unmarked\">\n\t\t\t\t\t<svg aria-hidden=\"true\" class=\"e-font-icon-svg e-eicon-star\" viewBox=\"0 0 1000 1000\" xmlns=\"http:\/\/www.w3.org\/2000\/svg\"><path d=\"M450 75L338 312 88 350C46 354 25 417 58 450L238 633 196 896C188 942 238 975 275 954L500 837 725 954C767 975 813 942 804 896L763 633 942 450C975 417 954 358 913 350L663 312 550 75C529 33 471 33 450 75Z\"><\/path><\/svg>\t\t\t\t<\/div>\n\t\t\t<\/div>\n\t\t\t\t\t\t<div class=\"e-icon\">\n\t\t\t\t<div class=\"e-icon-wrapper e-icon-marked\">\n\t\t\t\t\t<svg aria-hidden=\"true\" class=\"e-font-icon-svg e-eicon-star\" viewBox=\"0 0 1000 1000\" xmlns=\"http:\/\/www.w3.org\/2000\/svg\"><path d=\"M450 75L338 312 88 350C46 354 25 417 58 450L238 633 196 896C188 942 238 975 275 954L500 837 725 954C767 975 813 942 804 896L763 633 942 450C975 417 954 358 913 350L663 312 550 75C529 33 471 33 450 75Z\"><\/path><\/svg>\t\t\t\t<\/div>\n\t\t\t\t<div class=\"e-icon-wrapper e-icon-unmarked\">\n\t\t\t\t\t<svg aria-hidden=\"true\" class=\"e-font-icon-svg e-eicon-star\" viewBox=\"0 0 1000 1000\" xmlns=\"http:\/\/www.w3.org\/2000\/svg\"><path d=\"M450 75L338 312 88 350C46 354 25 417 58 450L238 633 196 896C188 942 238 975 275 954L500 837 725 954C767 975 813 942 804 896L763 633 942 450C975 417 954 358 913 350L663 312 550 75C529 33 471 33 450 75Z\"><\/path><\/svg>\t\t\t\t<\/div>\n\t\t\t<\/div>\n\t\t\t\t\t\t<\/div>\n\t\t<\/div>\n\t\t\t\t\t\t<\/div>\n\t\t\t\t<div class=\"elementor-element elementor-element-8a473ea elementor-widget elementor-widget-heading\" data-id=\"8a473ea\" data-element_type=\"widget\" data-e-type=\"widget\" data-widget_type=\"heading.default\">\n\t\t\t\t\t<h6 class=\"elementor-heading-title elementor-size-default\">Alisa McDiarmid<\/h6>\t\t\t\t<\/div>\n\t\t\t\t<div class=\"elementor-element elementor-element-beba135 elementor-widget elementor-widget-heading\" data-id=\"beba135\" data-element_type=\"widget\" data-e-type=\"widget\" data-widget_type=\"heading.default\">\n\t\t\t\t\t<h6 class=\"elementor-heading-title elementor-size-default\">Gast<\/h6>\t\t\t\t<\/div>\n\t\t\t\t<\/div>\n\t\t\t\t\t<\/div>\n\t\t\t\t<\/div>\n\t\t\t\t\t\t\t\t<\/div>\n\t\t\t\t\t\t\t\t\t\t\t<div class=\"swiper-slide\" data-slide=\"2\" role=\"group\" aria-roledescription=\"slide\" aria-label=\"2 von 4\">\n\t\t\t\t\t\t\t<div class=\"elementor-element elementor-element-6842bb3 e-flex e-con-boxed e-con e-child\" data-id=\"6842bb3\" data-element_type=\"container\" data-e-type=\"container\">\n\t\t\t\t\t<div class=\"e-con-inner\">\n\t\t<div class=\"elementor-element elementor-element-0eb9bbf e-con-full e-flex e-con e-child\" data-id=\"0eb9bbf\" data-element_type=\"container\" data-e-type=\"container\" data-settings=\"{&quot;background_background&quot;:&quot;classic&quot;}\">\n\t\t\t\t<div class=\"elementor-element elementor-element-b09101a elementor-view-default elementor-widget elementor-widget-icon\" data-id=\"b09101a\" data-element_type=\"widget\" data-e-type=\"widget\" data-widget_type=\"icon.default\">\n\t\t\t\t\t\t\t<div class=\"elementor-icon-wrapper\">\n\t\t\t<div class=\"elementor-icon\">\n\t\t\t<svg aria-hidden=\"true\" class=\"e-font-icon-svg e-fas-quote-left\" viewBox=\"0 0 512 512\" xmlns=\"http:\/\/www.w3.org\/2000\/svg\"><path d=\"M464 256h-80v-64c0-35.3 28.7-64 64-64h8c13.3 0 24-10.7 24-24V56c0-13.3-10.7-24-24-24h-8c-88.4 0-160 71.6-160 160v240c0 26.5 21.5 48 48 48h128c26.5 0 48-21.5 48-48V304c0-26.5-21.5-48-48-48zm-288 0H96v-64c0-35.3 28.7-64 64-64h8c13.3 0 24-10.7 24-24V56c0-13.3-10.7-24-24-24h-8C71.6 32 0 103.6 0 192v240c0 26.5 21.5 48 48 48h128c26.5 0 48-21.5 48-48V304c0-26.5-21.5-48-48-48z\"><\/path><\/svg>\t\t\t<\/div>\n\t\t<\/div>\n\t\t\t\t\t\t<\/div>\n\t\t\t\t<div class=\"elementor-element elementor-element-a55509e elementor-widget elementor-widget-text-editor\" data-id=\"a55509e\" data-element_type=\"widget\" data-e-type=\"widget\" data-widget_type=\"text-editor.default\">\n\t\t\t\t\t\t\t\t\t<p>Wir waren im Crab Shack in Crail. Es ist wundersch\u00f6n eingerichtet, sauber und ger\u00e4umig, mit allem, was man braucht. Es hat eine ausgezeichnete Lage, nur wenige Schritte vom Hafen und den atemberaubenden Str\u00e4nden entfernt. Es liegt in der N\u00e4he von Gesch\u00e4ften und Caf\u00e9s. Wir haben unseren Aufenthalt hier mit unserer Tochter sehr genossen und werden wiederkommen. <\/p>\t\t\t\t\t\t\t\t<\/div>\n\t\t\t\t<div class=\"elementor-element elementor-element-dd423c6 elementor-widget elementor-widget-rating\" data-id=\"dd423c6\" data-element_type=\"widget\" data-e-type=\"widget\" data-widget_type=\"rating.default\">\n\t\t\t\t\t\t\t<div class=\"e-rating\" itemtype=\"https:\/\/schema.org\/Rating\" itemscope=\"\" itemprop=\"reviewRating\">\n\t\t\t<meta itemprop=\"worstRating\" content=\"0\">\n\t\t\t<meta itemprop=\"bestRating\" content=\"5\">\n\t\t\t<div class=\"e-rating-wrapper\" itemprop=\"ratingValue\" content=\"4.5\" role=\"img\" aria-label=\"Bewertet mit 4.5 von 5\">\n\t\t\t\t\t\t\t<div class=\"e-icon\">\n\t\t\t\t<div class=\"e-icon-wrapper e-icon-marked\">\n\t\t\t\t\t<svg aria-hidden=\"true\" class=\"e-font-icon-svg e-eicon-star\" viewBox=\"0 0 1000 1000\" xmlns=\"http:\/\/www.w3.org\/2000\/svg\"><path d=\"M450 75L338 312 88 350C46 354 25 417 58 450L238 633 196 896C188 942 238 975 275 954L500 837 725 954C767 975 813 942 804 896L763 633 942 450C975 417 954 358 913 350L663 312 550 75C529 33 471 33 450 75Z\"><\/path><\/svg>\t\t\t\t<\/div>\n\t\t\t\t<div class=\"e-icon-wrapper e-icon-unmarked\">\n\t\t\t\t\t<svg aria-hidden=\"true\" class=\"e-font-icon-svg e-eicon-star\" viewBox=\"0 0 1000 1000\" xmlns=\"http:\/\/www.w3.org\/2000\/svg\"><path d=\"M450 75L338 312 88 350C46 354 25 417 58 450L238 633 196 896C188 942 238 975 275 954L500 837 725 954C767 975 813 942 804 896L763 633 942 450C975 417 954 358 913 350L663 312 550 75C529 33 471 33 450 75Z\"><\/path><\/svg>\t\t\t\t<\/div>\n\t\t\t<\/div>\n\t\t\t\t\t\t<div class=\"e-icon\">\n\t\t\t\t<div class=\"e-icon-wrapper e-icon-marked\">\n\t\t\t\t\t<svg aria-hidden=\"true\" class=\"e-font-icon-svg e-eicon-star\" viewBox=\"0 0 1000 1000\" xmlns=\"http:\/\/www.w3.org\/2000\/svg\"><path d=\"M450 75L338 312 88 350C46 354 25 417 58 450L238 633 196 896C188 942 238 975 275 954L500 837 725 954C767 975 813 942 804 896L763 633 942 450C975 417 954 358 913 350L663 312 550 75C529 33 471 33 450 75Z\"><\/path><\/svg>\t\t\t\t<\/div>\n\t\t\t\t<div class=\"e-icon-wrapper e-icon-unmarked\">\n\t\t\t\t\t<svg aria-hidden=\"true\" class=\"e-font-icon-svg e-eicon-star\" viewBox=\"0 0 1000 1000\" xmlns=\"http:\/\/www.w3.org\/2000\/svg\"><path d=\"M450 75L338 312 88 350C46 354 25 417 58 450L238 633 196 896C188 942 238 975 275 954L500 837 725 954C767 975 813 942 804 896L763 633 942 450C975 417 954 358 913 350L663 312 550 75C529 33 471 33 450 75Z\"><\/path><\/svg>\t\t\t\t<\/div>\n\t\t\t<\/div>\n\t\t\t\t\t\t<div class=\"e-icon\">\n\t\t\t\t<div class=\"e-icon-wrapper e-icon-marked\">\n\t\t\t\t\t<svg aria-hidden=\"true\" class=\"e-font-icon-svg e-eicon-star\" viewBox=\"0 0 1000 1000\" xmlns=\"http:\/\/www.w3.org\/2000\/svg\"><path d=\"M450 75L338 312 88 350C46 354 25 417 58 450L238 633 196 896C188 942 238 975 275 954L500 837 725 954C767 975 813 942 804 896L763 633 942 450C975 417 954 358 913 350L663 312 550 75C529 33 471 33 450 75Z\"><\/path><\/svg>\t\t\t\t<\/div>\n\t\t\t\t<div class=\"e-icon-wrapper e-icon-unmarked\">\n\t\t\t\t\t<svg aria-hidden=\"true\" class=\"e-font-icon-svg e-eicon-star\" viewBox=\"0 0 1000 1000\" xmlns=\"http:\/\/www.w3.org\/2000\/svg\"><path d=\"M450 75L338 312 88 350C46 354 25 417 58 450L238 633 196 896C188 942 238 975 275 954L500 837 725 954C767 975 813 942 804 896L763 633 942 450C975 417 954 358 913 350L663 312 550 75C529 33 471 33 450 75Z\"><\/path><\/svg>\t\t\t\t<\/div>\n\t\t\t<\/div>\n\t\t\t\t\t\t<div class=\"e-icon\">\n\t\t\t\t<div class=\"e-icon-wrapper e-icon-marked\">\n\t\t\t\t\t<svg aria-hidden=\"true\" class=\"e-font-icon-svg e-eicon-star\" viewBox=\"0 0 1000 1000\" xmlns=\"http:\/\/www.w3.org\/2000\/svg\"><path d=\"M450 75L338 312 88 350C46 354 25 417 58 450L238 633 196 896C188 942 238 975 275 954L500 837 725 954C767 975 813 942 804 896L763 633 942 450C975 417 954 358 913 350L663 312 550 75C529 33 471 33 450 75Z\"><\/path><\/svg>\t\t\t\t<\/div>\n\t\t\t\t<div class=\"e-icon-wrapper e-icon-unmarked\">\n\t\t\t\t\t<svg aria-hidden=\"true\" class=\"e-font-icon-svg e-eicon-star\" viewBox=\"0 0 1000 1000\" xmlns=\"http:\/\/www.w3.org\/2000\/svg\"><path d=\"M450 75L338 312 88 350C46 354 25 417 58 450L238 633 196 896C188 942 238 975 275 954L500 837 725 954C767 975 813 942 804 896L763 633 942 450C975 417 954 358 913 350L663 312 550 75C529 33 471 33 450 75Z\"><\/path><\/svg>\t\t\t\t<\/div>\n\t\t\t<\/div>\n\t\t\t\t\t\t<div class=\"e-icon\">\n\t\t\t\t<div class=\"e-icon-wrapper e-icon-marked\" style=\"--e-rating-icon-marked-width: 50%;\">\n\t\t\t\t\t<svg aria-hidden=\"true\" class=\"e-font-icon-svg e-eicon-star\" viewBox=\"0 0 1000 1000\" xmlns=\"http:\/\/www.w3.org\/2000\/svg\"><path d=\"M450 75L338 312 88 350C46 354 25 417 58 450L238 633 196 896C188 942 238 975 275 954L500 837 725 954C767 975 813 942 804 896L763 633 942 450C975 417 954 358 913 350L663 312 550 75C529 33 471 33 450 75Z\"><\/path><\/svg>\t\t\t\t<\/div>\n\t\t\t\t<div class=\"e-icon-wrapper e-icon-unmarked\">\n\t\t\t\t\t<svg aria-hidden=\"true\" class=\"e-font-icon-svg e-eicon-star\" viewBox=\"0 0 1000 1000\" xmlns=\"http:\/\/www.w3.org\/2000\/svg\"><path d=\"M450 75L338 312 88 350C46 354 25 417 58 450L238 633 196 896C188 942 238 975 275 954L500 837 725 954C767 975 813 942 804 896L763 633 942 450C975 417 954 358 913 350L663 312 550 75C529 33 471 33 450 75Z\"><\/path><\/svg>\t\t\t\t<\/div>\n\t\t\t<\/div>\n\t\t\t\t\t\t<\/div>\n\t\t<\/div>\n\t\t\t\t\t\t<\/div>\n\t\t\t\t<div class=\"elementor-element elementor-element-290e3ee elementor-widget elementor-widget-heading\" data-id=\"290e3ee\" data-element_type=\"widget\" data-e-type=\"widget\" data-widget_type=\"heading.default\">\n\t\t\t\t\t<h6 class=\"elementor-heading-title elementor-size-default\">Monika Harewood<\/h6>\t\t\t\t<\/div>\n\t\t\t\t<div class=\"elementor-element elementor-element-2364ab2 elementor-widget elementor-widget-heading\" data-id=\"2364ab2\" data-element_type=\"widget\" data-e-type=\"widget\" data-widget_type=\"heading.default\">\n\t\t\t\t\t<h6 class=\"elementor-heading-title elementor-size-default\">Gast<\/h6>\t\t\t\t<\/div>\n\t\t\t\t<\/div>\n\t\t\t\t\t<\/div>\n\t\t\t\t<\/div>\n\t\t\t\t\t\t\t\t<\/div>\n\t\t\t\t\t\t\t\t\t\t\t<div class=\"swiper-slide\" data-slide=\"3\" role=\"group\" aria-roledescription=\"slide\" aria-label=\"3 von 4\">\n\t\t\t\t\t\t\t<div class=\"elementor-element elementor-element-947dd1f e-flex e-con-boxed e-con e-child\" data-id=\"947dd1f\" data-element_type=\"container\" data-e-type=\"container\">\n\t\t\t\t\t<div class=\"e-con-inner\">\n\t\t<div class=\"elementor-element elementor-element-c803ef9 e-con-full e-flex e-con e-child\" data-id=\"c803ef9\" data-element_type=\"container\" data-e-type=\"container\" data-settings=\"{&quot;background_background&quot;:&quot;classic&quot;}\">\n\t\t\t\t<div class=\"elementor-element elementor-element-468d4c6 elementor-view-default elementor-widget elementor-widget-icon\" data-id=\"468d4c6\" data-element_type=\"widget\" data-e-type=\"widget\" data-widget_type=\"icon.default\">\n\t\t\t\t\t\t\t<div class=\"elementor-icon-wrapper\">\n\t\t\t<div class=\"elementor-icon\">\n\t\t\t<svg aria-hidden=\"true\" class=\"e-font-icon-svg e-fas-quote-left\" viewBox=\"0 0 512 512\" xmlns=\"http:\/\/www.w3.org\/2000\/svg\"><path d=\"M464 256h-80v-64c0-35.3 28.7-64 64-64h8c13.3 0 24-10.7 24-24V56c0-13.3-10.7-24-24-24h-8c-88.4 0-160 71.6-160 160v240c0 26.5 21.5 48 48 48h128c26.5 0 48-21.5 48-48V304c0-26.5-21.5-48-48-48zm-288 0H96v-64c0-35.3 28.7-64 64-64h8c13.3 0 24-10.7 24-24V56c0-13.3-10.7-24-24-24h-8C71.6 32 0 103.6 0 192v240c0 26.5 21.5 48 48 48h128c26.5 0 48-21.5 48-48V304c0-26.5-21.5-48-48-48z\"><\/path><\/svg>\t\t\t<\/div>\n\t\t<\/div>\n\t\t\t\t\t\t<\/div>\n\t\t\t\t<div class=\"elementor-element elementor-element-41f419d elementor-widget elementor-widget-text-editor\" data-id=\"41f419d\" data-element_type=\"widget\" data-e-type=\"widget\" data-widget_type=\"text-editor.default\">\n\t\t\t\t\t\t\t\t\t<p>Wir \u00fcbernachteten im Lodge26. Es ist absolut wundersch\u00f6n. Die Unterkunft ist sehr gut ausgestattet und sehr ger\u00e4umig, besonders die Master-Suite; die anderen beiden Schlafzimmer sind Doppelzimmer (mit zwei Einzelbetten) und etwas kleiner, aber immer noch ger\u00e4umig. Die K\u00fcche hat alles, was man braucht, und der Wohnbereich ist gro\u00dfz\u00fcgig. Das Stewart Resort ist charmant. Wir w\u00fcrden gerne wiederkommen.<\/p>\t\t\t\t\t\t\t\t<\/div>\n\t\t\t\t<div class=\"elementor-element elementor-element-4cfc787 elementor-widget elementor-widget-rating\" data-id=\"4cfc787\" data-element_type=\"widget\" data-e-type=\"widget\" data-widget_type=\"rating.default\">\n\t\t\t\t\t\t\t<div class=\"e-rating\" itemtype=\"https:\/\/schema.org\/Rating\" itemscope=\"\" itemprop=\"reviewRating\">\n\t\t\t<meta itemprop=\"worstRating\" content=\"0\">\n\t\t\t<meta itemprop=\"bestRating\" content=\"5\">\n\t\t\t<div class=\"e-rating-wrapper\" itemprop=\"ratingValue\" content=\"4.2\" role=\"img\" aria-label=\"Bewertet mit 4.2 von 5\">\n\t\t\t\t\t\t\t<div class=\"e-icon\">\n\t\t\t\t<div class=\"e-icon-wrapper e-icon-marked\">\n\t\t\t\t\t<svg aria-hidden=\"true\" class=\"e-font-icon-svg e-eicon-star\" viewBox=\"0 0 1000 1000\" xmlns=\"http:\/\/www.w3.org\/2000\/svg\"><path d=\"M450 75L338 312 88 350C46 354 25 417 58 450L238 633 196 896C188 942 238 975 275 954L500 837 725 954C767 975 813 942 804 896L763 633 942 450C975 417 954 358 913 350L663 312 550 75C529 33 471 33 450 75Z\"><\/path><\/svg>\t\t\t\t<\/div>\n\t\t\t\t<div class=\"e-icon-wrapper e-icon-unmarked\">\n\t\t\t\t\t<svg aria-hidden=\"true\" class=\"e-font-icon-svg e-eicon-star\" viewBox=\"0 0 1000 1000\" xmlns=\"http:\/\/www.w3.org\/2000\/svg\"><path d=\"M450 75L338 312 88 350C46 354 25 417 58 450L238 633 196 896C188 942 238 975 275 954L500 837 725 954C767 975 813 942 804 896L763 633 942 450C975 417 954 358 913 350L663 312 550 75C529 33 471 33 450 75Z\"><\/path><\/svg>\t\t\t\t<\/div>\n\t\t\t<\/div>\n\t\t\t\t\t\t<div class=\"e-icon\">\n\t\t\t\t<div class=\"e-icon-wrapper e-icon-marked\">\n\t\t\t\t\t<svg aria-hidden=\"true\" class=\"e-font-icon-svg e-eicon-star\" viewBox=\"0 0 1000 1000\" xmlns=\"http:\/\/www.w3.org\/2000\/svg\"><path d=\"M450 75L338 312 88 350C46 354 25 417 58 450L238 633 196 896C188 942 238 975 275 954L500 837 725 954C767 975 813 942 804 896L763 633 942 450C975 417 954 358 913 350L663 312 550 75C529 33 471 33 450 75Z\"><\/path><\/svg>\t\t\t\t<\/div>\n\t\t\t\t<div class=\"e-icon-wrapper e-icon-unmarked\">\n\t\t\t\t\t<svg aria-hidden=\"true\" class=\"e-font-icon-svg e-eicon-star\" viewBox=\"0 0 1000 1000\" xmlns=\"http:\/\/www.w3.org\/2000\/svg\"><path d=\"M450 75L338 312 88 350C46 354 25 417 58 450L238 633 196 896C188 942 238 975 275 954L500 837 725 954C767 975 813 942 804 896L763 633 942 450C975 417 954 358 913 350L663 312 550 75C529 33 471 33 450 75Z\"><\/path><\/svg>\t\t\t\t<\/div>\n\t\t\t<\/div>\n\t\t\t\t\t\t<div class=\"e-icon\">\n\t\t\t\t<div class=\"e-icon-wrapper e-icon-marked\">\n\t\t\t\t\t<svg aria-hidden=\"true\" class=\"e-font-icon-svg e-eicon-star\" viewBox=\"0 0 1000 1000\" xmlns=\"http:\/\/www.w3.org\/2000\/svg\"><path d=\"M450 75L338 312 88 350C46 354 25 417 58 450L238 633 196 896C188 942 238 975 275 954L500 837 725 954C767 975 813 942 804 896L763 633 942 450C975 417 954 358 913 350L663 312 550 75C529 33 471 33 450 75Z\"><\/path><\/svg>\t\t\t\t<\/div>\n\t\t\t\t<div class=\"e-icon-wrapper e-icon-unmarked\">\n\t\t\t\t\t<svg aria-hidden=\"true\" class=\"e-font-icon-svg e-eicon-star\" viewBox=\"0 0 1000 1000\" xmlns=\"http:\/\/www.w3.org\/2000\/svg\"><path d=\"M450 75L338 312 88 350C46 354 25 417 58 450L238 633 196 896C188 942 238 975 275 954L500 837 725 954C767 975 813 942 804 896L763 633 942 450C975 417 954 358 913 350L663 312 550 75C529 33 471 33 450 75Z\"><\/path><\/svg>\t\t\t\t<\/div>\n\t\t\t<\/div>\n\t\t\t\t\t\t<div class=\"e-icon\">\n\t\t\t\t<div class=\"e-icon-wrapper e-icon-marked\">\n\t\t\t\t\t<svg aria-hidden=\"true\" class=\"e-font-icon-svg e-eicon-star\" viewBox=\"0 0 1000 1000\" xmlns=\"http:\/\/www.w3.org\/2000\/svg\"><path d=\"M450 75L338 312 88 350C46 354 25 417 58 450L238 633 196 896C188 942 238 975 275 954L500 837 725 954C767 975 813 942 804 896L763 633 942 450C975 417 954 358 913 350L663 312 550 75C529 33 471 33 450 75Z\"><\/path><\/svg>\t\t\t\t<\/div>\n\t\t\t\t<div class=\"e-icon-wrapper e-icon-unmarked\">\n\t\t\t\t\t<svg aria-hidden=\"true\" class=\"e-font-icon-svg e-eicon-star\" viewBox=\"0 0 1000 1000\" xmlns=\"http:\/\/www.w3.org\/2000\/svg\"><path d=\"M450 75L338 312 88 350C46 354 25 417 58 450L238 633 196 896C188 942 238 975 275 954L500 837 725 954C767 975 813 942 804 896L763 633 942 450C975 417 954 358 913 350L663 312 550 75C529 33 471 33 450 75Z\"><\/path><\/svg>\t\t\t\t<\/div>\n\t\t\t<\/div>\n\t\t\t\t\t\t<div class=\"e-icon\">\n\t\t\t\t<div class=\"e-icon-wrapper e-icon-marked\" style=\"--e-rating-icon-marked-width: 20%;\">\n\t\t\t\t\t<svg aria-hidden=\"true\" class=\"e-font-icon-svg e-eicon-star\" viewBox=\"0 0 1000 1000\" xmlns=\"http:\/\/www.w3.org\/2000\/svg\"><path d=\"M450 75L338 312 88 350C46 354 25 417 58 450L238 633 196 896C188 942 238 975 275 954L500 837 725 954C767 975 813 942 804 896L763 633 942 450C975 417 954 358 913 350L663 312 550 75C529 33 471 33 450 75Z\"><\/path><\/svg>\t\t\t\t<\/div>\n\t\t\t\t<div class=\"e-icon-wrapper e-icon-unmarked\">\n\t\t\t\t\t<svg aria-hidden=\"true\" class=\"e-font-icon-svg e-eicon-star\" viewBox=\"0 0 1000 1000\" xmlns=\"http:\/\/www.w3.org\/2000\/svg\"><path d=\"M450 75L338 312 88 350C46 354 25 417 58 450L238 633 196 896C188 942 238 975 275 954L500 837 725 954C767 975 813 942 804 896L763 633 942 450C975 417 954 358 913 350L663 312 550 75C529 33 471 33 450 75Z\"><\/path><\/svg>\t\t\t\t<\/div>\n\t\t\t<\/div>\n\t\t\t\t\t\t<\/div>\n\t\t<\/div>\n\t\t\t\t\t\t<\/div>\n\t\t\t\t<div class=\"elementor-element elementor-element-042ab2e elementor-widget elementor-widget-heading\" data-id=\"042ab2e\" data-element_type=\"widget\" data-e-type=\"widget\" data-widget_type=\"heading.default\">\n\t\t\t\t\t<h6 class=\"elementor-heading-title elementor-size-default\">Karen Kerr<\/h6>\t\t\t\t<\/div>\n\t\t\t\t<div class=\"elementor-element elementor-element-709bab8 elementor-widget elementor-widget-heading\" data-id=\"709bab8\" data-element_type=\"widget\" data-e-type=\"widget\" data-widget_type=\"heading.default\">\n\t\t\t\t\t<h6 class=\"elementor-heading-title elementor-size-default\">Gast<\/h6>\t\t\t\t<\/div>\n\t\t\t\t<\/div>\n\t\t\t\t\t<\/div>\n\t\t\t\t<\/div>\n\t\t\t\t\t\t\t\t<\/div>\n\t\t\t\t\t\t\t\t\t\t\t<div class=\"swiper-slide\" data-slide=\"4\" role=\"group\" aria-roledescription=\"slide\" aria-label=\"4 von 4\">\n\t\t\t\t\t\t\t<div class=\"elementor-element elementor-element-daa8586 e-flex e-con-boxed e-con e-child\" data-id=\"daa8586\" data-element_type=\"container\" data-e-type=\"container\">\n\t\t\t\t\t<div class=\"e-con-inner\">\n\t\t<div class=\"elementor-element elementor-element-b146fae e-con-full e-flex e-con e-child\" data-id=\"b146fae\" data-element_type=\"container\" data-e-type=\"container\" data-settings=\"{&quot;background_background&quot;:&quot;classic&quot;}\">\n\t\t\t\t<div class=\"elementor-element elementor-element-c2991b4 elementor-view-default elementor-widget elementor-widget-icon\" data-id=\"c2991b4\" data-element_type=\"widget\" data-e-type=\"widget\" data-widget_type=\"icon.default\">\n\t\t\t\t\t\t\t<div class=\"elementor-icon-wrapper\">\n\t\t\t<div class=\"elementor-icon\">\n\t\t\t<svg aria-hidden=\"true\" class=\"e-font-icon-svg e-fas-quote-left\" viewBox=\"0 0 512 512\" xmlns=\"http:\/\/www.w3.org\/2000\/svg\"><path d=\"M464 256h-80v-64c0-35.3 28.7-64 64-64h8c13.3 0 24-10.7 24-24V56c0-13.3-10.7-24-24-24h-8c-88.4 0-160 71.6-160 160v240c0 26.5 21.5 48 48 48h128c26.5 0 48-21.5 48-48V304c0-26.5-21.5-48-48-48zm-288 0H96v-64c0-35.3 28.7-64 64-64h8c13.3 0 24-10.7 24-24V56c0-13.3-10.7-24-24-24h-8C71.6 32 0 103.6 0 192v240c0 26.5 21.5 48 48 48h128c26.5 0 48-21.5 48-48V304c0-26.5-21.5-48-48-48z\"><\/path><\/svg>\t\t\t<\/div>\n\t\t<\/div>\n\t\t\t\t\t\t<\/div>\n\t\t\t\t<div class=\"elementor-element elementor-element-1e9cfe8 elementor-widget elementor-widget-text-editor\" data-id=\"1e9cfe8\" data-element_type=\"widget\" data-e-type=\"widget\" data-widget_type=\"text-editor.default\">\n\t\t\t\t\t\t\t\t\t<p>Wir hatten hier einen kleinen, sch\u00f6nen Ausflug. Die Lodge war sehr sauber, modern und komfortabel, im Grunde wie ein Zuhause fern von Zuhause. Der Whirlpool war unglaublich und die Anlage war sehr sauber. Es gibt auch ein sch\u00f6nes Restaurant, ein Fitnessstudio, eine Sauna\/ein Dampfbad, die man nutzen kann. Dies war unser erstes Mal im Stewart&#8217;s Resort, aber es wird definitiv nicht das letzte Mal sein. <\/p>\t\t\t\t\t\t\t\t<\/div>\n\t\t\t\t<div class=\"elementor-element elementor-element-007dee7 elementor-widget elementor-widget-rating\" data-id=\"007dee7\" data-element_type=\"widget\" data-e-type=\"widget\" data-widget_type=\"rating.default\">\n\t\t\t\t\t\t\t<div class=\"e-rating\" itemtype=\"https:\/\/schema.org\/Rating\" itemscope=\"\" itemprop=\"reviewRating\">\n\t\t\t<meta itemprop=\"worstRating\" content=\"0\">\n\t\t\t<meta itemprop=\"bestRating\" content=\"5\">\n\t\t\t<div class=\"e-rating-wrapper\" itemprop=\"ratingValue\" content=\"5\" role=\"img\" aria-label=\"Bewertet mit 5 von 5\">\n\t\t\t\t\t\t\t<div class=\"e-icon\">\n\t\t\t\t<div class=\"e-icon-wrapper e-icon-marked\">\n\t\t\t\t\t<svg aria-hidden=\"true\" class=\"e-font-icon-svg e-eicon-star\" viewBox=\"0 0 1000 1000\" xmlns=\"http:\/\/www.w3.org\/2000\/svg\"><path d=\"M450 75L338 312 88 350C46 354 25 417 58 450L238 633 196 896C188 942 238 975 275 954L500 837 725 954C767 975 813 942 804 896L763 633 942 450C975 417 954 358 913 350L663 312 550 75C529 33 471 33 450 75Z\"><\/path><\/svg>\t\t\t\t<\/div>\n\t\t\t\t<div class=\"e-icon-wrapper e-icon-unmarked\">\n\t\t\t\t\t<svg aria-hidden=\"true\" class=\"e-font-icon-svg e-eicon-star\" viewBox=\"0 0 1000 1000\" xmlns=\"http:\/\/www.w3.org\/2000\/svg\"><path d=\"M450 75L338 312 88 350C46 354 25 417 58 450L238 633 196 896C188 942 238 975 275 954L500 837 725 954C767 975 813 942 804 896L763 633 942 450C975 417 954 358 913 350L663 312 550 75C529 33 471 33 450 75Z\"><\/path><\/svg>\t\t\t\t<\/div>\n\t\t\t<\/div>\n\t\t\t\t\t\t<div class=\"e-icon\">\n\t\t\t\t<div class=\"e-icon-wrapper e-icon-marked\">\n\t\t\t\t\t<svg aria-hidden=\"true\" class=\"e-font-icon-svg e-eicon-star\" viewBox=\"0 0 1000 1000\" xmlns=\"http:\/\/www.w3.org\/2000\/svg\"><path d=\"M450 75L338 312 88 350C46 354 25 417 58 450L238 633 196 896C188 942 238 975 275 954L500 837 725 954C767 975 813 942 804 896L763 633 942 450C975 417 954 358 913 350L663 312 550 75C529 33 471 33 450 75Z\"><\/path><\/svg>\t\t\t\t<\/div>\n\t\t\t\t<div class=\"e-icon-wrapper e-icon-unmarked\">\n\t\t\t\t\t<svg aria-hidden=\"true\" class=\"e-font-icon-svg e-eicon-star\" viewBox=\"0 0 1000 1000\" xmlns=\"http:\/\/www.w3.org\/2000\/svg\"><path d=\"M450 75L338 312 88 350C46 354 25 417 58 450L238 633 196 896C188 942 238 975 275 954L500 837 725 954C767 975 813 942 804 896L763 633 942 450C975 417 954 358 913 350L663 312 550 75C529 33 471 33 450 75Z\"><\/path><\/svg>\t\t\t\t<\/div>\n\t\t\t<\/div>\n\t\t\t\t\t\t<div class=\"e-icon\">\n\t\t\t\t<div class=\"e-icon-wrapper e-icon-marked\">\n\t\t\t\t\t<svg aria-hidden=\"true\" class=\"e-font-icon-svg e-eicon-star\" viewBox=\"0 0 1000 1000\" xmlns=\"http:\/\/www.w3.org\/2000\/svg\"><path d=\"M450 75L338 312 88 350C46 354 25 417 58 450L238 633 196 896C188 942 238 975 275 954L500 837 725 954C767 975 813 942 804 896L763 633 942 450C975 417 954 358 913 350L663 312 550 75C529 33 471 33 450 75Z\"><\/path><\/svg>\t\t\t\t<\/div>\n\t\t\t\t<div class=\"e-icon-wrapper e-icon-unmarked\">\n\t\t\t\t\t<svg aria-hidden=\"true\" class=\"e-font-icon-svg e-eicon-star\" viewBox=\"0 0 1000 1000\" xmlns=\"http:\/\/www.w3.org\/2000\/svg\"><path d=\"M450 75L338 312 88 350C46 354 25 417 58 450L238 633 196 896C188 942 238 975 275 954L500 837 725 954C767 975 813 942 804 896L763 633 942 450C975 417 954 358 913 350L663 312 550 75C529 33 471 33 450 75Z\"><\/path><\/svg>\t\t\t\t<\/div>\n\t\t\t<\/div>\n\t\t\t\t\t\t<div class=\"e-icon\">\n\t\t\t\t<div class=\"e-icon-wrapper e-icon-marked\">\n\t\t\t\t\t<svg aria-hidden=\"true\" class=\"e-font-icon-svg e-eicon-star\" viewBox=\"0 0 1000 1000\" xmlns=\"http:\/\/www.w3.org\/2000\/svg\"><path d=\"M450 75L338 312 88 350C46 354 25 417 58 450L238 633 196 896C188 942 238 975 275 954L500 837 725 954C767 975 813 942 804 896L763 633 942 450C975 417 954 358 913 350L663 312 550 75C529 33 471 33 450 75Z\"><\/path><\/svg>\t\t\t\t<\/div>\n\t\t\t\t<div class=\"e-icon-wrapper e-icon-unmarked\">\n\t\t\t\t\t<svg aria-hidden=\"true\" class=\"e-font-icon-svg e-eicon-star\" viewBox=\"0 0 1000 1000\" xmlns=\"http:\/\/www.w3.org\/2000\/svg\"><path d=\"M450 75L338 312 88 350C46 354 25 417 58 450L238 633 196 896C188 942 238 975 275 954L500 837 725 954C767 975 813 942 804 896L763 633 942 450C975 417 954 358 913 350L663 312 550 75C529 33 471 33 450 75Z\"><\/path><\/svg>\t\t\t\t<\/div>\n\t\t\t<\/div>\n\t\t\t\t\t\t<div class=\"e-icon\">\n\t\t\t\t<div class=\"e-icon-wrapper e-icon-marked\">\n\t\t\t\t\t<svg aria-hidden=\"true\" class=\"e-font-icon-svg e-eicon-star\" viewBox=\"0 0 1000 1000\" xmlns=\"http:\/\/www.w3.org\/2000\/svg\"><path d=\"M450 75L338 312 88 350C46 354 25 417 58 450L238 633 196 896C188 942 238 975 275 954L500 837 725 954C767 975 813 942 804 896L763 633 942 450C975 417 954 358 913 350L663 312 550 75C529 33 471 33 450 75Z\"><\/path><\/svg>\t\t\t\t<\/div>\n\t\t\t\t<div class=\"e-icon-wrapper e-icon-unmarked\">\n\t\t\t\t\t<svg aria-hidden=\"true\" class=\"e-font-icon-svg e-eicon-star\" viewBox=\"0 0 1000 1000\" xmlns=\"http:\/\/www.w3.org\/2000\/svg\"><path d=\"M450 75L338 312 88 350C46 354 25 417 58 450L238 633 196 896C188 942 238 975 275 954L500 837 725 954C767 975 813 942 804 896L763 633 942 450C975 417 954 358 913 350L663 312 550 75C529 33 471 33 450 75Z\"><\/path><\/svg>\t\t\t\t<\/div>\n\t\t\t<\/div>\n\t\t\t\t\t\t<\/div>\n\t\t<\/div>\n\t\t\t\t\t\t<\/div>\n\t\t\t\t<div class=\"elementor-element elementor-element-9bb2700 elementor-widget elementor-widget-heading\" data-id=\"9bb2700\" data-element_type=\"widget\" data-e-type=\"widget\" data-widget_type=\"heading.default\">\n\t\t\t\t\t<h6 class=\"elementor-heading-title elementor-size-default\">Carolablnn Stevenson<\/h6>\t\t\t\t<\/div>\n\t\t\t\t<div class=\"elementor-element elementor-element-5769fa4 elementor-widget elementor-widget-heading\" data-id=\"5769fa4\" data-element_type=\"widget\" data-e-type=\"widget\" data-widget_type=\"heading.default\">\n\t\t\t\t\t<h6 class=\"elementor-heading-title elementor-size-default\">Gast<\/h6>\t\t\t\t<\/div>\n\t\t\t\t<\/div>\n\t\t\t\t\t<\/div>\n\t\t\t\t<\/div>\n\t\t\t\t\t\t\t\t<\/div>\n\t\t\t\t\t\t\t\t<\/div>\n\t\t<\/div>\n\t\t\t\t\t<div class=\"elementor-swiper-button elementor-swiper-button-prev\" role=\"button\" tabindex=\"0\" aria-label=\"Voriger\">\n\t\t\t\t<svg aria-hidden=\"true\" class=\"e-font-icon-svg e-eicon-chevron-left\" viewBox=\"0 0 1000 1000\" xmlns=\"http:\/\/www.w3.org\/2000\/svg\"><path d=\"M646 125C629 125 613 133 604 142L308 442C296 454 292 471 292 487 292 504 296 521 308 533L604 854C617 867 629 875 646 875 663 875 679 871 692 858 704 846 713 829 713 812 713 796 708 779 692 767L438 487 692 225C700 217 708 204 708 187 708 171 704 154 692 142 675 129 663 125 646 125Z\"><\/path><\/svg>\t\t\t<\/div>\n\t\t\t<div class=\"elementor-swiper-button elementor-swiper-button-next\" role=\"button\" tabindex=\"0\" aria-label=\"N\u00e4chster\">\n\t\t\t\t<svg aria-hidden=\"true\" class=\"e-font-icon-svg e-eicon-chevron-right\" viewBox=\"0 0 1000 1000\" xmlns=\"http:\/\/www.w3.org\/2000\/svg\"><path d=\"M696 533C708 521 713 504 713 487 713 471 708 454 696 446L400 146C388 133 375 125 354 125 338 125 325 129 313 142 300 154 292 171 292 187 292 204 296 221 308 233L563 492 304 771C292 783 288 800 288 817 288 833 296 850 308 863 321 871 338 875 354 875 371 875 388 867 400 854L696 533Z\"><\/path><\/svg>\t\t\t<\/div>\n\t\t\t\t\t<div class=\"swiper-pagination\"><\/div>\n\t\t\t\t\t\t<\/div>\n\t\t\t\t<\/div>\n\t\t\t\t<\/div>\n\t\t\t\t\t<\/div>\n\t\t\t\t<\/div>\n\t\t<div class=\"elementor-element elementor-element-3445cd30 e-flex e-con-boxed e-con e-parent\" data-id=\"3445cd30\" data-element_type=\"container\" data-e-type=\"container\">\n\t\t\t\t\t<div class=\"e-con-inner\">\n\t\t<div class=\"elementor-element elementor-element-6f75777 e-con-full e-flex e-con e-child\" data-id=\"6f75777\" data-element_type=\"container\" data-e-type=\"container\">\n\t\t\t\t<div class=\"elementor-element elementor-element-8268880 elementor-widget elementor-widget-heading\" data-id=\"8268880\" data-element_type=\"widget\" data-e-type=\"widget\" data-widget_type=\"heading.default\">\n\t\t\t\t\t<h2 class=\"elementor-heading-title elementor-size-default\">Die besten Orte f\u00fcr einen Aufenthalt auf der Insel Mallorca<\/h2>\t\t\t\t<\/div>\n\t\t\t\t<div class=\"elementor-element elementor-element-5c4a90b elementor-widget elementor-widget-shortcode\" data-id=\"5c4a90b\" data-element_type=\"widget\" data-e-type=\"widget\" data-widget_type=\"shortcode.default\">\n\t\t\t\t\t\t\t<div class=\"elementor-shortcode\">\t\t<div data-elementor-type=\"section\" data-elementor-id=\"3640\" class=\"elementor elementor-3640 elementor-3560 elementor-3560\" data-elementor-post-type=\"elementor_library\">\n\t\t\t<div class=\"elementor-element elementor-element-dd373fb e-flex e-con-boxed e-con e-parent\" data-id=\"dd373fb\" data-element_type=\"container\" data-e-type=\"container\">\n\t\t\t\t\t<div class=\"e-con-inner\">\n\t\t\t\t<div class=\"elementor-element elementor-element-355e8c4 e-n-tabs-mobile elementor-widget elementor-widget-n-tabs\" data-id=\"355e8c4\" data-element_type=\"widget\" data-e-type=\"widget\" data-settings=\"{&quot;tabs_justify_horizontal&quot;:&quot;start&quot;,&quot;horizontal_scroll&quot;:&quot;disable&quot;}\" data-widget_type=\"nested-tabs.default\">\n\t\t\t\t\t\t\t<div class=\"e-n-tabs\" data-widget-number=\"55961796\" aria-label=\"Tabs. Open items with Enter or Space, close with Escape and navigate using the Arrow keys.\">\n\t\t\t<div class=\"e-n-tabs-heading\" role=\"tablist\">\n\t\t\t\t\t<button id=\"e-n-tab-title-559617961\" data-tab-title-id=\"e-n-tab-title-559617961\" class=\"e-n-tab-title\" aria-selected=\"true\" data-tab-index=\"1\" role=\"tab\" tabindex=\"0\" aria-controls=\"e-n-tab-content-559617961\" style=\"--n-tabs-title-order: 1;\">\n\t\t\t\t\t\t<span class=\"e-n-tab-title-text\">\n\t\t\t\tReiseziele\t\t\t<\/span>\n\t\t<\/button>\n\t\t\t\t<button id=\"e-n-tab-title-559617962\" data-tab-title-id=\"e-n-tab-title-559617962\" class=\"e-n-tab-title\" aria-selected=\"false\" data-tab-index=\"2\" role=\"tab\" tabindex=\"-1\" aria-controls=\"e-n-tab-content-559617962\" style=\"--n-tabs-title-order: 2;\">\n\t\t\t\t\t\t<span class=\"e-n-tab-title-text\">\n\t\t\t\tKategorien\t\t\t<\/span>\n\t\t<\/button>\n\t\t\t\t<button id=\"e-n-tab-title-559617963\" data-tab-title-id=\"e-n-tab-title-559617963\" class=\"e-n-tab-title\" aria-selected=\"false\" data-tab-index=\"3\" role=\"tab\" tabindex=\"-1\" aria-controls=\"e-n-tab-content-559617963\" style=\"--n-tabs-title-order: 3;\">\n\t\t\t\t\t\t<span class=\"e-n-tab-title-text\">\n\t\t\t\tHighlights\t\t\t<\/span>\n\t\t<\/button>\n\t\t\t\t\t<\/div>\n\t\t\t<div class=\"e-n-tabs-content\">\n\t\t\t\t<div id=\"e-n-tab-content-559617961\" role=\"tabpanel\" aria-labelledby=\"e-n-tab-title-559617961\" data-tab-index=\"1\" style=\"--n-tabs-title-order: 1;\" class=\"e-active elementor-element elementor-element-506972c e-con-full e-flex e-con e-child\" data-id=\"506972c\" data-element_type=\"container\" data-e-type=\"container\">\n\t\t<div class=\"elementor-element elementor-element-ec1cc91 e-con-full e-grid e-con e-child\" data-id=\"ec1cc91\" data-element_type=\"container\" data-e-type=\"container\" data-settings=\"{&quot;background_background&quot;:&quot;classic&quot;}\">\n\t\t<div class=\"elementor-element elementor-element-59b3659 e-con-full e-flex e-con e-child\" data-id=\"59b3659\" data-element_type=\"container\" data-e-type=\"container\" data-settings=\"{&quot;background_background&quot;:&quot;classic&quot;}\">\n\t\t\t\t<div class=\"elementor-element elementor-element-69f98f8 elementor-widget elementor-widget-heading\" data-id=\"69f98f8\" data-element_type=\"widget\" data-e-type=\"widget\" data-widget_type=\"heading.default\">\n\t\t\t\t\t<div class=\"elementor-heading-title elementor-size-default\"><a href=\"https:\/\/www.homevillas360.com\/de\/unterkuenfte-in-puerto-pollensa\/\">Pollensa<\/a><\/div>\t\t\t\t<\/div>\n\t\t\t\t<\/div>\n\t\t<div class=\"elementor-element elementor-element-1999945 e-con-full e-flex e-con e-child\" data-id=\"1999945\" data-element_type=\"container\" data-e-type=\"container\" data-settings=\"{&quot;background_background&quot;:&quot;classic&quot;}\">\n\t\t\t\t<div class=\"elementor-element elementor-element-9bc7f5b elementor-widget elementor-widget-heading\" data-id=\"9bc7f5b\" data-element_type=\"widget\" data-e-type=\"widget\" data-widget_type=\"heading.default\">\n\t\t\t\t\t<div class=\"elementor-heading-title elementor-size-default\"><a href=\"https:\/\/www.homevillas360.com\/de\/ferienwohnungen-in-alcudia-mallorca\/\">Alcudia<\/a><\/div>\t\t\t\t<\/div>\n\t\t\t\t<\/div>\n\t\t<div class=\"elementor-element elementor-element-f772b7e e-con-full e-flex e-con e-child\" data-id=\"f772b7e\" data-element_type=\"container\" data-e-type=\"container\" data-settings=\"{&quot;background_background&quot;:&quot;classic&quot;}\">\n\t\t\t\t<div class=\"elementor-element elementor-element-333f0c3 elementor-widget elementor-widget-heading\" data-id=\"333f0c3\" data-element_type=\"widget\" data-e-type=\"widget\" data-widget_type=\"heading.default\">\n\t\t\t\t\t<div class=\"elementor-heading-title elementor-size-default\"><a href=\"https:\/\/www.homevillas360.com\/de\/unterkuenft-in-can-picafort\/\">Can Picafort<\/a><\/div>\t\t\t\t<\/div>\n\t\t\t\t<\/div>\n\t\t<div class=\"elementor-element elementor-element-4cd365d e-con-full e-flex e-con e-child\" data-id=\"4cd365d\" data-element_type=\"container\" data-e-type=\"container\" data-settings=\"{&quot;background_background&quot;:&quot;classic&quot;}\">\n\t\t\t\t<div class=\"elementor-element elementor-element-998b237 elementor-widget elementor-widget-heading\" data-id=\"998b237\" data-element_type=\"widget\" data-e-type=\"widget\" data-widget_type=\"heading.default\">\n\t\t\t\t\t<div class=\"elementor-heading-title elementor-size-default\"><a href=\"https:\/\/www.homevillas360.com\/de\/ferienhaus-in-playa-de-muro\/\">Muro<\/a><\/div>\t\t\t\t<\/div>\n\t\t\t\t<\/div>\n\t\t<div class=\"elementor-element elementor-element-bab9c7a e-con-full e-flex e-con e-child\" data-id=\"bab9c7a\" data-element_type=\"container\" data-e-type=\"container\" data-settings=\"{&quot;background_background&quot;:&quot;classic&quot;}\">\n\t\t\t\t<div class=\"elementor-element elementor-element-2eda31f elementor-widget elementor-widget-heading\" data-id=\"2eda31f\" data-element_type=\"widget\" data-e-type=\"widget\" data-widget_type=\"heading.default\">\n\t\t\t\t\t<div class=\"elementor-heading-title elementor-size-default\"><a href=\"https:\/\/www.homevillas360.com\/de\/ferienhaus-son-serra-de-marina\/\">Son Serra<\/a><\/div>\t\t\t\t<\/div>\n\t\t\t\t<\/div>\n\t\t<div class=\"elementor-element elementor-element-b769106 e-con-full e-flex e-con e-child\" data-id=\"b769106\" data-element_type=\"container\" data-e-type=\"container\" data-settings=\"{&quot;background_background&quot;:&quot;classic&quot;}\">\n\t\t\t\t<div class=\"elementor-element elementor-element-0f777d7 elementor-widget elementor-widget-heading\" data-id=\"0f777d7\" data-element_type=\"widget\" data-e-type=\"widget\" data-widget_type=\"heading.default\">\n\t\t\t\t\t<div class=\"elementor-heading-title elementor-size-default\"><a href=\"https:\/\/bookings.homevillas360.com\/de\/vermietung\/vermietungen-petra-d1097\/\">Petra<\/a><\/div>\t\t\t\t<\/div>\n\t\t\t\t<\/div>\n\t\t<div class=\"elementor-element elementor-element-ab38426 e-con-full e-flex e-con e-child\" data-id=\"ab38426\" data-element_type=\"container\" data-e-type=\"container\" data-settings=\"{&quot;background_background&quot;:&quot;classic&quot;}\">\n\t\t\t\t<div class=\"elementor-element elementor-element-05c4c92 elementor-widget elementor-widget-heading\" data-id=\"05c4c92\" data-element_type=\"widget\" data-e-type=\"widget\" data-widget_type=\"heading.default\">\n\t\t\t\t\t<div class=\"elementor-heading-title elementor-size-default\"><a href=\"https:\/\/bookings.homevillas360.com\/de\/vermietung\/vermietungen-cala-sant-vicenc-d408192\/\">Sant Vicen\u00e7<\/a><\/div>\t\t\t\t<\/div>\n\t\t\t\t<\/div>\n\t\t<div class=\"elementor-element elementor-element-3d672b2 e-con-full e-flex e-con e-child\" data-id=\"3d672b2\" data-element_type=\"container\" data-e-type=\"container\" data-settings=\"{&quot;background_background&quot;:&quot;classic&quot;}\">\n\t\t\t\t<div class=\"elementor-element elementor-element-0106c67 elementor-widget elementor-widget-heading\" data-id=\"0106c67\" data-element_type=\"widget\" data-e-type=\"widget\" data-widget_type=\"heading.default\">\n\t\t\t\t\t<div class=\"elementor-heading-title elementor-size-default\"><a href=\"https:\/\/bookings.homevillas360.com\/de\/vermietung\/vermietungen-son-macia-d459733\/\">Son Maci\u00e0<\/a><\/div>\t\t\t\t<\/div>\n\t\t\t\t<\/div>\n\t\t\t\t<\/div>\n\t\t\t\t<\/div>\n\t\t<div id=\"e-n-tab-content-559617962\" role=\"tabpanel\" aria-labelledby=\"e-n-tab-title-559617962\" data-tab-index=\"2\" style=\"--n-tabs-title-order: 2;\" class=\" elementor-element elementor-element-a3b6403 e-con-full e-flex e-con e-child\" data-id=\"a3b6403\" data-element_type=\"container\" data-e-type=\"container\">\n\t\t<div class=\"elementor-element elementor-element-cbf8ac8 e-con-full e-grid e-con e-child\" data-id=\"cbf8ac8\" data-element_type=\"container\" data-e-type=\"container\" data-settings=\"{&quot;background_background&quot;:&quot;classic&quot;}\">\n\t\t<div class=\"elementor-element elementor-element-9552790 e-con-full e-flex e-con e-child\" data-id=\"9552790\" data-element_type=\"container\" data-e-type=\"container\" data-settings=\"{&quot;background_background&quot;:&quot;classic&quot;}\">\n\t\t\t\t<div class=\"elementor-element elementor-element-f6358dd elementor-widget elementor-widget-heading\" data-id=\"f6358dd\" data-element_type=\"widget\" data-e-type=\"widget\" data-widget_type=\"heading.default\">\n\t\t\t\t\t<div class=\"elementor-heading-title elementor-size-default\"><a href=\"https:\/\/www.homevillas360.com\/de\/ferienwohnungen-fur-paare-auf-mallorca\/\">Paare<\/a><\/div>\t\t\t\t<\/div>\n\t\t\t\t<\/div>\n\t\t<div class=\"elementor-element elementor-element-76b47a2 e-con-full e-flex e-con e-child\" data-id=\"76b47a2\" data-element_type=\"container\" data-e-type=\"container\" data-settings=\"{&quot;background_background&quot;:&quot;classic&quot;}\">\n\t\t\t\t<div class=\"elementor-element elementor-element-a1bd5b4 elementor-widget elementor-widget-heading\" data-id=\"a1bd5b4\" data-element_type=\"widget\" data-e-type=\"widget\" data-widget_type=\"heading.default\">\n\t\t\t\t\t<div class=\"elementor-heading-title elementor-size-default\"><a href=\"https:\/\/www.homevillas360.com\/de\/familienunterkfunft-mallorca\/\">Familie<\/a><\/div>\t\t\t\t<\/div>\n\t\t\t\t<\/div>\n\t\t<div class=\"elementor-element elementor-element-10e3fc8 e-con-full e-flex e-con e-child\" data-id=\"10e3fc8\" data-element_type=\"container\" data-e-type=\"container\" data-settings=\"{&quot;background_background&quot;:&quot;classic&quot;}\">\n\t\t\t\t<div class=\"elementor-element elementor-element-88c60f5 elementor-widget elementor-widget-heading\" data-id=\"88c60f5\" data-element_type=\"widget\" data-e-type=\"widget\" data-widget_type=\"heading.default\">\n\t\t\t\t\t<div class=\"elementor-heading-title elementor-size-default\"><a href=\"https:\/\/www.homevillas360.com\/de\/unterkunft-mallorca-mit-pool\/\">Pool<\/a><\/div>\t\t\t\t<\/div>\n\t\t\t\t<\/div>\n\t\t<div class=\"elementor-element elementor-element-889872c e-con-full e-flex e-con e-child\" data-id=\"889872c\" data-element_type=\"container\" data-e-type=\"container\" data-settings=\"{&quot;background_background&quot;:&quot;classic&quot;}\">\n\t\t\t\t<div class=\"elementor-element elementor-element-df9f9ff elementor-widget elementor-widget-heading\" data-id=\"df9f9ff\" data-element_type=\"widget\" data-e-type=\"widget\" data-widget_type=\"heading.default\">\n\t\t\t\t\t<div class=\"elementor-heading-title elementor-size-default\"><a href=\"https:\/\/www.homevillas360.com\/de\/unterkunft-mallorca-meerblick\/\">Meerblick<\/a><\/div>\t\t\t\t<\/div>\n\t\t\t\t<\/div>\n\t\t<div class=\"elementor-element elementor-element-fcc2acf e-con-full e-flex e-con e-child\" data-id=\"fcc2acf\" data-element_type=\"container\" data-e-type=\"container\" data-settings=\"{&quot;background_background&quot;:&quot;classic&quot;}\">\n\t\t\t\t<div class=\"elementor-element elementor-element-8125bdd elementor-widget elementor-widget-heading\" data-id=\"8125bdd\" data-element_type=\"widget\" data-e-type=\"widget\" data-widget_type=\"heading.default\">\n\t\t\t\t\t<div class=\"elementor-heading-title elementor-size-default\"><a href=\"https:\/\/www.homevillas360.com\/de\/luxus-unterkunft-mallorca\/\">Luxus<\/a><\/div>\t\t\t\t<\/div>\n\t\t\t\t<\/div>\n\t\t<div class=\"elementor-element elementor-element-b90f719 e-con-full e-flex e-con e-child\" data-id=\"b90f719\" data-element_type=\"container\" data-e-type=\"container\" data-settings=\"{&quot;background_background&quot;:&quot;classic&quot;}\">\n\t\t\t\t<div class=\"elementor-element elementor-element-29c077d elementor-widget elementor-widget-heading\" data-id=\"29c077d\" data-element_type=\"widget\" data-e-type=\"widget\" data-widget_type=\"heading.default\">\n\t\t\t\t\t<div class=\"elementor-heading-title elementor-size-default\"><a href=\"https:\/\/www.homevillas360.com\/de\/gruppenunterkunfte-auf-mallorca\/\">Gruppen<\/a><\/div>\t\t\t\t<\/div>\n\t\t\t\t<\/div>\n\t\t<div class=\"elementor-element elementor-element-5600703 e-con-full e-flex e-con e-child\" data-id=\"5600703\" data-element_type=\"container\" data-e-type=\"container\" data-settings=\"{&quot;background_background&quot;:&quot;classic&quot;}\">\n\t\t\t\t<div class=\"elementor-element elementor-element-9f0b974 elementor-widget elementor-widget-heading\" data-id=\"9f0b974\" data-element_type=\"widget\" data-e-type=\"widget\" data-widget_type=\"heading.default\">\n\t\t\t\t\t<div class=\"elementor-heading-title elementor-size-default\"><a href=\"https:\/\/bookings.homevillas360.com\/de\/vermietung\/zu-mieten-vermietungen-e0\/tag-petfriendly\/\">Pet-friendly<\/a><\/div>\t\t\t\t<\/div>\n\t\t\t\t<\/div>\n\t\t<div class=\"elementor-element elementor-element-8f6639f e-con-full e-flex e-con e-child\" data-id=\"8f6639f\" data-element_type=\"container\" data-e-type=\"container\" data-settings=\"{&quot;background_background&quot;:&quot;classic&quot;}\">\n\t\t\t\t<div class=\"elementor-element elementor-element-55a7156 elementor-widget elementor-widget-heading\" data-id=\"55a7156\" data-element_type=\"widget\" data-e-type=\"widget\" data-widget_type=\"heading.default\">\n\t\t\t\t\t<div class=\"elementor-heading-title elementor-size-default\"><a href=\"https:\/\/bookings.homevillas360.com\/de\/vermietung\/vermietungen-mallorca-e21\/tag-radfahren\/\">Radfahren<\/a><\/div>\t\t\t\t<\/div>\n\t\t\t\t<\/div>\n\t\t<div class=\"elementor-element elementor-element-2f829f9 e-con-full e-flex e-con e-child\" data-id=\"2f829f9\" data-element_type=\"container\" data-e-type=\"container\" data-settings=\"{&quot;background_background&quot;:&quot;classic&quot;}\">\n\t\t\t\t<div class=\"elementor-element elementor-element-cdd89fc elementor-widget elementor-widget-heading\" data-id=\"cdd89fc\" data-element_type=\"widget\" data-e-type=\"widget\" data-widget_type=\"heading.default\">\n\t\t\t\t\t<div class=\"elementor-heading-title elementor-size-default\"><a href=\"https:\/\/www.homevillas360.com\/de\/landliche-uniterkunft-mallorca\/\">Landhaus<\/a><\/div>\t\t\t\t<\/div>\n\t\t\t\t<\/div>\n\t\t\t\t<\/div>\n\t\t\t\t<\/div>\n\t\t<div id=\"e-n-tab-content-559617963\" role=\"tabpanel\" aria-labelledby=\"e-n-tab-title-559617963\" data-tab-index=\"3\" style=\"--n-tabs-title-order: 3;\" class=\" elementor-element elementor-element-d671069 e-con-full e-flex e-con e-child\" data-id=\"d671069\" data-element_type=\"container\" data-e-type=\"container\">\n\t\t<div class=\"elementor-element elementor-element-9dfcdef e-con-full e-grid e-con e-child\" data-id=\"9dfcdef\" data-element_type=\"container\" data-e-type=\"container\" data-settings=\"{&quot;background_background&quot;:&quot;classic&quot;}\">\n\t\t<div class=\"elementor-element elementor-element-45f5710 e-con-full e-flex e-con e-child\" data-id=\"45f5710\" data-element_type=\"container\" data-e-type=\"container\" data-settings=\"{&quot;background_background&quot;:&quot;classic&quot;}\">\n\t\t\t\t<div class=\"elementor-element elementor-element-e4f6f06 elementor-widget elementor-widget-heading\" data-id=\"e4f6f06\" data-element_type=\"widget\" data-e-type=\"widget\" data-widget_type=\"heading.default\">\n\t\t\t\t\t<div class=\"elementor-heading-title elementor-size-default\"><a href=\"https:\/\/www.homevillas360.com\/de\/sommerurlaub-auf-mallorca\/\">Sommer<\/a><\/div>\t\t\t\t<\/div>\n\t\t\t\t<\/div>\n\t\t\t\t<\/div>\n\t\t\t\t<\/div>\n\t\t\t\t\t<\/div>\n\t\t<\/div>\n\t\t\t\t\t\t<\/div>\n\t\t\t\t\t<\/div>\n\t\t\t\t<\/div>\n\t\t\t\t<\/div>\n\t\t<\/div>\n\t\t\t\t\t\t<\/div>\n\t\t\t\t<\/div>\n\t\t\t\t\t<\/div>\n\t\t\t\t<\/div>\n\t\t\t\t<\/div>\n\t\t","protected":false},"excerpt":{"rendered":"<p>Villa in Son Serra de Marina Urlaub am Meer in ruhiger Umgebung Unterk\u00fcnfte Familien Apartments Pool Villen f\u00fcr Ihren Urlaub in Son Serra de Marina Son Serra de Marina &#8211;<\/p>\n","protected":false},"author":2,"featured_media":4913,"parent":0,"menu_order":0,"comment_status":"closed","ping_status":"closed","template":"","meta":{"_yoast_wpseo_focuskw":"villa-son-serra-de-marina","_yoast_wpseo_schema_page_type":"","_yoast_wpseo_schema_article_type":"","footnotes":""},"class_list":["post-4926","page","type-page","status-publish","has-post-thumbnail","hentry"],"yoast_head":"<!-- This site is optimized with the Yoast SEO plugin v28.2 - https:\/\/yoast.com\/product\/yoast-seo-wordpress\/ -->\n<title>Villa Son Serra de Marina: Ferienvermietung | Home Villas 360<\/title>\n<meta name=\"description\" content=\"\u00dcbernachten Sie in einer Villa in Son Serra de Marina und genie\u00dfen Sie einen ruhigen Urlaub am Meer in einer der nat\u00fcrlichsten Gegenden.\" \/>\n<meta name=\"robots\" content=\"index, follow, max-snippet:-1, max-image-preview:large, max-video-preview:-1\" \/>\n<link rel=\"canonical\" href=\"https:\/\/www.homevillas360.com\/de\/villa-son-serra-de-marina\/\" \/>\n<meta property=\"og:locale\" content=\"de_DE\" \/>\n<meta property=\"og:type\" content=\"article\" \/>\n<meta property=\"og:title\" content=\"Villa Son Serra de Marina: Ferienvermietung | Home Villas 360\" \/>\n<meta property=\"og:description\" content=\"\u00dcbernachten Sie in einer Villa in Son Serra de Marina und genie\u00dfen Sie einen ruhigen Urlaub am Meer in einer der nat\u00fcrlichsten Gegenden.\" \/>\n<meta property=\"og:url\" content=\"https:\/\/www.homevillas360.com\/de\/villa-son-serra-de-marina\/\" \/>\n<meta property=\"og:site_name\" content=\"Holiday rentals in Majorca | Home Villas 360\" \/>\n<meta property=\"article:modified_time\" content=\"2026-08-12T09:58:11+00:00\" \/>\n<meta property=\"og:image\" content=\"https:\/\/www.homevillas360.com\/wp-content\/uploads\/2026\/08\/villa-son-sera-de-marina.webp\" \/>\n\t<meta property=\"og:image:width\" content=\"800\" \/>\n\t<meta property=\"og:image:height\" content=\"481\" \/>\n\t<meta property=\"og:image:type\" content=\"image\/webp\" \/>\n<meta name=\"twitter:card\" content=\"summary_large_image\" \/>\n<meta name=\"twitter:label1\" content=\"Gesch\u00e4tzte Lesezeit\" \/>\n\t<meta name=\"twitter:data1\" content=\"6\u00a0Minuten\" \/>\n<script type=\"application\/ld+json\" class=\"yoast-schema-graph\">{\"@context\":\"https:\\\/\\\/schema.org\",\"@graph\":[{\"@type\":\"WebPage\",\"@id\":\"https:\\\/\\\/www.homevillas360.com\\\/de\\\/villa-son-serra-de-marina\\\/\",\"url\":\"https:\\\/\\\/www.homevillas360.com\\\/de\\\/villa-son-serra-de-marina\\\/\",\"name\":\"Villa Son Serra de Marina: Ferienvermietung | Home Villas 360\",\"isPartOf\":{\"@id\":\"https:\\\/\\\/www.homevillas360.com\\\/de\\\/#website\"},\"primaryImageOfPage\":{\"@id\":\"https:\\\/\\\/www.homevillas360.com\\\/de\\\/villa-son-serra-de-marina\\\/#primaryimage\"},\"image\":{\"@id\":\"https:\\\/\\\/www.homevillas360.com\\\/de\\\/villa-son-serra-de-marina\\\/#primaryimage\"},\"thumbnailUrl\":\"https:\\\/\\\/www.homevillas360.com\\\/wp-content\\\/uploads\\\/2026\\\/08\\\/villa-son-sera-de-marina.webp\",\"datePublished\":\"2026-08-12T09:22:07+00:00\",\"dateModified\":\"2026-08-12T09:58:11+00:00\",\"description\":\"\u00dcbernachten Sie in einer Villa in Son Serra de Marina und genie\u00dfen Sie einen ruhigen Urlaub am Meer in einer der nat\u00fcrlichsten Gegenden.\",\"breadcrumb\":{\"@id\":\"https:\\\/\\\/www.homevillas360.com\\\/de\\\/villa-son-serra-de-marina\\\/#breadcrumb\"},\"inLanguage\":\"de\",\"potentialAction\":[{\"@type\":\"ReadAction\",\"target\":[\"https:\\\/\\\/www.homevillas360.com\\\/de\\\/villa-son-serra-de-marina\\\/\"]}]},{\"@type\":\"ImageObject\",\"inLanguage\":\"de\",\"@id\":\"https:\\\/\\\/www.homevillas360.com\\\/de\\\/villa-son-serra-de-marina\\\/#primaryimage\",\"url\":\"https:\\\/\\\/www.homevillas360.com\\\/wp-content\\\/uploads\\\/2026\\\/08\\\/villa-son-sera-de-marina.webp\",\"contentUrl\":\"https:\\\/\\\/www.homevillas360.com\\\/wp-content\\\/uploads\\\/2026\\\/08\\\/villa-son-sera-de-marina.webp\",\"width\":800,\"height\":481},{\"@type\":\"BreadcrumbList\",\"@id\":\"https:\\\/\\\/www.homevillas360.com\\\/de\\\/villa-son-serra-de-marina\\\/#breadcrumb\",\"itemListElement\":[{\"@type\":\"ListItem\",\"position\":1,\"name\":\"Portada\",\"item\":\"https:\\\/\\\/www.homevillas360.com\\\/de\\\/\"},{\"@type\":\"ListItem\",\"position\":2,\"name\":\"Villa Son Serra de Marina\"}]},{\"@type\":\"WebSite\",\"@id\":\"https:\\\/\\\/www.homevillas360.com\\\/de\\\/#website\",\"url\":\"https:\\\/\\\/www.homevillas360.com\\\/de\\\/\",\"name\":\"Holiday rentals in Majorca |Home Villas 360\",\"description\":\"\",\"publisher\":{\"@id\":\"https:\\\/\\\/www.homevillas360.com\\\/de\\\/#organization\"},\"potentialAction\":[{\"@type\":\"SearchAction\",\"target\":{\"@type\":\"EntryPoint\",\"urlTemplate\":\"https:\\\/\\\/www.homevillas360.com\\\/de\\\/?s={search_term_string}\"},\"query-input\":{\"@type\":\"PropertyValueSpecification\",\"valueRequired\":true,\"valueName\":\"search_term_string\"}}],\"inLanguage\":\"de\"},{\"@type\":\"Organization\",\"@id\":\"https:\\\/\\\/www.homevillas360.com\\\/de\\\/#organization\",\"name\":\"Holiday rentals in Majorca |Home Villas 360\",\"url\":\"https:\\\/\\\/www.homevillas360.com\\\/de\\\/\",\"logo\":{\"@type\":\"ImageObject\",\"inLanguage\":\"de\",\"@id\":\"https:\\\/\\\/www.homevillas360.com\\\/de\\\/#\\\/schema\\\/logo\\\/image\\\/\",\"url\":\"https:\\\/\\\/www.homevillas360.com\\\/wp-content\\\/uploads\\\/2025\\\/12\\\/home-villas-360-color.png\",\"contentUrl\":\"https:\\\/\\\/www.homevillas360.com\\\/wp-content\\\/uploads\\\/2025\\\/12\\\/home-villas-360-color.png\",\"width\":400,\"height\":114,\"caption\":\"Holiday rentals in Majorca |Home Villas 360\"},\"image\":{\"@id\":\"https:\\\/\\\/www.homevillas360.com\\\/de\\\/#\\\/schema\\\/logo\\\/image\\\/\"}}]}<\/script>\n<!-- \/ Yoast SEO plugin. -->","yoast_head_json":{"title":"Villa Son Serra de Marina: Ferienvermietung | Home Villas 360","description":"\u00dcbernachten Sie in einer Villa in Son Serra de Marina und genie\u00dfen Sie einen ruhigen Urlaub am Meer in einer der nat\u00fcrlichsten Gegenden.","robots":{"index":"index","follow":"follow","max-snippet":"max-snippet:-1","max-image-preview":"max-image-preview:large","max-video-preview":"max-video-preview:-1"},"canonical":"https:\/\/www.homevillas360.com\/de\/villa-son-serra-de-marina\/","og_locale":"de_DE","og_type":"article","og_title":"Villa Son Serra de Marina: Ferienvermietung | Home Villas 360","og_description":"\u00dcbernachten Sie in einer Villa in Son Serra de Marina und genie\u00dfen Sie einen ruhigen Urlaub am Meer in einer der nat\u00fcrlichsten Gegenden.","og_url":"https:\/\/www.homevillas360.com\/de\/villa-son-serra-de-marina\/","og_site_name":"Holiday rentals in Majorca | Home Villas 360","article_modified_time":"2026-08-12T09:58:11+00:00","og_image":[{"width":800,"height":481,"url":"https:\/\/www.homevillas360.com\/wp-content\/uploads\/2026\/08\/villa-son-sera-de-marina.webp","type":"image\/webp"}],"twitter_card":"summary_large_image","twitter_misc":{"Gesch\u00e4tzte Lesezeit":"6\u00a0Minuten"},"schema":{"@context":"https:\/\/schema.org","@graph":[{"@type":"WebPage","@id":"https:\/\/www.homevillas360.com\/de\/villa-son-serra-de-marina\/","url":"https:\/\/www.homevillas360.com\/de\/villa-son-serra-de-marina\/","name":"Villa Son Serra de Marina: Ferienvermietung | Home Villas 360","isPartOf":{"@id":"https:\/\/www.homevillas360.com\/de\/#website"},"primaryImageOfPage":{"@id":"https:\/\/www.homevillas360.com\/de\/villa-son-serra-de-marina\/#primaryimage"},"image":{"@id":"https:\/\/www.homevillas360.com\/de\/villa-son-serra-de-marina\/#primaryimage"},"thumbnailUrl":"https:\/\/www.homevillas360.com\/wp-content\/uploads\/2026\/08\/villa-son-sera-de-marina.webp","datePublished":"2026-08-12T09:22:07+00:00","dateModified":"2026-08-12T09:58:11+00:00","description":"\u00dcbernachten Sie in einer Villa in Son Serra de Marina und genie\u00dfen Sie einen ruhigen Urlaub am Meer in einer der nat\u00fcrlichsten Gegenden.","breadcrumb":{"@id":"https:\/\/www.homevillas360.com\/de\/villa-son-serra-de-marina\/#breadcrumb"},"inLanguage":"de","potentialAction":[{"@type":"ReadAction","target":["https:\/\/www.homevillas360.com\/de\/villa-son-serra-de-marina\/"]}]},{"@type":"ImageObject","inLanguage":"de","@id":"https:\/\/www.homevillas360.com\/de\/villa-son-serra-de-marina\/#primaryimage","url":"https:\/\/www.homevillas360.com\/wp-content\/uploads\/2026\/08\/villa-son-sera-de-marina.webp","contentUrl":"https:\/\/www.homevillas360.com\/wp-content\/uploads\/2026\/08\/villa-son-sera-de-marina.webp","width":800,"height":481},{"@type":"BreadcrumbList","@id":"https:\/\/www.homevillas360.com\/de\/villa-son-serra-de-marina\/#breadcrumb","itemListElement":[{"@type":"ListItem","position":1,"name":"Portada","item":"https:\/\/www.homevillas360.com\/de\/"},{"@type":"ListItem","position":2,"name":"Villa Son Serra de Marina"}]},{"@type":"WebSite","@id":"https:\/\/www.homevillas360.com\/de\/#website","url":"https:\/\/www.homevillas360.com\/de\/","name":"Holiday rentals in Majorca |Home Villas 360","description":"","publisher":{"@id":"https:\/\/www.homevillas360.com\/de\/#organization"},"potentialAction":[{"@type":"SearchAction","target":{"@type":"EntryPoint","urlTemplate":"https:\/\/www.homevillas360.com\/de\/?s={search_term_string}"},"query-input":{"@type":"PropertyValueSpecification","valueRequired":true,"valueName":"search_term_string"}}],"inLanguage":"de"},{"@type":"Organization","@id":"https:\/\/www.homevillas360.com\/de\/#organization","name":"Holiday rentals in Majorca |Home Villas 360","url":"https:\/\/www.homevillas360.com\/de\/","logo":{"@type":"ImageObject","inLanguage":"de","@id":"https:\/\/www.homevillas360.com\/de\/#\/schema\/logo\/image\/","url":"https:\/\/www.homevillas360.com\/wp-content\/uploads\/2025\/12\/home-villas-360-color.png","contentUrl":"https:\/\/www.homevillas360.com\/wp-content\/uploads\/2025\/12\/home-villas-360-color.png","width":400,"height":114,"caption":"Holiday rentals in Majorca |Home Villas 360"},"image":{"@id":"https:\/\/www.homevillas360.com\/de\/#\/schema\/logo\/image\/"}}]}},"jetpack_sharing_enabled":true,"_links":{"self":[{"href":"https:\/\/www.homevillas360.com\/de\/wp-json\/wp\/v2\/pages\/4926","targetHints":{"allow":["GET"]}}],"collection":[{"href":"https:\/\/www.homevillas360.com\/de\/wp-json\/wp\/v2\/pages"}],"about":[{"href":"https:\/\/www.homevillas360.com\/de\/wp-json\/wp\/v2\/types\/page"}],"author":[{"embeddable":true,"href":"https:\/\/www.homevillas360.com\/de\/wp-json\/wp\/v2\/users\/2"}],"replies":[{"embeddable":true,"href":"https:\/\/www.homevillas360.com\/de\/wp-json\/wp\/v2\/comments?post=4926"}],"version-history":[{"count":4,"href":"https:\/\/www.homevillas360.com\/de\/wp-json\/wp\/v2\/pages\/4926\/revisions"}],"predecessor-version":[{"id":4934,"href":"https:\/\/www.homevillas360.com\/de\/wp-json\/wp\/v2\/pages\/4926\/revisions\/4934"}],"wp:featuredmedia":[{"embeddable":true,"href":"https:\/\/www.homevillas360.com\/de\/wp-json\/wp\/v2\/media\/4913"}],"wp:attachment":[{"href":"https:\/\/www.homevillas360.com\/de\/wp-json\/wp\/v2\/media?parent=4926"}],"curies":[{"name":"wp","href":"https:\/\/api.w.org\/{rel}","templated":true}]}}