{"id":4497,"date":"2026-07-07T13:20:03","date_gmt":"2026-07-07T13:20:03","guid":{"rendered":"https:\/\/www.homevillas360.com\/?page_id=4497"},"modified":"2026-07-07T13:24:50","modified_gmt":"2026-07-07T13:24:50","slug":"villas-en-alquiler-puerto-pollensa","status":"publish","type":"page","link":"https:\/\/www.homevillas360.com\/es\/villas-en-alquiler-puerto-pollensa\/","title":{"rendered":"Villas en alquiler en Puerto Pollensa"},"content":{"rendered":"\t\t<div data-elementor-type=\"wp-page\" data-elementor-id=\"4497\" class=\"elementor elementor-4497\" data-elementor-post-type=\"page\">\n\t\t\t\t<div class=\"elementor-element elementor-element-7973d2d e-con-full e-flex e-con e-parent\" data-id=\"7973d2d\" data-element_type=\"container\" data-e-type=\"container\" data-settings=\"{&quot;background_background&quot;:&quot;classic&quot;}\">\n\t\t\t\t<div class=\"elementor-element elementor-element-6e1a4996 elementor-widget elementor-widget-heading\" data-id=\"6e1a4996\" data-element_type=\"widget\" data-e-type=\"widget\" data-widget_type=\"heading.default\">\n\t\t\t\t\t<h1 class=\"elementor-heading-title elementor-size-default\">Villas en alquiler en Puerto Pollensa<\/h1>\t\t\t\t<\/div>\n\t\t\t\t<div class=\"elementor-element elementor-element-27d7612e elementor-widget elementor-widget-heading\" data-id=\"27d7612e\" data-element_type=\"widget\" data-e-type=\"widget\" data-widget_type=\"heading.default\">\n\t\t\t\t\t<h3 class=\"elementor-heading-title elementor-size-default\">Summer house in Mallorca with pool and sun<\/h3>\t\t\t\t<\/div>\n\t\t\t\t<\/div>\n\t\t<div class=\"elementor-element elementor-element-be6e93d e-flex e-con-boxed e-con e-parent\" data-id=\"be6e93d\" data-element_type=\"container\" data-e-type=\"container\">\n\t\t\t\t\t<div class=\"e-con-inner\">\n\t\t<div class=\"elementor-element elementor-element-5652e7f8 e-grid e-con-full e-con e-child\" data-id=\"5652e7f8\" data-element_type=\"container\" data-e-type=\"container\">\n\t\t<div class=\"elementor-element elementor-element-74fa7bb1 e-con-full e-flex e-con e-child\" data-id=\"74fa7bb1\" data-element_type=\"container\" data-e-type=\"container\">\n\t\t\t\t<div class=\"elementor-element elementor-element-671cb6af elementor-widget elementor-widget-heading\" data-id=\"671cb6af\" data-element_type=\"widget\" data-e-type=\"widget\" data-widget_type=\"heading.default\">\n\t\t\t\t\t<h2 class=\"elementor-heading-title elementor-size-default\"><a href=\"https:\/\/www.homevillas360.com\/es\/apartamentos-puerto-pollensa\/\">Apartamentos<\/a><\/h2>\t\t\t\t<\/div>\n\t\t\t\t<\/div>\n\t\t<div class=\"elementor-element elementor-element-398bf7ad e-con-full e-flex e-con e-child\" data-id=\"398bf7ad\" data-element_type=\"container\" data-e-type=\"container\">\n\t\t\t\t<div class=\"elementor-element elementor-element-3f36bd1 elementor-widget elementor-widget-heading\" data-id=\"3f36bd1\" data-element_type=\"widget\" data-e-type=\"widget\" data-widget_type=\"heading.default\">\n\t\t\t\t\t<h2 class=\"elementor-heading-title elementor-size-default\"><a href=\"https:\/\/www.homevillas360.com\/es\/alquiler-casas-en-mallorca\/\">Casas<\/a><\/h2>\t\t\t\t<\/div>\n\t\t\t\t<\/div>\n\t\t<div class=\"elementor-element elementor-element-16c12550 e-con-full e-flex e-con e-child\" data-id=\"16c12550\" data-element_type=\"container\" data-e-type=\"container\">\n\t\t\t\t<div class=\"elementor-element elementor-element-591e75c6 elementor-widget elementor-widget-heading\" data-id=\"591e75c6\" data-element_type=\"widget\" data-e-type=\"widget\" data-widget_type=\"heading.default\">\n\t\t\t\t\t<h2 class=\"elementor-heading-title elementor-size-default\"><a href=\"https:\/\/www.homevillas360.com\/es\/villas-en-mallorca\/\">Villas<\/a><\/h2>\t\t\t\t<\/div>\n\t\t\t\t<\/div>\n\t\t<div class=\"elementor-element elementor-element-177b5a8b e-con-full e-flex e-con e-child\" data-id=\"177b5a8b\" data-element_type=\"container\" data-e-type=\"container\">\n\t\t\t\t<div class=\"elementor-element elementor-element-12b21e48 elementor-widget elementor-widget-heading\" data-id=\"12b21e48\" data-element_type=\"widget\" data-e-type=\"widget\" data-widget_type=\"heading.default\">\n\t\t\t\t\t<h2 class=\"elementor-heading-title elementor-size-default\"><a href=\"https:\/\/www.homevillas360.com\/es\/alquiler-finca-mallorca\/\">Finca<\/a><\/h2>\t\t\t\t<\/div>\n\t\t\t\t<\/div>\n\t\t\t\t<\/div>\n\t\t\t\t\t<\/div>\n\t\t\t\t<\/div>\n\t\t<div class=\"elementor-element elementor-element-7fb69540 e-flex e-con-boxed e-con e-parent\" data-id=\"7fb69540\" data-element_type=\"container\" data-e-type=\"container\">\n\t\t\t\t\t<div class=\"e-con-inner\">\n\t\t\t\t<div class=\"elementor-element elementor-element-5dcc51f4 elementor-widget elementor-widget-heading\" data-id=\"5dcc51f4\" data-element_type=\"widget\" data-e-type=\"widget\" data-widget_type=\"heading.default\">\n\t\t\t\t\t<h2 class=\"elementor-heading-title elementor-size-default\">Villas en alquiler en Puerto Pollensa<\/h2>\t\t\t\t<\/div>\n\t\t\t\t<div class=\"elementor-element elementor-element-41533f44 elementor-widget elementor-widget-grid\" data-id=\"41533f44\" data-element_type=\"widget\" data-e-type=\"widget\" data-widget_type=\"grid.default\">\n\t\t\t\t<div class=\"elementor-widget-container\">\n\t\t\t\t\t\t\t<div class=\"its--row alojamientos-recomendados\">\n\n\t\t\t<div class=\"alojamientos-recomendados-container\">\n\n\t\t\t\t\t\n\t\t\t\t\t<a href=\"https:\/\/bookings.homevillas360.com\/es\/alquiler\/villa-pollensa-villa-can-teulada-by-home-villas-360-489089.html\" rel=\"nofollow\" style=\"width: 32%;\">\n\t\t\t\t\t\t<div class=\"apartamento-box\">\n\t\t\t\t\t\t\t<div class=\"imagen_recomendados\">\n\t\t\t\t\t\t\t\t<img decoding=\"async\" src=\"https:\/\/crs.avantio.com\/fotos\/2\/17172612750bb40477184bd43c064f24ba02b16d13\/big17172613689d5d13883ac2db1f62811be50074a366.jpg\" alt=\"Villa Can Teulada in Pollensa by Home Villas 360\">\n\t\t\t\t\t\t\t<\/div>\n\t\t\t\t\t\t\t<div class=\"info\">\n\t\t\t\t\t\t\t\t<div class=\"ubicacion\">\n\t\t\t\t\t\t\t\t\t<i class=\"fa-solid fa-location-dot icono-mapa\"><\/i><span class=\"ubicacion-texto\">Pollensa \/ Pollen\u00e7a - Mallorca<\/span>\n\t\t\t\t\t\t\t\t<\/div>\n\t\t\t\t\t\t\t\t<H3 class=\"titulo-alojamiento\">\n\t\t\t\t\t\t\t\t\tVilla Can Teulada in Pollensa by Home Villas 360\t\t\t\t\t\t\t\t<\/H3>\n\t\t\t\t\t\t\t\t<p class=\"precio-alojamiento\">Desde <span class=\"precio\">384.10\u20ac<\/span> por noche<\/p>\n\t\t\t\t\t\t\t<\/div>\n\t\t\t\t\t\t<\/div>\n\t\t\t\t\t<\/a> \n\t\t\t\t\t\t\n\t\t\t\t\t<a href=\"https:\/\/bookings.homevillas360.com\/es\/alquiler\/villa-pollensa-villa-can-pallicer-by-home-villas-360-563336.html\" rel=\"nofollow\" style=\"width: 32%;\">\n\t\t\t\t\t\t<div class=\"apartamento-box\">\n\t\t\t\t\t\t\t<div class=\"imagen_recomendados\">\n\t\t\t\t\t\t\t\t<img decoding=\"async\" src=\"https:\/\/crs.avantio.com\/fotos\/3\/1749047041395006242023ca9c50acc4c6c4fadbec\/big174904715200ee7e27be6befa54d2b5a0bc7f81d35.jpg\" alt=\"Villa Can Pallicer in Pollensa by Home Villas 360\">\n\t\t\t\t\t\t\t<\/div>\n\t\t\t\t\t\t\t<div class=\"info\">\n\t\t\t\t\t\t\t\t<div class=\"ubicacion\">\n\t\t\t\t\t\t\t\t\t<i class=\"fa-solid fa-location-dot icono-mapa\"><\/i><span class=\"ubicacion-texto\">Pollensa \/ Pollen\u00e7a - Mallorca<\/span>\n\t\t\t\t\t\t\t\t<\/div>\n\t\t\t\t\t\t\t\t<H3 class=\"titulo-alojamiento\">\n\t\t\t\t\t\t\t\t\tVilla Can Pallicer in Pollensa by Home Villas 360\t\t\t\t\t\t\t\t<\/H3>\n\t\t\t\t\t\t\t\t<p class=\"precio-alojamiento\">Desde <span class=\"precio\">356.50\u20ac<\/span> por noche<\/p>\n\t\t\t\t\t\t\t<\/div>\n\t\t\t\t\t\t<\/div>\n\t\t\t\t\t<\/a> \n\t\t\t\t\t\t\n\t\t\t\t\t<a href=\"https:\/\/bookings.homevillas360.com\/es\/alquiler\/villa-pollensa-villa-can-miro-by-home-villas-360-680181.html\" rel=\"nofollow\" style=\"width: 32%;\">\n\t\t\t\t\t\t<div class=\"apartamento-box\">\n\t\t\t\t\t\t\t<div class=\"imagen_recomendados\">\n\t\t\t\t\t\t\t\t<img decoding=\"async\" src=\"https:\/\/crs.avantio.com\/fotos\/3\/1763379647571bc06a99b129d387df486bad6692ac\/big1763380304f2c8995952063fe6743c39a794437692.jpg\" alt=\"Villa Can Miro in Pollensa by Home Villas 360\">\n\t\t\t\t\t\t\t<\/div>\n\t\t\t\t\t\t\t<div class=\"info\">\n\t\t\t\t\t\t\t\t<div class=\"ubicacion\">\n\t\t\t\t\t\t\t\t\t<i class=\"fa-solid fa-location-dot icono-mapa\"><\/i><span class=\"ubicacion-texto\">Pollensa \/ Pollen\u00e7a - Mallorca<\/span>\n\t\t\t\t\t\t\t\t<\/div>\n\t\t\t\t\t\t\t\t<H3 class=\"titulo-alojamiento\">\n\t\t\t\t\t\t\t\t\tVilla Can Miro in Pollensa by Home Villas 360\t\t\t\t\t\t\t\t<\/H3>\n\t\t\t\t\t\t\t\t<p class=\"precio-alojamiento\">Desde <span class=\"precio\">116.15\u20ac<\/span> por noche<\/p>\n\t\t\t\t\t\t\t<\/div>\n\t\t\t\t\t\t<\/div>\n\t\t\t\t\t<\/a> \n\t\t\t\t\t\t\t\t<\/div>\n\t\t\t<\/div>\n\t\t\t\t\t\t<\/div>\n\t\t\t\t<\/div>\n\t\t\t\t<div class=\"elementor-element elementor-element-1718717c elementor-align-center elementor-widget elementor-widget-button\" data-id=\"1718717c\" data-element_type=\"widget\" data-e-type=\"widget\" data-widget_type=\"button.default\">\n\t\t\t\t\t\t\t\t\t\t<a class=\"elementor-button elementor-button-link elementor-size-sm\" href=\"https:\/\/bookings.homevillas360.com\/es\/alquiler\/alquileres-pollensa-d459611\/\">\n\t\t\t\t\t\t<span class=\"elementor-button-content-wrapper\">\n\t\t\t\t\t\t\t\t\t<span class=\"elementor-button-text\">Mostrar todo<\/span>\n\t\t\t\t\t<\/span>\n\t\t\t\t\t<\/a>\n\t\t\t\t\t\t\t\t<\/div>\n\t\t\t\t\t<\/div>\n\t\t\t\t<\/div>\n\t\t<div class=\"elementor-element elementor-element-64ec5636 e-flex e-con-boxed e-con e-parent\" data-id=\"64ec5636\" data-element_type=\"container\" data-e-type=\"container\" data-settings=\"{&quot;background_background&quot;:&quot;classic&quot;}\">\n\t\t\t\t\t<div class=\"e-con-inner\">\n\t\t<div class=\"elementor-element elementor-element-300fb1f7 e-con-full e-flex e-con e-child\" data-id=\"300fb1f7\" data-element_type=\"container\" data-e-type=\"container\">\n\t\t\t\t<div class=\"elementor-element elementor-element-61c5f202 elementor-widget elementor-widget-heading\" data-id=\"61c5f202\" data-element_type=\"widget\" data-e-type=\"widget\" data-widget_type=\"heading.default\">\n\t\t\t\t\t<h2 class=\"elementor-heading-title elementor-size-default\">Alquiler de villas en Puerto Pollensa para unas vacaciones con m\u00e1s libertad<\/h2>\t\t\t\t<\/div>\n\t\t\t\t<div class=\"elementor-element elementor-element-5e3bac8b elementor-widget elementor-widget-text-editor\" data-id=\"5e3bac8b\" data-element_type=\"widget\" data-e-type=\"widget\" data-widget_type=\"text-editor.default\">\n\t\t\t\t\t\t\t\t\t<p class=\"isSelectedEnd\">Elegir una villa en Puerto Pollensa es una forma diferente de disfrutar las vacaciones. No se trata \u00fanicamente de tener un alojamiento donde dormir, sino de contar con un espacio propio en el que organizar cada d\u00eda sin prisas, compartir momentos en familia o con amigos y descansar con mayor privacidad despu\u00e9s de descubrir la zona.<\/p><p>Nuestras villas en alquiler en Puerto Pollensa est\u00e1n pensadas para estancias c\u00f3modas, tanto si buscas una escapada tranquila como si quieres pasar varios d\u00edas explorando el norte de Mallorca. La zona ofrece una excelente combinaci\u00f3n entre playa, servicios, restaurantes, rutas, excursiones y ambiente mediterr\u00e1neo, lo que la convierte en una opci\u00f3n muy completa para diferentes tipos de viajeros.<\/p>\t\t\t\t\t\t\t\t<\/div>\n\t\t\t\t<\/div>\n\t\t<div class=\"elementor-element elementor-element-8bf9575 e-con-full e-flex e-con e-child\" data-id=\"8bf9575\" data-element_type=\"container\" data-e-type=\"container\">\n\t\t\t\t<div class=\"elementor-element elementor-element-a102ec5 elementor-widget elementor-widget-image\" data-id=\"a102ec5\" data-element_type=\"widget\" data-e-type=\"widget\" data-widget_type=\"image.default\">\n\t\t\t\t\t\t\t\t\t\t\t\t\t\t\t<img fetchpriority=\"high\" decoding=\"async\" width=\"800\" height=\"533\" src=\"https:\/\/www.homevillas360.com\/wp-content\/uploads\/2026\/07\/villas-en-alquiler-puerto-pollensa-1.webp\" class=\"attachment-large size-large wp-image-4502\" alt=\"villas en alquiler en puerto pollensa\" srcset=\"https:\/\/www.homevillas360.com\/wp-content\/uploads\/2026\/07\/villas-en-alquiler-puerto-pollensa-1.webp 800w, https:\/\/www.homevillas360.com\/wp-content\/uploads\/2026\/07\/villas-en-alquiler-puerto-pollensa-1-300x200.webp 300w, https:\/\/www.homevillas360.com\/wp-content\/uploads\/2026\/07\/villas-en-alquiler-puerto-pollensa-1-768x512.webp 768w\" sizes=\"(max-width: 800px) 100vw, 800px\" \/>\t\t\t\t\t\t\t\t\t\t\t\t\t\t\t<\/div>\n\t\t\t\t<\/div>\n\t\t\t\t\t<\/div>\n\t\t\t\t<\/div>\n\t\t<div class=\"elementor-element elementor-element-108afa7d e-flex e-con-boxed e-con e-parent\" data-id=\"108afa7d\" data-element_type=\"container\" data-e-type=\"container\">\n\t\t\t\t\t<div class=\"e-con-inner\">\n\t\t\t\t<div class=\"elementor-element elementor-element-69261adf elementor-widget elementor-widget-heading\" data-id=\"69261adf\" data-element_type=\"widget\" data-e-type=\"widget\" data-widget_type=\"heading.default\">\n\t\t\t\t\t<h2 class=\"elementor-heading-title elementor-size-default\">Villas en alquiler en Puerto Pollensa para familias<\/h2>\t\t\t\t<\/div>\n\t\t\t\t<div class=\"elementor-element elementor-element-11336fab elementor-widget elementor-widget-grid\" data-id=\"11336fab\" data-element_type=\"widget\" data-e-type=\"widget\" data-widget_type=\"grid.default\">\n\t\t\t\t<div class=\"elementor-widget-container\">\n\t\t\t\t\t\t\t<div class=\"its--row alojamientos-recomendados\">\n\n\t\t\t<div class=\"alojamientos-recomendados-container\">\n\n\t\t\t\t\t\n\t\t\t\t\t<a href=\"https:\/\/bookings.homevillas360.com\/es\/alquiler\/villa-pollensa-family-villa-can-tomeu-by-home-villas-360-376216.html\" rel=\"nofollow\" style=\"width: 23%;\">\n\t\t\t\t\t\t<div class=\"apartamento-box\">\n\t\t\t\t\t\t\t<div class=\"imagen_recomendados\">\n\t\t\t\t\t\t\t\t<img decoding=\"async\" src=\"https:\/\/crs.avantio.com\/fotos\/2\/1641977554b6f7df76f4a3500ae99b8e5cd930a7b3\/big1686919340499d95b809a550253a394b43699cd7cc.jpg\" alt=\" Family Villa Can Tomeu By home villas 360\">\n\t\t\t\t\t\t\t<\/div>\n\t\t\t\t\t\t\t<div class=\"info\">\n\t\t\t\t\t\t\t\t<div class=\"ubicacion\">\n\t\t\t\t\t\t\t\t\t<i class=\"fa-solid fa-location-dot icono-mapa\"><\/i><span class=\"ubicacion-texto\">Pollensa - Mallorca<\/span>\n\t\t\t\t\t\t\t\t<\/div>\n\t\t\t\t\t\t\t\t<H3 class=\"titulo-alojamiento\">\n\t\t\t\t\t\t\t\t\t Family Villa Can Tomeu By home villas 360\t\t\t\t\t\t\t\t<\/H3>\n\t\t\t\t\t\t\t\t<p class=\"precio-alojamiento\">Desde <span class=\"precio\">236.90\u20ac<\/span> por noche<\/p>\n\t\t\t\t\t\t\t<\/div>\n\t\t\t\t\t\t<\/div>\n\t\t\t\t\t<\/a> \n\t\t\t\t\t\t\n\t\t\t\t\t<a href=\"https:\/\/bookings.homevillas360.com\/es\/alquiler\/villa-pollensa-villa-la-palmera-by-home-villas-360-376230.html\" rel=\"nofollow\" style=\"width: 23%;\">\n\t\t\t\t\t\t<div class=\"apartamento-box\">\n\t\t\t\t\t\t\t<div class=\"imagen_recomendados\">\n\t\t\t\t\t\t\t\t<img decoding=\"async\" src=\"https:\/\/crs.avantio.com\/fotos\/2\/1641977727d070caa911443af2c49b522851b7c90a\/big164578794775be3e8f773c87e01c14e37eede4813b.jpg\" alt=\"Villa La Palmera By home villas 360\">\n\t\t\t\t\t\t\t<\/div>\n\t\t\t\t\t\t\t<div class=\"info\">\n\t\t\t\t\t\t\t\t<div class=\"ubicacion\">\n\t\t\t\t\t\t\t\t\t<i class=\"fa-solid fa-location-dot icono-mapa\"><\/i><span class=\"ubicacion-texto\">Pollensa - Mallorca<\/span>\n\t\t\t\t\t\t\t\t<\/div>\n\t\t\t\t\t\t\t\t<H3 class=\"titulo-alojamiento\">\n\t\t\t\t\t\t\t\t\tVilla La Palmera By home villas 360\t\t\t\t\t\t\t\t<\/H3>\n\t\t\t\t\t\t\t\t<p class=\"precio-alojamiento\">Desde <span class=\"precio\">93.15\u20ac<\/span> por noche<\/p>\n\t\t\t\t\t\t\t<\/div>\n\t\t\t\t\t\t<\/div>\n\t\t\t\t\t<\/a> \n\t\t\t\t\t\t\n\t\t\t\t\t<a href=\"https:\/\/bookings.homevillas360.com\/es\/alquiler\/villa-pollensa-villa-can-bajoca-near-pollensa-by-home-villas-360-376233.html\" rel=\"nofollow\" style=\"width: 23%;\">\n\t\t\t\t\t\t<div class=\"apartamento-box\">\n\t\t\t\t\t\t\t<div class=\"imagen_recomendados\">\n\t\t\t\t\t\t\t\t<img decoding=\"async\" src=\"https:\/\/crs.avantio.com\/fotos\/2\/1642496059e2d3b3eac0860a8a54a075d08d69f41a\/big1642496066a2bea44bf68e5fdfd142d62c60a0ddfe.jpg\" alt=\"Villa Can Bajoca near Pollensa by Home Villas 360\">\n\t\t\t\t\t\t\t<\/div>\n\t\t\t\t\t\t\t<div class=\"info\">\n\t\t\t\t\t\t\t\t<div class=\"ubicacion\">\n\t\t\t\t\t\t\t\t\t<i class=\"fa-solid fa-location-dot icono-mapa\"><\/i><span class=\"ubicacion-texto\">Pollensa - Mallorca<\/span>\n\t\t\t\t\t\t\t\t<\/div>\n\t\t\t\t\t\t\t\t<H3 class=\"titulo-alojamiento\">\n\t\t\t\t\t\t\t\t\tVilla Can Bajoca near Pollensa by Home Villas 360\t\t\t\t\t\t\t\t<\/H3>\n\t\t\t\t\t\t\t\t<p class=\"precio-alojamiento\">Desde <span class=\"precio\">81.65\u20ac<\/span> por noche<\/p>\n\t\t\t\t\t\t\t<\/div>\n\t\t\t\t\t\t<\/div>\n\t\t\t\t\t<\/a> \n\t\t\t\t\t\t\n\t\t\t\t\t<a href=\"https:\/\/bookings.homevillas360.com\/es\/alquiler\/villa-pollensa-villa-muntalegre-by-home-villas-360-376241.html\" rel=\"nofollow\" style=\"width: 23%;\">\n\t\t\t\t\t\t<div class=\"apartamento-box\">\n\t\t\t\t\t\t\t<div class=\"imagen_recomendados\">\n\t\t\t\t\t\t\t\t<img decoding=\"async\" src=\"https:\/\/crs.avantio.com\/fotos\/2\/1641977923a5675feefe18211770d311d6ae0e55c8\/big164197792538e5e68c10bd500400cb3ce177a2d5b3.jpg\" alt=\" Villa Muntalegre in Pollensa by Home Villas 360\">\n\t\t\t\t\t\t\t<\/div>\n\t\t\t\t\t\t\t<div class=\"info\">\n\t\t\t\t\t\t\t\t<div class=\"ubicacion\">\n\t\t\t\t\t\t\t\t\t<i class=\"fa-solid fa-location-dot icono-mapa\"><\/i><span class=\"ubicacion-texto\">Pollensa - Mallorca<\/span>\n\t\t\t\t\t\t\t\t<\/div>\n\t\t\t\t\t\t\t\t<H3 class=\"titulo-alojamiento\">\n\t\t\t\t\t\t\t\t\t Villa Muntalegre in Pollensa by Home Villas 360\t\t\t\t\t\t\t\t<\/H3>\n\t\t\t\t\t\t\t\t<p class=\"precio-alojamiento\">Desde <span class=\"precio\">415.15\u20ac<\/span> por noche<\/p>\n\t\t\t\t\t\t\t<\/div>\n\t\t\t\t\t\t<\/div>\n\t\t\t\t\t<\/a> \n\t\t\t\t\t\t\t\t<\/div>\n\t\t\t<\/div>\n\t\t\t\t\t\t<\/div>\n\t\t\t\t<\/div>\n\t\t\t\t\t<\/div>\n\t\t\t\t<\/div>\n\t\t<div class=\"elementor-element elementor-element-726ffba e-flex e-con-boxed e-con e-parent\" data-id=\"726ffba\" data-element_type=\"container\" data-e-type=\"container\">\n\t\t\t\t\t<div class=\"e-con-inner\">\n\t\t\t\t<div class=\"elementor-element elementor-element-44d5858e elementor-widget elementor-widget-heading\" data-id=\"44d5858e\" data-element_type=\"widget\" data-e-type=\"widget\" data-widget_type=\"heading.default\">\n\t\t\t\t\t<h2 class=\"elementor-heading-title elementor-size-default\">Villas en Puerto Pollensa con piscina<\/h2>\t\t\t\t<\/div>\n\t\t\t\t<div class=\"elementor-element elementor-element-24b27cc1 elementor-widget elementor-widget-grid\" data-id=\"24b27cc1\" data-element_type=\"widget\" data-e-type=\"widget\" data-widget_type=\"grid.default\">\n\t\t\t\t<div class=\"elementor-widget-container\">\n\t\t\t\t\t\t\t<div class=\"its--row alojamientos-recomendados\">\n\n\t\t\t<div class=\"alojamientos-recomendados-container\">\n\n\t\t\t\t\t\n\t\t\t\t\t<a href=\"https:\/\/bookings.homevillas360.com\/es\/alquiler\/villa-pollensa-family-villa-can-tomeu-by-home-villas-360-376216.html\" rel=\"nofollow\" style=\"width: 23%;\">\n\t\t\t\t\t\t<div class=\"apartamento-box\">\n\t\t\t\t\t\t\t<div class=\"imagen_recomendados\">\n\t\t\t\t\t\t\t\t<img decoding=\"async\" src=\"https:\/\/crs.avantio.com\/fotos\/2\/1641977554b6f7df76f4a3500ae99b8e5cd930a7b3\/big1686919340499d95b809a550253a394b43699cd7cc.jpg\" alt=\" Family Villa Can Tomeu By home villas 360\">\n\t\t\t\t\t\t\t<\/div>\n\t\t\t\t\t\t\t<div class=\"info\">\n\t\t\t\t\t\t\t\t<div class=\"ubicacion\">\n\t\t\t\t\t\t\t\t\t<i class=\"fa-solid fa-location-dot icono-mapa\"><\/i><span class=\"ubicacion-texto\">Pollensa - Mallorca<\/span>\n\t\t\t\t\t\t\t\t<\/div>\n\t\t\t\t\t\t\t\t<H3 class=\"titulo-alojamiento\">\n\t\t\t\t\t\t\t\t\t Family Villa Can Tomeu By home villas 360\t\t\t\t\t\t\t\t<\/H3>\n\t\t\t\t\t\t\t\t<p class=\"precio-alojamiento\">Desde <span class=\"precio\">236.90\u20ac<\/span> por noche<\/p>\n\t\t\t\t\t\t\t<\/div>\n\t\t\t\t\t\t<\/div>\n\t\t\t\t\t<\/a> \n\t\t\t\t\t\t\n\t\t\t\t\t<a href=\"https:\/\/bookings.homevillas360.com\/es\/alquiler\/villa-pollensa-villa-la-palmera-by-home-villas-360-376230.html\" rel=\"nofollow\" style=\"width: 23%;\">\n\t\t\t\t\t\t<div class=\"apartamento-box\">\n\t\t\t\t\t\t\t<div class=\"imagen_recomendados\">\n\t\t\t\t\t\t\t\t<img decoding=\"async\" src=\"https:\/\/crs.avantio.com\/fotos\/2\/1641977727d070caa911443af2c49b522851b7c90a\/big164578794775be3e8f773c87e01c14e37eede4813b.jpg\" alt=\"Villa La Palmera By home villas 360\">\n\t\t\t\t\t\t\t<\/div>\n\t\t\t\t\t\t\t<div class=\"info\">\n\t\t\t\t\t\t\t\t<div class=\"ubicacion\">\n\t\t\t\t\t\t\t\t\t<i class=\"fa-solid fa-location-dot icono-mapa\"><\/i><span class=\"ubicacion-texto\">Pollensa - Mallorca<\/span>\n\t\t\t\t\t\t\t\t<\/div>\n\t\t\t\t\t\t\t\t<H3 class=\"titulo-alojamiento\">\n\t\t\t\t\t\t\t\t\tVilla La Palmera By home villas 360\t\t\t\t\t\t\t\t<\/H3>\n\t\t\t\t\t\t\t\t<p class=\"precio-alojamiento\">Desde <span class=\"precio\">93.15\u20ac<\/span> por noche<\/p>\n\t\t\t\t\t\t\t<\/div>\n\t\t\t\t\t\t<\/div>\n\t\t\t\t\t<\/a> \n\t\t\t\t\t\t\n\t\t\t\t\t<a href=\"https:\/\/bookings.homevillas360.com\/es\/alquiler\/villa-pollensa-villa-can-bajoca-near-pollensa-by-home-villas-360-376233.html\" rel=\"nofollow\" style=\"width: 23%;\">\n\t\t\t\t\t\t<div class=\"apartamento-box\">\n\t\t\t\t\t\t\t<div class=\"imagen_recomendados\">\n\t\t\t\t\t\t\t\t<img decoding=\"async\" src=\"https:\/\/crs.avantio.com\/fotos\/2\/1642496059e2d3b3eac0860a8a54a075d08d69f41a\/big1642496066a2bea44bf68e5fdfd142d62c60a0ddfe.jpg\" alt=\"Villa Can Bajoca near Pollensa by Home Villas 360\">\n\t\t\t\t\t\t\t<\/div>\n\t\t\t\t\t\t\t<div class=\"info\">\n\t\t\t\t\t\t\t\t<div class=\"ubicacion\">\n\t\t\t\t\t\t\t\t\t<i class=\"fa-solid fa-location-dot icono-mapa\"><\/i><span class=\"ubicacion-texto\">Pollensa - Mallorca<\/span>\n\t\t\t\t\t\t\t\t<\/div>\n\t\t\t\t\t\t\t\t<H3 class=\"titulo-alojamiento\">\n\t\t\t\t\t\t\t\t\tVilla Can Bajoca near Pollensa by Home Villas 360\t\t\t\t\t\t\t\t<\/H3>\n\t\t\t\t\t\t\t\t<p class=\"precio-alojamiento\">Desde <span class=\"precio\">81.65\u20ac<\/span> por noche<\/p>\n\t\t\t\t\t\t\t<\/div>\n\t\t\t\t\t\t<\/div>\n\t\t\t\t\t<\/a> \n\t\t\t\t\t\t\n\t\t\t\t\t<a href=\"https:\/\/bookings.homevillas360.com\/es\/alquiler\/villa-pollensa-villa-muntalegre-by-home-villas-360-376241.html\" rel=\"nofollow\" style=\"width: 23%;\">\n\t\t\t\t\t\t<div class=\"apartamento-box\">\n\t\t\t\t\t\t\t<div class=\"imagen_recomendados\">\n\t\t\t\t\t\t\t\t<img decoding=\"async\" src=\"https:\/\/crs.avantio.com\/fotos\/2\/1641977923a5675feefe18211770d311d6ae0e55c8\/big164197792538e5e68c10bd500400cb3ce177a2d5b3.jpg\" alt=\" Villa Muntalegre in Pollensa by Home Villas 360\">\n\t\t\t\t\t\t\t<\/div>\n\t\t\t\t\t\t\t<div class=\"info\">\n\t\t\t\t\t\t\t\t<div class=\"ubicacion\">\n\t\t\t\t\t\t\t\t\t<i class=\"fa-solid fa-location-dot icono-mapa\"><\/i><span class=\"ubicacion-texto\">Pollensa - Mallorca<\/span>\n\t\t\t\t\t\t\t\t<\/div>\n\t\t\t\t\t\t\t\t<H3 class=\"titulo-alojamiento\">\n\t\t\t\t\t\t\t\t\t Villa Muntalegre in Pollensa by Home Villas 360\t\t\t\t\t\t\t\t<\/H3>\n\t\t\t\t\t\t\t\t<p class=\"precio-alojamiento\">Desde <span class=\"precio\">415.15\u20ac<\/span> por noche<\/p>\n\t\t\t\t\t\t\t<\/div>\n\t\t\t\t\t\t<\/div>\n\t\t\t\t\t<\/a> \n\t\t\t\t\t\t\t\t<\/div>\n\t\t\t<\/div>\n\t\t\t\t\t\t<\/div>\n\t\t\t\t<\/div>\n\t\t\t\t\t<\/div>\n\t\t\t\t<\/div>\n\t\t<div class=\"elementor-element elementor-element-14c3f4ec e-flex e-con-boxed e-con e-parent\" data-id=\"14c3f4ec\" data-element_type=\"container\" data-e-type=\"container\">\n\t\t\t\t\t<div class=\"e-con-inner\">\n\t\t\t\t<div class=\"elementor-element elementor-element-30bf63be elementor-widget elementor-widget-heading\" data-id=\"30bf63be\" data-element_type=\"widget\" data-e-type=\"widget\" data-widget_type=\"heading.default\">\n\t\t\t\t\t<h2 class=\"elementor-heading-title elementor-size-default\">Villas rurales en Puerto Pollensa<\/h2>\t\t\t\t<\/div>\n\t\t\t\t<div class=\"elementor-element elementor-element-2b4d251c elementor-widget elementor-widget-grid\" data-id=\"2b4d251c\" data-element_type=\"widget\" data-e-type=\"widget\" data-widget_type=\"grid.default\">\n\t\t\t\t<div class=\"elementor-widget-container\">\n\t\t\t\t\t\t\t<div class=\"its--row alojamientos-recomendados\">\n\n\t\t\t<div class=\"alojamientos-recomendados-container\">\n\n\t\t\t\t\t\n\t\t\t\t\t<a href=\"https:\/\/bookings.homevillas360.com\/es\/alquiler\/villa-pollensa-family-villa-can-tomeu-by-home-villas-360-376216.html\" rel=\"nofollow\" style=\"width: 23%;\">\n\t\t\t\t\t\t<div class=\"apartamento-box\">\n\t\t\t\t\t\t\t<div class=\"imagen_recomendados\">\n\t\t\t\t\t\t\t\t<img decoding=\"async\" src=\"https:\/\/crs.avantio.com\/fotos\/2\/1641977554b6f7df76f4a3500ae99b8e5cd930a7b3\/big1686919340499d95b809a550253a394b43699cd7cc.jpg\" alt=\" Family Villa Can Tomeu By home villas 360\">\n\t\t\t\t\t\t\t<\/div>\n\t\t\t\t\t\t\t<div class=\"info\">\n\t\t\t\t\t\t\t\t<div class=\"ubicacion\">\n\t\t\t\t\t\t\t\t\t<i class=\"fa-solid fa-location-dot icono-mapa\"><\/i><span class=\"ubicacion-texto\">Pollensa - Mallorca<\/span>\n\t\t\t\t\t\t\t\t<\/div>\n\t\t\t\t\t\t\t\t<H3 class=\"titulo-alojamiento\">\n\t\t\t\t\t\t\t\t\t Family Villa Can Tomeu By home villas 360\t\t\t\t\t\t\t\t<\/H3>\n\t\t\t\t\t\t\t\t<p class=\"precio-alojamiento\">Desde <span class=\"precio\">236.90\u20ac<\/span> por noche<\/p>\n\t\t\t\t\t\t\t<\/div>\n\t\t\t\t\t\t<\/div>\n\t\t\t\t\t<\/a> \n\t\t\t\t\t\t\n\t\t\t\t\t<a href=\"https:\/\/bookings.homevillas360.com\/es\/alquiler\/villa-pollensa-villa-la-palmera-by-home-villas-360-376230.html\" rel=\"nofollow\" style=\"width: 23%;\">\n\t\t\t\t\t\t<div class=\"apartamento-box\">\n\t\t\t\t\t\t\t<div class=\"imagen_recomendados\">\n\t\t\t\t\t\t\t\t<img decoding=\"async\" src=\"https:\/\/crs.avantio.com\/fotos\/2\/1641977727d070caa911443af2c49b522851b7c90a\/big164578794775be3e8f773c87e01c14e37eede4813b.jpg\" alt=\"Villa La Palmera By home villas 360\">\n\t\t\t\t\t\t\t<\/div>\n\t\t\t\t\t\t\t<div class=\"info\">\n\t\t\t\t\t\t\t\t<div class=\"ubicacion\">\n\t\t\t\t\t\t\t\t\t<i class=\"fa-solid fa-location-dot icono-mapa\"><\/i><span class=\"ubicacion-texto\">Pollensa - Mallorca<\/span>\n\t\t\t\t\t\t\t\t<\/div>\n\t\t\t\t\t\t\t\t<H3 class=\"titulo-alojamiento\">\n\t\t\t\t\t\t\t\t\tVilla La Palmera By home villas 360\t\t\t\t\t\t\t\t<\/H3>\n\t\t\t\t\t\t\t\t<p class=\"precio-alojamiento\">Desde <span class=\"precio\">93.15\u20ac<\/span> por noche<\/p>\n\t\t\t\t\t\t\t<\/div>\n\t\t\t\t\t\t<\/div>\n\t\t\t\t\t<\/a> \n\t\t\t\t\t\t\n\t\t\t\t\t<a href=\"https:\/\/bookings.homevillas360.com\/es\/alquiler\/villa-pollensa-villa-can-bajoca-near-pollensa-by-home-villas-360-376233.html\" rel=\"nofollow\" style=\"width: 23%;\">\n\t\t\t\t\t\t<div class=\"apartamento-box\">\n\t\t\t\t\t\t\t<div class=\"imagen_recomendados\">\n\t\t\t\t\t\t\t\t<img decoding=\"async\" src=\"https:\/\/crs.avantio.com\/fotos\/2\/1642496059e2d3b3eac0860a8a54a075d08d69f41a\/big1642496066a2bea44bf68e5fdfd142d62c60a0ddfe.jpg\" alt=\"Villa Can Bajoca near Pollensa by Home Villas 360\">\n\t\t\t\t\t\t\t<\/div>\n\t\t\t\t\t\t\t<div class=\"info\">\n\t\t\t\t\t\t\t\t<div class=\"ubicacion\">\n\t\t\t\t\t\t\t\t\t<i class=\"fa-solid fa-location-dot icono-mapa\"><\/i><span class=\"ubicacion-texto\">Pollensa - Mallorca<\/span>\n\t\t\t\t\t\t\t\t<\/div>\n\t\t\t\t\t\t\t\t<H3 class=\"titulo-alojamiento\">\n\t\t\t\t\t\t\t\t\tVilla Can Bajoca near Pollensa by Home Villas 360\t\t\t\t\t\t\t\t<\/H3>\n\t\t\t\t\t\t\t\t<p class=\"precio-alojamiento\">Desde <span class=\"precio\">81.65\u20ac<\/span> por noche<\/p>\n\t\t\t\t\t\t\t<\/div>\n\t\t\t\t\t\t<\/div>\n\t\t\t\t\t<\/a> \n\t\t\t\t\t\t\n\t\t\t\t\t<a href=\"https:\/\/bookings.homevillas360.com\/es\/alquiler\/villa-pollensa-villa-muntalegre-by-home-villas-360-376241.html\" rel=\"nofollow\" style=\"width: 23%;\">\n\t\t\t\t\t\t<div class=\"apartamento-box\">\n\t\t\t\t\t\t\t<div class=\"imagen_recomendados\">\n\t\t\t\t\t\t\t\t<img decoding=\"async\" src=\"https:\/\/crs.avantio.com\/fotos\/2\/1641977923a5675feefe18211770d311d6ae0e55c8\/big164197792538e5e68c10bd500400cb3ce177a2d5b3.jpg\" alt=\" Villa Muntalegre in Pollensa by Home Villas 360\">\n\t\t\t\t\t\t\t<\/div>\n\t\t\t\t\t\t\t<div class=\"info\">\n\t\t\t\t\t\t\t\t<div class=\"ubicacion\">\n\t\t\t\t\t\t\t\t\t<i class=\"fa-solid fa-location-dot icono-mapa\"><\/i><span class=\"ubicacion-texto\">Pollensa - Mallorca<\/span>\n\t\t\t\t\t\t\t\t<\/div>\n\t\t\t\t\t\t\t\t<H3 class=\"titulo-alojamiento\">\n\t\t\t\t\t\t\t\t\t Villa Muntalegre in Pollensa by Home Villas 360\t\t\t\t\t\t\t\t<\/H3>\n\t\t\t\t\t\t\t\t<p class=\"precio-alojamiento\">Desde <span class=\"precio\">415.15\u20ac<\/span> por noche<\/p>\n\t\t\t\t\t\t\t<\/div>\n\t\t\t\t\t\t<\/div>\n\t\t\t\t\t<\/a> \n\t\t\t\t\t\t\t\t<\/div>\n\t\t\t<\/div>\n\t\t\t\t\t\t<\/div>\n\t\t\t\t<\/div>\n\t\t\t\t\t<\/div>\n\t\t\t\t<\/div>\n\t\t<div class=\"elementor-element elementor-element-3ff7b868 e-flex e-con-boxed e-con e-parent\" data-id=\"3ff7b868\" data-element_type=\"container\" data-e-type=\"container\">\n\t\t\t\t\t<div class=\"e-con-inner\">\n\t\t\t\t<div class=\"elementor-element elementor-element-71dbf044 elementor-widget elementor-widget-heading\" data-id=\"71dbf044\" data-element_type=\"widget\" data-e-type=\"widget\" data-widget_type=\"heading.default\">\n\t\t\t\t\t<h2 class=\"elementor-heading-title elementor-size-default\">Descubre Puerto Pollensa y sus alrededores<\/h2>\t\t\t\t<\/div>\n\t\t\t\t<div class=\"elementor-element elementor-element-498e29ec e-n-tabs-mobile elementor-widget elementor-widget-n-tabs\" data-id=\"498e29ec\" data-element_type=\"widget\" data-e-type=\"widget\" data-settings=\"{&quot;tabs_justify_horizontal&quot;:&quot;start&quot;,&quot;horizontal_scroll&quot;:&quot;disable&quot;}\" data-widget_type=\"nested-tabs.default\">\n\t\t\t\t\t\t\t<div class=\"e-n-tabs\" data-widget-number=\"1234053612\" aria-label=\"Pesta\u00f1as. Abre elementos con Intro o Espacio, ci\u00e9rralos con Escape y navega con las fechas.\">\n\t\t\t<div class=\"e-n-tabs-heading\" role=\"tablist\">\n\t\t\t\t\t<button id=\"e-n-tab-title-12340536121\" data-tab-title-id=\"e-n-tab-title-12340536121\" class=\"e-n-tab-title\" aria-selected=\"true\" data-tab-index=\"1\" role=\"tab\" tabindex=\"0\" aria-controls=\"e-n-tab-content-12340536121\" style=\"--n-tabs-title-order: 1;\">\n\t\t\t\t\t\t<span class=\"e-n-tab-title-text\">\n\t\t\t\tQu\u00e9 ver en Pollensa\t\t\t<\/span>\n\t\t<\/button>\n\t\t\t\t<button id=\"e-n-tab-title-12340536122\" data-tab-title-id=\"e-n-tab-title-12340536122\" class=\"e-n-tab-title\" aria-selected=\"false\" data-tab-index=\"2\" role=\"tab\" tabindex=\"-1\" aria-controls=\"e-n-tab-content-12340536122\" style=\"--n-tabs-title-order: 2;\">\n\t\t\t\t\t\t<span class=\"e-n-tab-title-text\">\n\t\t\t\tPlanes para disfrutar Mallorca\t\t\t<\/span>\n\t\t<\/button>\n\t\t\t\t<button id=\"e-n-tab-title-12340536123\" data-tab-title-id=\"e-n-tab-title-12340536123\" class=\"e-n-tab-title\" aria-selected=\"false\" data-tab-index=\"3\" role=\"tab\" tabindex=\"-1\" aria-controls=\"e-n-tab-content-12340536123\" style=\"--n-tabs-title-order: 3;\">\n\t\t\t\t\t\t<span class=\"e-n-tab-title-text\">\n\t\t\t\tPlayas y calas\t\t\t<\/span>\n\t\t<\/button>\n\t\t\t\t\t<\/div>\n\t\t\t<div class=\"e-n-tabs-content\">\n\t\t\t\t<div id=\"e-n-tab-content-12340536121\" role=\"tabpanel\" aria-labelledby=\"e-n-tab-title-12340536121\" data-tab-index=\"1\" style=\"--n-tabs-title-order: 1;\" class=\"e-active elementor-element elementor-element-24547141 e-con-full e-flex e-con e-child\" data-id=\"24547141\" data-element_type=\"container\" data-e-type=\"container\" data-settings=\"{&quot;background_background&quot;:&quot;classic&quot;}\">\n\t\t\t\t<div class=\"elementor-element elementor-element-174afa93 elementor-widget elementor-widget-heading\" data-id=\"174afa93\" data-element_type=\"widget\" data-e-type=\"widget\" data-widget_type=\"heading.default\">\n\t\t\t\t\t<h3 class=\"elementor-heading-title elementor-size-default\">Lugares que no te puedes perder durante tu estancia<\/h3>\t\t\t\t<\/div>\n\t\t\t\t<div class=\"elementor-element elementor-element-338f0056 elementor-widget elementor-widget-text-editor\" data-id=\"338f0056\" data-element_type=\"widget\" data-e-type=\"widget\" data-widget_type=\"text-editor.default\">\n\t\t\t\t\t\t\t\t\t<p class=\"isSelectedEnd\">A pocos minutos de Puerto Pollensa, Pollen\u00e7a ofrece una visita perfecta para descubrir una Mallorca m\u00e1s tradicional durante tus vacaciones. Su casco hist\u00f3rico, sus plazas con ambiente local y rincones como el Calvario permiten disfrutar de una escapada tranquila sin alejarse demasiado de la villa.<\/p><ul data-spread=\"false\"><li>Pasear por el <a href=\"https:\/\/www.homevillas360.com\/es\/blog\/que-ver-pollensa\/\">centro hist\u00f3rico de Pollen\u00e7a<\/a> y sus calles empedradas.<\/li><li>Subir al Calvario para disfrutar de una de las vistas m\u00e1s representativas de la zona.<\/li><li>Visitar sus plazas, mercados y peque\u00f1os comercios locales.<\/li><li>Combinar la visita con una comida tranquila antes de volver a Puerto Pollensa.<\/li><\/ul>\t\t\t\t\t\t\t\t<\/div>\n\t\t\t\t<\/div>\n\t\t<div id=\"e-n-tab-content-12340536122\" role=\"tabpanel\" aria-labelledby=\"e-n-tab-title-12340536122\" data-tab-index=\"2\" style=\"--n-tabs-title-order: 2;\" class=\" elementor-element elementor-element-203c9516 e-con-full e-flex e-con e-child\" data-id=\"203c9516\" data-element_type=\"container\" data-e-type=\"container\" data-settings=\"{&quot;background_background&quot;:&quot;classic&quot;}\">\n\t\t\t\t<div class=\"elementor-element elementor-element-1a76d46f elementor-widget elementor-widget-heading\" data-id=\"1a76d46f\" data-element_type=\"widget\" data-e-type=\"widget\" data-widget_type=\"heading.default\">\n\t\t\t\t\t<h3 class=\"elementor-heading-title elementor-size-default\">Ideas para aprovechar los d\u00edas de verano<\/h3>\t\t\t\t<\/div>\n\t\t\t\t<div class=\"elementor-element elementor-element-1d9fddb2 elementor-widget elementor-widget-text-editor\" data-id=\"1d9fddb2\" data-element_type=\"widget\" data-e-type=\"widget\" data-widget_type=\"text-editor.default\">\n\t\t\t\t\t\t\t\t\t<p class=\"isSelectedEnd\">Puerto Pollensa es una excelente base para disfrutar Mallorca en verano con comodidad. Desde aqu\u00ed puedes alternar d\u00edas de <a href=\"https:\/\/www.homevillas360.com\/es\/blog\/playas-y-calas-mallorca\/\">playa, excursiones<\/a> hacia Formentor, paseos al atardecer por el puerto y visitas a pueblos cercanos como Pollen\u00e7a o Alc\u00fadia.<\/p><ul data-spread=\"false\"><li>Disfrutar de la bah\u00eda de Puerto Pollensa durante las primeras horas del d\u00eda.<\/li><li>Organizar excursiones a Formentor o a otros puntos del norte de Mallorca.<\/li><li>Pasear por el puerto al atardecer y cenar junto al mar.<\/li><li>Aprovechar la villa para descansar con privacidad despu\u00e9s de cada plan.<\/li><\/ul>\t\t\t\t\t\t\t\t<\/div>\n\t\t\t\t<\/div>\n\t\t<div id=\"e-n-tab-content-12340536123\" role=\"tabpanel\" aria-labelledby=\"e-n-tab-title-12340536123\" data-tab-index=\"3\" style=\"--n-tabs-title-order: 3;\" class=\" elementor-element elementor-element-51549c3e e-con-full e-flex e-con e-child\" data-id=\"51549c3e\" data-element_type=\"container\" data-e-type=\"container\" data-settings=\"{&quot;background_background&quot;:&quot;classic&quot;}\">\n\t\t\t\t<div class=\"elementor-element elementor-element-1e7f2c39 elementor-widget elementor-widget-heading\" data-id=\"1e7f2c39\" data-element_type=\"widget\" data-e-type=\"widget\" data-widget_type=\"heading.default\">\n\t\t\t\t\t<h3 class=\"elementor-heading-title elementor-size-default\">Rincones de costa para disfrutar cerca de tu villa<\/h3>\t\t\t\t<\/div>\n\t\t\t\t<div class=\"elementor-element elementor-element-298f571a elementor-widget elementor-widget-text-editor\" data-id=\"298f571a\" data-element_type=\"widget\" data-e-type=\"widget\" data-widget_type=\"text-editor.default\">\n\t\t\t\t\t\t\t\t\t<p class=\"isSelectedEnd\">Una de las grandes ventajas de alojarse en Puerto Pollensa es la cercan\u00eda a playas c\u00f3modas y paisajes de costa muy agradables. La propia bah\u00eda ofrece zonas ideales para pasar el d\u00eda junto al mar, especialmente si viajas en familia o buscas un entorno tranquilo.<\/p><ul data-spread=\"false\"><li>Pasar el d\u00eda en la playa de Puerto Pollensa, cerca de restaurantes y servicios.<\/li><li>Acercarte a Formentor para disfrutar de uno de los paisajes m\u00e1s conocidos del norte.<\/li><li>Descubrir peque\u00f1as calas cercanas para planes m\u00e1s tranquilos.<\/li><li>Volver a tu villa despu\u00e9s de la playa para seguir disfrutando con total comodidad.<\/li><\/ul>\t\t\t\t\t\t\t\t<\/div>\n\t\t\t\t<\/div>\n\t\t\t\t\t<\/div>\n\t\t<\/div>\n\t\t\t\t\t\t<\/div>\n\t\t\t\t\t<\/div>\n\t\t\t\t<\/div>\n\t\t<div class=\"elementor-element elementor-element-6aadd0df e-flex e-con-boxed e-con e-parent\" data-id=\"6aadd0df\" data-element_type=\"container\" data-e-type=\"container\">\n\t\t\t\t\t<div class=\"e-con-inner\">\n\t\t<div class=\"elementor-element elementor-element-26238c3e e-con-full e-flex e-con e-child\" data-id=\"26238c3e\" data-element_type=\"container\" data-e-type=\"container\">\n\t\t\t\t<div class=\"elementor-element elementor-element-5f5137a8 elementor-widget elementor-widget-heading\" data-id=\"5f5137a8\" data-element_type=\"widget\" data-e-type=\"widget\" data-widget_type=\"heading.default\">\n\t\t\t\t\t<h2 class=\"elementor-heading-title elementor-size-default\">Descubre nuestro blog sobre Mallorca<\/h2>\t\t\t\t<\/div>\n\t\t\t\t<div class=\"elementor-element elementor-element-451eec91 elementor-grid-3 elementor-grid-tablet-2 elementor-grid-mobile-1 elementor-posts--thumbnail-top elementor-widget elementor-widget-posts\" data-id=\"451eec91\" data-element_type=\"widget\" data-e-type=\"widget\" data-settings=\"{&quot;classic_row_gap&quot;:{&quot;unit&quot;:&quot;px&quot;,&quot;size&quot;:30,&quot;sizes&quot;:[]},&quot;classic_columns&quot;:&quot;3&quot;,&quot;classic_columns_tablet&quot;:&quot;2&quot;,&quot;classic_columns_mobile&quot;:&quot;1&quot;,&quot;classic_row_gap_tablet&quot;:{&quot;unit&quot;:&quot;px&quot;,&quot;size&quot;:&quot;&quot;,&quot;sizes&quot;:[]},&quot;classic_row_gap_mobile&quot;:{&quot;unit&quot;:&quot;px&quot;,&quot;size&quot;:&quot;&quot;,&quot;sizes&quot;:[]}}\" data-widget_type=\"posts.classic\">\n\t\t\t\t<div class=\"elementor-widget-container\">\n\t\t\t\t\t\t\t<div class=\"elementor-posts-container elementor-posts elementor-posts--skin-classic elementor-grid\" role=\"list\">\n\t\t\t\t<article class=\"elementor-post elementor-grid-item post-5196 post type-post status-publish format-standard has-post-thumbnail hentry category-mallorca category-playas category-pueblos\" role=\"listitem\">\n\t\t\t\t<a class=\"elementor-post__thumbnail__link\" href=\"https:\/\/www.homevillas360.com\/es\/blog\/cala-sant-vicenc\/\" tabindex=\"-1\" >\n\t\t\t<div class=\"elementor-post__thumbnail\"><img decoding=\"async\" width=\"768\" height=\"576\" src=\"https:\/\/www.homevillas360.com\/wp-content\/uploads\/2026\/08\/Cala-Sant-Vicenc-en-Mallorca-768x576.webp\" class=\"attachment-medium_large size-medium_large wp-image-5221\" alt=\"Cala Sant Vicen\u00e7 en Mallorca\" srcset=\"https:\/\/www.homevillas360.com\/wp-content\/uploads\/2026\/08\/Cala-Sant-Vicenc-en-Mallorca-768x576.webp 768w, https:\/\/www.homevillas360.com\/wp-content\/uploads\/2026\/08\/Cala-Sant-Vicenc-en-Mallorca-300x225.webp 300w, https:\/\/www.homevillas360.com\/wp-content\/uploads\/2026\/08\/Cala-Sant-Vicenc-en-Mallorca-1024x768.webp 1024w, https:\/\/www.homevillas360.com\/wp-content\/uploads\/2026\/08\/Cala-Sant-Vicenc-en-Mallorca.webp 1360w\" sizes=\"(max-width: 768px) 100vw, 768px\" \/><\/div>\n\t\t<\/a>\n\t\t\t\t<div class=\"elementor-post__text\">\n\t\t\t\t<h3 class=\"elementor-post__title\">\n\t\t\t<a href=\"https:\/\/www.homevillas360.com\/es\/blog\/cala-sant-vicenc\/\" >\n\t\t\t\tLa intensa belleza de Cala Sant Vicen\u00e7\t\t\t<\/a>\n\t\t<\/h3>\n\t\t\t\t<div class=\"elementor-post__meta-data\">\n\t\t\t\t\t<span class=\"elementor-post-date\">\n\t\t\t24 de agosto de 2026\t\t<\/span>\n\t\t\t\t<\/div>\n\t\t\t\t\t<div class=\"elementor-post__read-more-wrapper\">\n\t\t\n\t\t<a class=\"elementor-post__read-more\" href=\"https:\/\/www.homevillas360.com\/es\/blog\/cala-sant-vicenc\/\" aria-label=\"M\u00e1s informaci\u00f3n sobre La intensa belleza de Cala Sant Vicen\u00e7\" tabindex=\"-1\" >\n\t\t\tRead more\t\t<\/a>\n\n\t\t\t\t\t<\/div>\n\t\t\t\t<\/div>\n\t\t\t\t<\/article>\n\t\t\t\t<article class=\"elementor-post elementor-grid-item post-4935 post type-post status-publish format-standard has-post-thumbnail hentry category-mallorca\" role=\"listitem\">\n\t\t\t\t<a class=\"elementor-post__thumbnail__link\" href=\"https:\/\/www.homevillas360.com\/es\/blog\/rutas-de-senderismo-en-mallorca\/\" tabindex=\"-1\" >\n\t\t\t<div class=\"elementor-post__thumbnail\"><img decoding=\"async\" width=\"768\" height=\"340\" src=\"https:\/\/www.homevillas360.com\/wp-content\/uploads\/2026\/08\/ruta-senderismo-mallorca-768x340.webp\" class=\"attachment-medium_large size-medium_large wp-image-4936\" alt=\"\" srcset=\"https:\/\/www.homevillas360.com\/wp-content\/uploads\/2026\/08\/ruta-senderismo-mallorca-768x340.webp 768w, https:\/\/www.homevillas360.com\/wp-content\/uploads\/2026\/08\/ruta-senderismo-mallorca-300x133.webp 300w, https:\/\/www.homevillas360.com\/wp-content\/uploads\/2026\/08\/ruta-senderismo-mallorca-1024x453.webp 1024w, https:\/\/www.homevillas360.com\/wp-content\/uploads\/2026\/08\/ruta-senderismo-mallorca-1536x680.webp 1536w, https:\/\/www.homevillas360.com\/wp-content\/uploads\/2026\/08\/ruta-senderismo-mallorca.webp 1920w\" sizes=\"(max-width: 768px) 100vw, 768px\" \/><\/div>\n\t\t<\/a>\n\t\t\t\t<div class=\"elementor-post__text\">\n\t\t\t\t<h3 class=\"elementor-post__title\">\n\t\t\t<a href=\"https:\/\/www.homevillas360.com\/es\/blog\/rutas-de-senderismo-en-mallorca\/\" >\n\t\t\t\tRutas de senderismo en Mallorca: gu\u00eda para descubrir la isla a pie\t\t\t<\/a>\n\t\t<\/h3>\n\t\t\t\t<div class=\"elementor-post__meta-data\">\n\t\t\t\t\t<span class=\"elementor-post-date\">\n\t\t\t12 de agosto de 2026\t\t<\/span>\n\t\t\t\t<\/div>\n\t\t\t\t\t<div class=\"elementor-post__read-more-wrapper\">\n\t\t\n\t\t<a class=\"elementor-post__read-more\" href=\"https:\/\/www.homevillas360.com\/es\/blog\/rutas-de-senderismo-en-mallorca\/\" aria-label=\"M\u00e1s informaci\u00f3n sobre Rutas de senderismo en Mallorca: gu\u00eda para descubrir la isla a pie\" tabindex=\"-1\" >\n\t\t\tRead more\t\t<\/a>\n\n\t\t\t\t\t<\/div>\n\t\t\t\t<\/div>\n\t\t\t\t<\/article>\n\t\t\t\t<article class=\"elementor-post elementor-grid-item post-4772 post type-post status-publish format-standard has-post-thumbnail hentry category-mallorca\" role=\"listitem\">\n\t\t\t\t<a class=\"elementor-post__thumbnail__link\" href=\"https:\/\/www.homevillas360.com\/es\/blog\/playa-muro-mallorca\/\" tabindex=\"-1\" >\n\t\t\t<div class=\"elementor-post__thumbnail\"><img loading=\"lazy\" decoding=\"async\" width=\"768\" height=\"256\" src=\"https:\/\/www.homevillas360.com\/wp-content\/uploads\/2026\/07\/Platja-del-mudo-en-Mallorca-768x256.jpg\" class=\"attachment-medium_large size-medium_large wp-image-4773\" alt=\"\" srcset=\"https:\/\/www.homevillas360.com\/wp-content\/uploads\/2026\/07\/Platja-del-mudo-en-Mallorca-768x256.jpg 768w, https:\/\/www.homevillas360.com\/wp-content\/uploads\/2026\/07\/Platja-del-mudo-en-Mallorca-300x100.jpg 300w, https:\/\/www.homevillas360.com\/wp-content\/uploads\/2026\/07\/Platja-del-mudo-en-Mallorca-1024x342.jpg 1024w, https:\/\/www.homevillas360.com\/wp-content\/uploads\/2026\/07\/Platja-del-mudo-en-Mallorca-1536x512.jpg 1536w, https:\/\/www.homevillas360.com\/wp-content\/uploads\/2026\/07\/Platja-del-mudo-en-Mallorca.jpg 2000w\" sizes=\"(max-width: 768px) 100vw, 768px\" \/><\/div>\n\t\t<\/a>\n\t\t\t\t<div class=\"elementor-post__text\">\n\t\t\t\t<h3 class=\"elementor-post__title\">\n\t\t\t<a href=\"https:\/\/www.homevillas360.com\/es\/blog\/playa-muro-mallorca\/\" >\n\t\t\t\tVen a la Playa de Muro, la m\u00e1s larga de Mallorca\t\t\t<\/a>\n\t\t<\/h3>\n\t\t\t\t<div class=\"elementor-post__meta-data\">\n\t\t\t\t\t<span class=\"elementor-post-date\">\n\t\t\t16 de julio de 2026\t\t<\/span>\n\t\t\t\t<\/div>\n\t\t\t\t\t<div class=\"elementor-post__read-more-wrapper\">\n\t\t\n\t\t<a class=\"elementor-post__read-more\" href=\"https:\/\/www.homevillas360.com\/es\/blog\/playa-muro-mallorca\/\" aria-label=\"M\u00e1s informaci\u00f3n sobre Ven a la Playa de Muro, la m\u00e1s larga de Mallorca\" tabindex=\"-1\" >\n\t\t\tRead more\t\t<\/a>\n\n\t\t\t\t\t<\/div>\n\t\t\t\t<\/div>\n\t\t\t\t<\/article>\n\t\t\t\t<\/div>\n\t\t\n\t\t\t\t\t\t<\/div>\n\t\t\t\t<\/div>\n\t\t\t\t<div class=\"elementor-element elementor-element-6fedf258 elementor-align-center elementor-widget elementor-widget-button\" data-id=\"6fedf258\" data-element_type=\"widget\" data-e-type=\"widget\" data-widget_type=\"button.default\">\n\t\t\t\t\t\t\t\t\t\t<a class=\"elementor-button elementor-button-link elementor-size-sm\" href=\"https:\/\/www.homevillas360.com\/es\/blog\/\">\n\t\t\t\t\t\t<span class=\"elementor-button-content-wrapper\">\n\t\t\t\t\t\t\t\t\t<span class=\"elementor-button-text\">Majorca Blog<\/span>\n\t\t\t\t\t<\/span>\n\t\t\t\t\t<\/a>\n\t\t\t\t\t\t\t\t<\/div>\n\t\t\t\t<\/div>\n\t\t\t\t\t<\/div>\n\t\t\t\t<\/div>\n\t\t<div class=\"elementor-element elementor-element-65a7f91f e-flex e-con-boxed e-con e-parent\" data-id=\"65a7f91f\" data-element_type=\"container\" data-e-type=\"container\" data-settings=\"{&quot;background_background&quot;:&quot;classic&quot;}\">\n\t\t\t\t\t<div class=\"e-con-inner\">\n\t\t<div class=\"elementor-element elementor-element-39eae74d e-con-full e-flex e-con e-child\" data-id=\"39eae74d\" data-element_type=\"container\" data-e-type=\"container\">\n\t\t\t\t<div class=\"elementor-element elementor-element-1ddb37e9 elementor-widget elementor-widget-heading\" data-id=\"1ddb37e9\" data-element_type=\"widget\" data-e-type=\"widget\" data-widget_type=\"heading.default\">\n\t\t\t\t\t<h2 class=\"elementor-heading-title elementor-size-default\">Preguntas frecuentes sobre villas en alquiler en Puerto Pollensa<\/h2>\t\t\t\t<\/div>\n\t\t\t\t<div class=\"elementor-element elementor-element-2b8e65c4 elementor-widget elementor-widget-n-accordion\" data-id=\"2b8e65c4\" data-element_type=\"widget\" data-e-type=\"widget\" data-settings=\"{&quot;default_state&quot;:&quot;expanded&quot;,&quot;max_items_expended&quot;:&quot;one&quot;,&quot;n_accordion_animation_duration&quot;:{&quot;unit&quot;:&quot;ms&quot;,&quot;size&quot;:400,&quot;sizes&quot;:[]}}\" data-widget_type=\"nested-accordion.default\">\n\t\t\t\t\t\t\t<div class=\"e-n-accordion\" aria-label=\"Accordion. Open links with Enter or Space, close with Escape, and navigate with Arrow Keys\">\n\t\t\t\t\t\t<details id=\"e-n-accordion-item-7300\" class=\"e-n-accordion-item\" open>\n\t\t\t\t<summary class=\"e-n-accordion-item-title\" data-accordion-index=\"1\" tabindex=\"0\" aria-expanded=\"true\" aria-controls=\"e-n-accordion-item-7300\" >\n\t\t\t\t\t<span class='e-n-accordion-item-title-header'><div class=\"e-n-accordion-item-title-text\"> \u00bfEs Puerto Pollensa una buena zona para alquilar una villa?  <\/div><\/span>\n\t\t\t\t\t\t\t<span class='e-n-accordion-item-title-icon'>\n\t\t\t<span class='e-opened' ><svg aria-hidden=\"true\" class=\"e-font-icon-svg e-fas-minus\" viewBox=\"0 0 448 512\" xmlns=\"http:\/\/www.w3.org\/2000\/svg\"><path d=\"M416 208H32c-17.67 0-32 14.33-32 32v32c0 17.67 14.33 32 32 32h384c17.67 0 32-14.33 32-32v-32c0-17.67-14.33-32-32-32z\"><\/path><\/svg><\/span>\n\t\t\t<span class='e-closed'><svg aria-hidden=\"true\" class=\"e-font-icon-svg e-fas-plus\" viewBox=\"0 0 448 512\" xmlns=\"http:\/\/www.w3.org\/2000\/svg\"><path d=\"M416 208H272V64c0-17.67-14.33-32-32-32h-32c-17.67 0-32 14.33-32 32v144H32c-17.67 0-32 14.33-32 32v32c0 17.67 14.33 32 32 32h144v144c0 17.67 14.33 32 32 32h32c17.67 0 32-14.33 32-32V304h144c17.67 0 32-14.33 32-32v-32c0-17.67-14.33-32-32-32z\"><\/path><\/svg><\/span>\n\t\t<\/span>\n\n\t\t\t\t\t\t<\/summary>\n\t\t\t\t<div role=\"region\" aria-labelledby=\"e-n-accordion-item-7300\" class=\"elementor-element elementor-element-367e5caa e-con-full e-flex e-con e-child\" data-id=\"367e5caa\" data-element_type=\"container\" data-e-type=\"container\">\n\t\t\t\t<div class=\"elementor-element elementor-element-19987e6e elementor-widget elementor-widget-text-editor\" data-id=\"19987e6e\" data-element_type=\"widget\" data-e-type=\"widget\" data-widget_type=\"text-editor.default\">\n\t\t\t\t\t\t\t\t\t<p>S\u00ed. Puerto Pollensa es una de las zonas m\u00e1s recomendables del norte de Mallorca para alojarse en una villa. Combina playa, restaurantes, servicios cercanos y un ambiente tranquilo, lo que permite disfrutar de unas vacaciones c\u00f3modas tanto en familia como en pareja o con amigos.<\/p>\t\t\t\t\t\t\t\t<\/div>\n\t\t\t\t<\/div>\n\t\t\t\t\t<\/details>\n\t\t\t\t\t\t<details id=\"e-n-accordion-item-7301\" class=\"e-n-accordion-item\" >\n\t\t\t\t<summary class=\"e-n-accordion-item-title\" data-accordion-index=\"2\" tabindex=\"-1\" aria-expanded=\"false\" aria-controls=\"e-n-accordion-item-7301\" >\n\t\t\t\t\t<span class='e-n-accordion-item-title-header'><div class=\"e-n-accordion-item-title-text\"> \u00bfQu\u00e9 ventajas tiene reservar una villa en Puerto Pollensa? <\/div><\/span>\n\t\t\t\t\t\t\t<span class='e-n-accordion-item-title-icon'>\n\t\t\t<span class='e-opened' ><svg aria-hidden=\"true\" class=\"e-font-icon-svg e-fas-minus\" viewBox=\"0 0 448 512\" xmlns=\"http:\/\/www.w3.org\/2000\/svg\"><path d=\"M416 208H32c-17.67 0-32 14.33-32 32v32c0 17.67 14.33 32 32 32h384c17.67 0 32-14.33 32-32v-32c0-17.67-14.33-32-32-32z\"><\/path><\/svg><\/span>\n\t\t\t<span class='e-closed'><svg aria-hidden=\"true\" class=\"e-font-icon-svg e-fas-plus\" viewBox=\"0 0 448 512\" xmlns=\"http:\/\/www.w3.org\/2000\/svg\"><path d=\"M416 208H272V64c0-17.67-14.33-32-32-32h-32c-17.67 0-32 14.33-32 32v144H32c-17.67 0-32 14.33-32 32v32c0 17.67 14.33 32 32 32h144v144c0 17.67 14.33 32 32 32h32c17.67 0 32-14.33 32-32V304h144c17.67 0 32-14.33 32-32v-32c0-17.67-14.33-32-32-32z\"><\/path><\/svg><\/span>\n\t\t<\/span>\n\n\t\t\t\t\t\t<\/summary>\n\t\t\t\t<div role=\"region\" aria-labelledby=\"e-n-accordion-item-7301\" class=\"elementor-element elementor-element-167531ea e-con-full e-flex e-con e-child\" data-id=\"167531ea\" data-element_type=\"container\" data-e-type=\"container\">\n\t\t\t\t<div class=\"elementor-element elementor-element-3d2ec03f elementor-widget elementor-widget-text-editor\" data-id=\"3d2ec03f\" data-element_type=\"widget\" data-e-type=\"widget\" data-widget_type=\"text-editor.default\">\n\t\t\t\t\t\t\t\t\t<p>Reservar una villa en Puerto Pollensa permite disfrutar de m\u00e1s privacidad, amplitud y libertad durante la estancia. Es una opci\u00f3n ideal para quienes quieren organizar sus horarios, descansar con comodidad y disponer de espacios propios despu\u00e9s de un d\u00eda de playa, excursiones o visitas por la zona.<\/p>\t\t\t\t\t\t\t\t<\/div>\n\t\t\t\t<\/div>\n\t\t\t\t\t<\/details>\n\t\t\t\t\t\t<details id=\"e-n-accordion-item-7302\" class=\"e-n-accordion-item\" >\n\t\t\t\t<summary class=\"e-n-accordion-item-title\" data-accordion-index=\"3\" tabindex=\"-1\" aria-expanded=\"false\" aria-controls=\"e-n-accordion-item-7302\" >\n\t\t\t\t\t<span class='e-n-accordion-item-title-header'><div class=\"e-n-accordion-item-title-text\"> \u00bfPuerto Pollensa es recomendable para familias? <\/div><\/span>\n\t\t\t\t\t\t\t<span class='e-n-accordion-item-title-icon'>\n\t\t\t<span class='e-opened' ><svg aria-hidden=\"true\" class=\"e-font-icon-svg e-fas-minus\" viewBox=\"0 0 448 512\" xmlns=\"http:\/\/www.w3.org\/2000\/svg\"><path d=\"M416 208H32c-17.67 0-32 14.33-32 32v32c0 17.67 14.33 32 32 32h384c17.67 0 32-14.33 32-32v-32c0-17.67-14.33-32-32-32z\"><\/path><\/svg><\/span>\n\t\t\t<span class='e-closed'><svg aria-hidden=\"true\" class=\"e-font-icon-svg e-fas-plus\" viewBox=\"0 0 448 512\" xmlns=\"http:\/\/www.w3.org\/2000\/svg\"><path d=\"M416 208H272V64c0-17.67-14.33-32-32-32h-32c-17.67 0-32 14.33-32 32v144H32c-17.67 0-32 14.33-32 32v32c0 17.67 14.33 32 32 32h144v144c0 17.67 14.33 32 32 32h32c17.67 0 32-14.33 32-32V304h144c17.67 0 32-14.33 32-32v-32c0-17.67-14.33-32-32-32z\"><\/path><\/svg><\/span>\n\t\t<\/span>\n\n\t\t\t\t\t\t<\/summary>\n\t\t\t\t<div role=\"region\" aria-labelledby=\"e-n-accordion-item-7302\" class=\"elementor-element elementor-element-306e97e3 e-con-full e-flex e-con e-child\" data-id=\"306e97e3\" data-element_type=\"container\" data-e-type=\"container\">\n\t\t\t\t<div class=\"elementor-element elementor-element-29f3c415 elementor-widget elementor-widget-text-editor\" data-id=\"29f3c415\" data-element_type=\"widget\" data-e-type=\"widget\" data-widget_type=\"text-editor.default\">\n\t\t\t\t\t\t\t\t\t<p>S\u00ed. Puerto Pollensa es un destino muy adecuado para familias gracias a su bah\u00eda, sus playas accesibles y su ambiente relajado. Alojarse en una villa facilita la estancia, ya que permite contar con m\u00e1s espacio, zonas comunes y mayor flexibilidad para adaptarse al ritmo de cada familia.<\/p>\t\t\t\t\t\t\t\t<\/div>\n\t\t\t\t<\/div>\n\t\t\t\t\t<\/details>\n\t\t\t\t\t\t<details id=\"e-n-accordion-item-7303\" class=\"e-n-accordion-item\" >\n\t\t\t\t<summary class=\"e-n-accordion-item-title\" data-accordion-index=\"4\" tabindex=\"-1\" aria-expanded=\"false\" aria-controls=\"e-n-accordion-item-7303\" >\n\t\t\t\t\t<span class='e-n-accordion-item-title-header'><div class=\"e-n-accordion-item-title-text\"> \u00bfQu\u00e9 se puede hacer cerca de una villa en Puerto Pollensa? <\/div><\/span>\n\t\t\t\t\t\t\t<span class='e-n-accordion-item-title-icon'>\n\t\t\t<span class='e-opened' ><svg aria-hidden=\"true\" class=\"e-font-icon-svg e-fas-minus\" viewBox=\"0 0 448 512\" xmlns=\"http:\/\/www.w3.org\/2000\/svg\"><path d=\"M416 208H32c-17.67 0-32 14.33-32 32v32c0 17.67 14.33 32 32 32h384c17.67 0 32-14.33 32-32v-32c0-17.67-14.33-32-32-32z\"><\/path><\/svg><\/span>\n\t\t\t<span class='e-closed'><svg aria-hidden=\"true\" class=\"e-font-icon-svg e-fas-plus\" viewBox=\"0 0 448 512\" xmlns=\"http:\/\/www.w3.org\/2000\/svg\"><path d=\"M416 208H272V64c0-17.67-14.33-32-32-32h-32c-17.67 0-32 14.33-32 32v144H32c-17.67 0-32 14.33-32 32v32c0 17.67 14.33 32 32 32h144v144c0 17.67 14.33 32 32 32h32c17.67 0 32-14.33 32-32V304h144c17.67 0 32-14.33 32-32v-32c0-17.67-14.33-32-32-32z\"><\/path><\/svg><\/span>\n\t\t<\/span>\n\n\t\t\t\t\t\t<\/summary>\n\t\t\t\t<div role=\"region\" aria-labelledby=\"e-n-accordion-item-7303\" class=\"elementor-element elementor-element-787e7dd5 e-con-full e-flex e-con e-child\" data-id=\"787e7dd5\" data-element_type=\"container\" data-e-type=\"container\" data-settings=\"{&quot;background_background&quot;:&quot;classic&quot;}\">\n\t\t\t\t<div class=\"elementor-element elementor-element-111f9ca0 elementor-widget elementor-widget-text-editor\" data-id=\"111f9ca0\" data-element_type=\"widget\" data-e-type=\"widget\" data-widget_type=\"text-editor.default\">\n\t\t\t\t\t\t\t\t\t<p>Desde Puerto Pollensa puedes disfrutar de la playa, pasear por el puerto, visitar el casco antiguo de Pollen\u00e7a, acercarte a Formentor o descubrir Alc\u00fadia y otros puntos del norte de Mallorca. Es una ubicaci\u00f3n pr\u00e1ctica para combinar descanso, naturaleza, cultura y planes junto al mar.<\/p>\t\t\t\t\t\t\t\t<\/div>\n\t\t\t\t<\/div>\n\t\t\t\t\t<\/details>\n\t\t\t\t\t\t<details id=\"e-n-accordion-item-7304\" class=\"e-n-accordion-item\" >\n\t\t\t\t<summary class=\"e-n-accordion-item-title\" data-accordion-index=\"5\" tabindex=\"-1\" aria-expanded=\"false\" aria-controls=\"e-n-accordion-item-7304\" >\n\t\t\t\t\t<span class='e-n-accordion-item-title-header'><div class=\"e-n-accordion-item-title-text\"> \u00bfCu\u00e1ndo es mejor reservar villas en alquiler en Puerto Pollensa? <\/div><\/span>\n\t\t\t\t\t\t\t<span class='e-n-accordion-item-title-icon'>\n\t\t\t<span class='e-opened' ><svg aria-hidden=\"true\" class=\"e-font-icon-svg e-fas-minus\" viewBox=\"0 0 448 512\" xmlns=\"http:\/\/www.w3.org\/2000\/svg\"><path d=\"M416 208H32c-17.67 0-32 14.33-32 32v32c0 17.67 14.33 32 32 32h384c17.67 0 32-14.33 32-32v-32c0-17.67-14.33-32-32-32z\"><\/path><\/svg><\/span>\n\t\t\t<span class='e-closed'><svg aria-hidden=\"true\" class=\"e-font-icon-svg e-fas-plus\" viewBox=\"0 0 448 512\" xmlns=\"http:\/\/www.w3.org\/2000\/svg\"><path d=\"M416 208H272V64c0-17.67-14.33-32-32-32h-32c-17.67 0-32 14.33-32 32v144H32c-17.67 0-32 14.33-32 32v32c0 17.67 14.33 32 32 32h144v144c0 17.67 14.33 32 32 32h32c17.67 0 32-14.33 32-32V304h144c17.67 0 32-14.33 32-32v-32c0-17.67-14.33-32-32-32z\"><\/path><\/svg><\/span>\n\t\t<\/span>\n\n\t\t\t\t\t\t<\/summary>\n\t\t\t\t<div role=\"region\" aria-labelledby=\"e-n-accordion-item-7304\" class=\"elementor-element elementor-element-45224953 e-con-full e-flex e-con e-child\" data-id=\"45224953\" data-element_type=\"container\" data-e-type=\"container\">\n\t\t\t\t<div class=\"elementor-element elementor-element-61e4fb78 elementor-widget elementor-widget-text-editor\" data-id=\"61e4fb78\" data-element_type=\"widget\" data-e-type=\"widget\" data-widget_type=\"text-editor.default\">\n\t\t\t\t\t\t\t\t\t<p>Lo m\u00e1s recomendable es reservar con antelaci\u00f3n, especialmente si viajas en verano o buscas una villa con caracter\u00edsticas concretas como piscina, buena ubicaci\u00f3n, capacidad para varias personas o cercan\u00eda al mar. Puerto Pollensa es una zona muy demandada durante la temporada alta.<\/p>\t\t\t\t\t\t\t\t<\/div>\n\t\t\t\t<\/div>\n\t\t\t\t\t<\/details>\n\t\t\t\t\t\t<details id=\"e-n-accordion-item-7305\" class=\"e-n-accordion-item\" >\n\t\t\t\t<summary class=\"e-n-accordion-item-title\" data-accordion-index=\"6\" tabindex=\"-1\" aria-expanded=\"false\" aria-controls=\"e-n-accordion-item-7305\" >\n\t\t\t\t\t<span class='e-n-accordion-item-title-header'><div class=\"e-n-accordion-item-title-text\"> \u00bfLas villas en Puerto Pollensa est\u00e1n cerca de la playa? <\/div><\/span>\n\t\t\t\t\t\t\t<span class='e-n-accordion-item-title-icon'>\n\t\t\t<span class='e-opened' ><svg aria-hidden=\"true\" class=\"e-font-icon-svg e-fas-minus\" viewBox=\"0 0 448 512\" xmlns=\"http:\/\/www.w3.org\/2000\/svg\"><path d=\"M416 208H32c-17.67 0-32 14.33-32 32v32c0 17.67 14.33 32 32 32h384c17.67 0 32-14.33 32-32v-32c0-17.67-14.33-32-32-32z\"><\/path><\/svg><\/span>\n\t\t\t<span class='e-closed'><svg aria-hidden=\"true\" class=\"e-font-icon-svg e-fas-plus\" viewBox=\"0 0 448 512\" xmlns=\"http:\/\/www.w3.org\/2000\/svg\"><path d=\"M416 208H272V64c0-17.67-14.33-32-32-32h-32c-17.67 0-32 14.33-32 32v144H32c-17.67 0-32 14.33-32 32v32c0 17.67 14.33 32 32 32h144v144c0 17.67 14.33 32 32 32h32c17.67 0 32-14.33 32-32V304h144c17.67 0 32-14.33 32-32v-32c0-17.67-14.33-32-32-32z\"><\/path><\/svg><\/span>\n\t\t<\/span>\n\n\t\t\t\t\t\t<\/summary>\n\t\t\t\t<div role=\"region\" aria-labelledby=\"e-n-accordion-item-7305\" class=\"elementor-element elementor-element-1fc28f5f e-con-full e-flex e-con e-child\" data-id=\"1fc28f5f\" data-element_type=\"container\" data-e-type=\"container\">\n\t\t\t\t<div class=\"elementor-element elementor-element-43779b64 elementor-widget elementor-widget-text-editor\" data-id=\"43779b64\" data-element_type=\"widget\" data-e-type=\"widget\" data-widget_type=\"text-editor.default\">\n\t\t\t\t\t\t\t\t\t<p>Muchas villas en Puerto Pollensa se encuentran cerca de la playa o bien comunicadas con la bah\u00eda y otros puntos de inter\u00e9s del norte de Mallorca. La disponibilidad depende de cada alojamiento, por lo que conviene revisar la ubicaci\u00f3n y las caracter\u00edsticas de la villa antes de reservar.<\/p>\t\t\t\t\t\t\t\t<\/div>\n\t\t\t\t<\/div>\n\t\t\t\t\t<\/details>\n\t\t\t\t\t\t<details id=\"e-n-accordion-item-7306\" class=\"e-n-accordion-item\" >\n\t\t\t\t<summary class=\"e-n-accordion-item-title\" data-accordion-index=\"7\" tabindex=\"-1\" aria-expanded=\"false\" aria-controls=\"e-n-accordion-item-7306\" >\n\t\t\t\t\t<span class='e-n-accordion-item-title-header'><div class=\"e-n-accordion-item-title-text\"> \u00bfEs mejor alojarse en una villa o en un hotel en Puerto Pollensa? <\/div><\/span>\n\t\t\t\t\t\t\t<span class='e-n-accordion-item-title-icon'>\n\t\t\t<span class='e-opened' ><svg aria-hidden=\"true\" class=\"e-font-icon-svg e-fas-minus\" viewBox=\"0 0 448 512\" xmlns=\"http:\/\/www.w3.org\/2000\/svg\"><path d=\"M416 208H32c-17.67 0-32 14.33-32 32v32c0 17.67 14.33 32 32 32h384c17.67 0 32-14.33 32-32v-32c0-17.67-14.33-32-32-32z\"><\/path><\/svg><\/span>\n\t\t\t<span class='e-closed'><svg aria-hidden=\"true\" class=\"e-font-icon-svg e-fas-plus\" viewBox=\"0 0 448 512\" xmlns=\"http:\/\/www.w3.org\/2000\/svg\"><path d=\"M416 208H272V64c0-17.67-14.33-32-32-32h-32c-17.67 0-32 14.33-32 32v144H32c-17.67 0-32 14.33-32 32v32c0 17.67 14.33 32 32 32h144v144c0 17.67 14.33 32 32 32h32c17.67 0 32-14.33 32-32V304h144c17.67 0 32-14.33 32-32v-32c0-17.67-14.33-32-32-32z\"><\/path><\/svg><\/span>\n\t\t<\/span>\n\n\t\t\t\t\t\t<\/summary>\n\t\t\t\t<div role=\"region\" aria-labelledby=\"e-n-accordion-item-7306\" class=\"elementor-element elementor-element-1f2c9f4b e-con-full e-flex e-con e-child\" data-id=\"1f2c9f4b\" data-element_type=\"container\" data-e-type=\"container\">\n\t\t\t\t<div class=\"elementor-element elementor-element-335ea71d elementor-widget elementor-widget-text-editor\" data-id=\"335ea71d\" data-element_type=\"widget\" data-e-type=\"widget\" data-widget_type=\"text-editor.default\">\n\t\t\t\t\t\t\t\t\t<p>Depende del tipo de viaje, pero una villa ofrece m\u00e1s privacidad, espacio y libertad que un hotel. Es una opci\u00f3n especialmente recomendable para familias, grupos o viajeros que desean disfrutar de sus vacaciones sin horarios fijos, con zonas propias para descansar, compartir comidas y vivir la estancia de una forma m\u00e1s independiente.<\/p>\t\t\t\t\t\t\t\t<\/div>\n\t\t\t\t<\/div>\n\t\t\t\t\t<\/details>\n\t\t\t\t\t\t<details id=\"e-n-accordion-item-7307\" class=\"e-n-accordion-item\" >\n\t\t\t\t<summary class=\"e-n-accordion-item-title\" data-accordion-index=\"8\" tabindex=\"-1\" aria-expanded=\"false\" aria-controls=\"e-n-accordion-item-7307\" >\n\t\t\t\t\t<span class='e-n-accordion-item-title-header'><div class=\"e-n-accordion-item-title-text\"> \u00bfQu\u00e9 zonas se pueden visitar desde Puerto Pollensa? <\/div><\/span>\n\t\t\t\t\t\t\t<span class='e-n-accordion-item-title-icon'>\n\t\t\t<span class='e-opened' ><svg aria-hidden=\"true\" class=\"e-font-icon-svg e-fas-minus\" viewBox=\"0 0 448 512\" xmlns=\"http:\/\/www.w3.org\/2000\/svg\"><path d=\"M416 208H32c-17.67 0-32 14.33-32 32v32c0 17.67 14.33 32 32 32h384c17.67 0 32-14.33 32-32v-32c0-17.67-14.33-32-32-32z\"><\/path><\/svg><\/span>\n\t\t\t<span class='e-closed'><svg aria-hidden=\"true\" class=\"e-font-icon-svg e-fas-plus\" viewBox=\"0 0 448 512\" xmlns=\"http:\/\/www.w3.org\/2000\/svg\"><path d=\"M416 208H272V64c0-17.67-14.33-32-32-32h-32c-17.67 0-32 14.33-32 32v144H32c-17.67 0-32 14.33-32 32v32c0 17.67 14.33 32 32 32h144v144c0 17.67 14.33 32 32 32h32c17.67 0 32-14.33 32-32V304h144c17.67 0 32-14.33 32-32v-32c0-17.67-14.33-32-32-32z\"><\/path><\/svg><\/span>\n\t\t<\/span>\n\n\t\t\t\t\t\t<\/summary>\n\t\t\t\t<div role=\"region\" aria-labelledby=\"e-n-accordion-item-7307\" class=\"elementor-element elementor-element-3efd52bc e-con-full e-flex e-con e-child\" data-id=\"3efd52bc\" data-element_type=\"container\" data-e-type=\"container\">\n\t\t\t\t<div class=\"elementor-element elementor-element-3ef75977 elementor-widget elementor-widget-text-editor\" data-id=\"3ef75977\" data-element_type=\"widget\" data-e-type=\"widget\" data-widget_type=\"text-editor.default\">\n\t\t\t\t\t\t\t\t\t<p class=\"isSelectedEnd ProseMirror-selectednode\" draggable=\"true\">Desde Puerto Pollensa es f\u00e1cil visitar algunos de los lugares m\u00e1s atractivos del norte de Mallorca. Pollen\u00e7a, Formentor, Alc\u00fadia y la Serra de Tramuntana se encuentran a una distancia c\u00f3moda, lo que permite organizar excursiones durante el d\u00eda y volver despu\u00e9s a la villa para descansar con tranquilidad.<\/p>\t\t\t\t\t\t\t\t<\/div>\n\t\t\t\t<\/div>\n\t\t\t\t\t<\/details>\n\t\t\t\t\t<\/div>\n\t\t\t\t\t\t<\/div>\n\t\t\t\t<\/div>\n\t\t\t\t\t<\/div>\n\t\t\t\t<\/div>\n\t\t<div class=\"elementor-element elementor-element-64a9878d e-flex e-con-boxed e-con e-parent\" data-id=\"64a9878d\" data-element_type=\"container\" data-e-type=\"container\">\n\t\t\t\t\t<div class=\"e-con-inner\">\n\t\t<div class=\"elementor-element elementor-element-754e426b e-con-full e-flex e-con e-child\" data-id=\"754e426b\" data-element_type=\"container\" data-e-type=\"container\">\n\t\t\t\t<div class=\"elementor-element elementor-element-52e07f0f elementor-widget elementor-widget-heading\" data-id=\"52e07f0f\" data-element_type=\"widget\" data-e-type=\"widget\" data-widget_type=\"heading.default\">\n\t\t\t\t\t<h2 class=\"elementor-heading-title elementor-size-default\">Lo que dicen nuestros clientes<\/h2>\t\t\t\t<\/div>\n\t\t\t\t<\/div>\n\t\t\t\t<div class=\"elementor-element elementor-element-01812d9 elementor-pagination-type-bullets elementor-arrows-position-inside elementor-pagination-position-outside elementor-widget elementor-widget-n-carousel\" data-id=\"01812d9\" data-element_type=\"widget\" data-e-type=\"widget\" data-settings=\"{&quot;carousel_items&quot;:[{&quot;slide_title&quot;:&quot;Diapositiva n\\u00ba 1&quot;,&quot;_id&quot;:&quot;da05c2e&quot;},{&quot;slide_title&quot;:&quot;Diapositiva n\\u00ba 2&quot;,&quot;_id&quot;:&quot;1032da4&quot;},{&quot;slide_title&quot;:&quot;Diapositiva n\\u00ba 3&quot;,&quot;_id&quot;:&quot;19fcd13&quot;},{&quot;slide_title&quot;:&quot;Diapositiva n\\u00ba 4&quot;,&quot;_id&quot;:&quot;68ec657&quot;}],&quot;slides_to_show&quot;:&quot;3&quot;,&quot;slides_to_scroll&quot;:&quot;5&quot;,&quot;slides_to_show_tablet&quot;:&quot;2&quot;,&quot;slides_to_show_mobile&quot;:&quot;1&quot;,&quot;autoplay&quot;:&quot;yes&quot;,&quot;autoplay_speed&quot;:5000,&quot;pause_on_hover&quot;:&quot;yes&quot;,&quot;pause_on_interaction&quot;:&quot;yes&quot;,&quot;infinite&quot;:&quot;yes&quot;,&quot;speed&quot;:500,&quot;offset_sides&quot;:&quot;none&quot;,&quot;arrows&quot;:&quot;yes&quot;,&quot;pagination&quot;:&quot;bullets&quot;,&quot;image_spacing_custom&quot;:{&quot;unit&quot;:&quot;px&quot;,&quot;size&quot;:10,&quot;sizes&quot;:[]},&quot;image_spacing_custom_tablet&quot;:{&quot;unit&quot;:&quot;px&quot;,&quot;size&quot;:&quot;&quot;,&quot;sizes&quot;:[]},&quot;image_spacing_custom_mobile&quot;:{&quot;unit&quot;:&quot;px&quot;,&quot;size&quot;:&quot;&quot;,&quot;sizes&quot;:[]}}\" data-widget_type=\"nested-carousel.default\">\n\t\t\t\t\t\t\t<div class=\"e-n-carousel swiper\" role=\"region\" aria-roledescription=\"carousel\" aria-label=\"Carrusel\" dir=\"ltr\">\n\t\t\t<div class=\"swiper-wrapper\" aria-live=\"off\">\n\t\t\t\t\t\t\t\t\t\t<div class=\"swiper-slide\" data-slide=\"1\" role=\"group\" aria-roledescription=\"slide\" aria-label=\"1 of 4\">\n\t\t\t\t\t\t\t<div class=\"elementor-element elementor-element-19a162f e-flex e-con-boxed e-con e-child\" data-id=\"19a162f\" data-element_type=\"container\" data-e-type=\"container\">\n\t\t\t\t\t<div class=\"e-con-inner\">\n\t\t<div class=\"elementor-element elementor-element-1731fdf e-con-full e-flex e-con e-child\" data-id=\"1731fdf\" data-element_type=\"container\" data-e-type=\"container\" data-settings=\"{&quot;background_background&quot;:&quot;classic&quot;}\">\n\t\t\t\t<div class=\"elementor-element elementor-element-da3dc24 elementor-view-default elementor-widget elementor-widget-icon\" data-id=\"da3dc24\" data-element_type=\"widget\" data-e-type=\"widget\" data-widget_type=\"icon.default\">\n\t\t\t\t\t\t\t<div class=\"elementor-icon-wrapper\">\n\t\t\t<div class=\"elementor-icon\">\n\t\t\t<svg aria-hidden=\"true\" class=\"e-font-icon-svg e-fas-quote-left\" viewBox=\"0 0 512 512\" xmlns=\"http:\/\/www.w3.org\/2000\/svg\"><path d=\"M464 256h-80v-64c0-35.3 28.7-64 64-64h8c13.3 0 24-10.7 24-24V56c0-13.3-10.7-24-24-24h-8c-88.4 0-160 71.6-160 160v240c0 26.5 21.5 48 48 48h128c26.5 0 48-21.5 48-48V304c0-26.5-21.5-48-48-48zm-288 0H96v-64c0-35.3 28.7-64 64-64h8c13.3 0 24-10.7 24-24V56c0-13.3-10.7-24-24-24h-8C71.6 32 0 103.6 0 192v240c0 26.5 21.5 48 48 48h128c26.5 0 48-21.5 48-48V304c0-26.5-21.5-48-48-48z\"><\/path><\/svg>\t\t\t<\/div>\n\t\t<\/div>\n\t\t\t\t\t\t<\/div>\n\t\t\t\t<div class=\"elementor-element elementor-element-c2e1b9f elementor-widget elementor-widget-text-editor\" data-id=\"c2e1b9f\" data-element_type=\"widget\" data-e-type=\"widget\" data-widget_type=\"text-editor.default\">\n\t\t\t\t\t\t\t\t\t<p>Estancia brillante en el Stewart Lodge Resort, lo recomendar\u00eda encarecidamente. Hermosas vistas al mar e impecables jardines. Las instalaciones estaban a punto: la sauna y la sala de vapor fueron una excelente manera de comenzar la ma\u00f1ana. Desafortunadamente, el restaurante estuvo cerrado durante nuestra estancia.   <\/p>\t\t\t\t\t\t\t\t<\/div>\n\t\t\t\t<div class=\"elementor-element elementor-element-f1cab21 elementor-widget elementor-widget-rating\" data-id=\"f1cab21\" data-element_type=\"widget\" data-e-type=\"widget\" data-widget_type=\"rating.default\">\n\t\t\t\t\t\t\t<div class=\"e-rating\" itemtype=\"https:\/\/schema.org\/Rating\" itemscope=\"\" itemprop=\"reviewRating\">\n\t\t\t<meta itemprop=\"worstRating\" content=\"0\">\n\t\t\t<meta itemprop=\"bestRating\" content=\"5\">\n\t\t\t<div class=\"e-rating-wrapper\" itemprop=\"ratingValue\" content=\"5\" role=\"img\" aria-label=\"Valorado con 5 de 5\">\n\t\t\t\t\t\t\t<div class=\"e-icon\">\n\t\t\t\t<div class=\"e-icon-wrapper e-icon-marked\">\n\t\t\t\t\t<svg aria-hidden=\"true\" class=\"e-font-icon-svg e-eicon-star\" viewBox=\"0 0 1000 1000\" xmlns=\"http:\/\/www.w3.org\/2000\/svg\"><path d=\"M450 75L338 312 88 350C46 354 25 417 58 450L238 633 196 896C188 942 238 975 275 954L500 837 725 954C767 975 813 942 804 896L763 633 942 450C975 417 954 358 913 350L663 312 550 75C529 33 471 33 450 75Z\"><\/path><\/svg>\t\t\t\t<\/div>\n\t\t\t\t<div class=\"e-icon-wrapper e-icon-unmarked\">\n\t\t\t\t\t<svg aria-hidden=\"true\" class=\"e-font-icon-svg e-eicon-star\" viewBox=\"0 0 1000 1000\" xmlns=\"http:\/\/www.w3.org\/2000\/svg\"><path d=\"M450 75L338 312 88 350C46 354 25 417 58 450L238 633 196 896C188 942 238 975 275 954L500 837 725 954C767 975 813 942 804 896L763 633 942 450C975 417 954 358 913 350L663 312 550 75C529 33 471 33 450 75Z\"><\/path><\/svg>\t\t\t\t<\/div>\n\t\t\t<\/div>\n\t\t\t\t\t\t<div class=\"e-icon\">\n\t\t\t\t<div class=\"e-icon-wrapper e-icon-marked\">\n\t\t\t\t\t<svg aria-hidden=\"true\" class=\"e-font-icon-svg e-eicon-star\" viewBox=\"0 0 1000 1000\" xmlns=\"http:\/\/www.w3.org\/2000\/svg\"><path d=\"M450 75L338 312 88 350C46 354 25 417 58 450L238 633 196 896C188 942 238 975 275 954L500 837 725 954C767 975 813 942 804 896L763 633 942 450C975 417 954 358 913 350L663 312 550 75C529 33 471 33 450 75Z\"><\/path><\/svg>\t\t\t\t<\/div>\n\t\t\t\t<div class=\"e-icon-wrapper e-icon-unmarked\">\n\t\t\t\t\t<svg aria-hidden=\"true\" class=\"e-font-icon-svg e-eicon-star\" viewBox=\"0 0 1000 1000\" xmlns=\"http:\/\/www.w3.org\/2000\/svg\"><path d=\"M450 75L338 312 88 350C46 354 25 417 58 450L238 633 196 896C188 942 238 975 275 954L500 837 725 954C767 975 813 942 804 896L763 633 942 450C975 417 954 358 913 350L663 312 550 75C529 33 471 33 450 75Z\"><\/path><\/svg>\t\t\t\t<\/div>\n\t\t\t<\/div>\n\t\t\t\t\t\t<div class=\"e-icon\">\n\t\t\t\t<div class=\"e-icon-wrapper e-icon-marked\">\n\t\t\t\t\t<svg aria-hidden=\"true\" class=\"e-font-icon-svg e-eicon-star\" viewBox=\"0 0 1000 1000\" xmlns=\"http:\/\/www.w3.org\/2000\/svg\"><path d=\"M450 75L338 312 88 350C46 354 25 417 58 450L238 633 196 896C188 942 238 975 275 954L500 837 725 954C767 975 813 942 804 896L763 633 942 450C975 417 954 358 913 350L663 312 550 75C529 33 471 33 450 75Z\"><\/path><\/svg>\t\t\t\t<\/div>\n\t\t\t\t<div class=\"e-icon-wrapper e-icon-unmarked\">\n\t\t\t\t\t<svg aria-hidden=\"true\" class=\"e-font-icon-svg e-eicon-star\" viewBox=\"0 0 1000 1000\" xmlns=\"http:\/\/www.w3.org\/2000\/svg\"><path d=\"M450 75L338 312 88 350C46 354 25 417 58 450L238 633 196 896C188 942 238 975 275 954L500 837 725 954C767 975 813 942 804 896L763 633 942 450C975 417 954 358 913 350L663 312 550 75C529 33 471 33 450 75Z\"><\/path><\/svg>\t\t\t\t<\/div>\n\t\t\t<\/div>\n\t\t\t\t\t\t<div class=\"e-icon\">\n\t\t\t\t<div class=\"e-icon-wrapper e-icon-marked\">\n\t\t\t\t\t<svg aria-hidden=\"true\" class=\"e-font-icon-svg e-eicon-star\" viewBox=\"0 0 1000 1000\" xmlns=\"http:\/\/www.w3.org\/2000\/svg\"><path d=\"M450 75L338 312 88 350C46 354 25 417 58 450L238 633 196 896C188 942 238 975 275 954L500 837 725 954C767 975 813 942 804 896L763 633 942 450C975 417 954 358 913 350L663 312 550 75C529 33 471 33 450 75Z\"><\/path><\/svg>\t\t\t\t<\/div>\n\t\t\t\t<div class=\"e-icon-wrapper e-icon-unmarked\">\n\t\t\t\t\t<svg aria-hidden=\"true\" class=\"e-font-icon-svg e-eicon-star\" viewBox=\"0 0 1000 1000\" xmlns=\"http:\/\/www.w3.org\/2000\/svg\"><path d=\"M450 75L338 312 88 350C46 354 25 417 58 450L238 633 196 896C188 942 238 975 275 954L500 837 725 954C767 975 813 942 804 896L763 633 942 450C975 417 954 358 913 350L663 312 550 75C529 33 471 33 450 75Z\"><\/path><\/svg>\t\t\t\t<\/div>\n\t\t\t<\/div>\n\t\t\t\t\t\t<div class=\"e-icon\">\n\t\t\t\t<div class=\"e-icon-wrapper e-icon-marked\">\n\t\t\t\t\t<svg aria-hidden=\"true\" class=\"e-font-icon-svg e-eicon-star\" viewBox=\"0 0 1000 1000\" xmlns=\"http:\/\/www.w3.org\/2000\/svg\"><path d=\"M450 75L338 312 88 350C46 354 25 417 58 450L238 633 196 896C188 942 238 975 275 954L500 837 725 954C767 975 813 942 804 896L763 633 942 450C975 417 954 358 913 350L663 312 550 75C529 33 471 33 450 75Z\"><\/path><\/svg>\t\t\t\t<\/div>\n\t\t\t\t<div class=\"e-icon-wrapper e-icon-unmarked\">\n\t\t\t\t\t<svg aria-hidden=\"true\" class=\"e-font-icon-svg e-eicon-star\" viewBox=\"0 0 1000 1000\" xmlns=\"http:\/\/www.w3.org\/2000\/svg\"><path d=\"M450 75L338 312 88 350C46 354 25 417 58 450L238 633 196 896C188 942 238 975 275 954L500 837 725 954C767 975 813 942 804 896L763 633 942 450C975 417 954 358 913 350L663 312 550 75C529 33 471 33 450 75Z\"><\/path><\/svg>\t\t\t\t<\/div>\n\t\t\t<\/div>\n\t\t\t\t\t\t<\/div>\n\t\t<\/div>\n\t\t\t\t\t\t<\/div>\n\t\t\t\t<div class=\"elementor-element elementor-element-2c0a63f elementor-widget elementor-widget-heading\" data-id=\"2c0a63f\" data-element_type=\"widget\" data-e-type=\"widget\" data-widget_type=\"heading.default\">\n\t\t\t\t\t<h6 class=\"elementor-heading-title elementor-size-default\">Alisa McDiarmid<\/h6>\t\t\t\t<\/div>\n\t\t\t\t<div class=\"elementor-element elementor-element-b258df0 elementor-widget elementor-widget-heading\" data-id=\"b258df0\" data-element_type=\"widget\" data-e-type=\"widget\" data-widget_type=\"heading.default\">\n\t\t\t\t\t<h6 class=\"elementor-heading-title elementor-size-default\">Hu\u00e9sped<\/h6>\t\t\t\t<\/div>\n\t\t\t\t<\/div>\n\t\t\t\t\t<\/div>\n\t\t\t\t<\/div>\n\t\t\t\t\t\t\t\t<\/div>\n\t\t\t\t\t\t\t\t\t\t\t<div class=\"swiper-slide\" data-slide=\"2\" role=\"group\" aria-roledescription=\"slide\" aria-label=\"2 of 4\">\n\t\t\t\t\t\t\t<div class=\"elementor-element elementor-element-1b20634 e-flex e-con-boxed e-con e-child\" data-id=\"1b20634\" data-element_type=\"container\" data-e-type=\"container\">\n\t\t\t\t\t<div class=\"e-con-inner\">\n\t\t<div class=\"elementor-element elementor-element-c3fefc6 e-con-full e-flex e-con e-child\" data-id=\"c3fefc6\" data-element_type=\"container\" data-e-type=\"container\" data-settings=\"{&quot;background_background&quot;:&quot;classic&quot;}\">\n\t\t\t\t<div class=\"elementor-element elementor-element-07bd754 elementor-view-default elementor-widget elementor-widget-icon\" data-id=\"07bd754\" data-element_type=\"widget\" data-e-type=\"widget\" data-widget_type=\"icon.default\">\n\t\t\t\t\t\t\t<div class=\"elementor-icon-wrapper\">\n\t\t\t<div class=\"elementor-icon\">\n\t\t\t<svg aria-hidden=\"true\" class=\"e-font-icon-svg e-fas-quote-left\" viewBox=\"0 0 512 512\" xmlns=\"http:\/\/www.w3.org\/2000\/svg\"><path d=\"M464 256h-80v-64c0-35.3 28.7-64 64-64h8c13.3 0 24-10.7 24-24V56c0-13.3-10.7-24-24-24h-8c-88.4 0-160 71.6-160 160v240c0 26.5 21.5 48 48 48h128c26.5 0 48-21.5 48-48V304c0-26.5-21.5-48-48-48zm-288 0H96v-64c0-35.3 28.7-64 64-64h8c13.3 0 24-10.7 24-24V56c0-13.3-10.7-24-24-24h-8C71.6 32 0 103.6 0 192v240c0 26.5 21.5 48 48 48h128c26.5 0 48-21.5 48-48V304c0-26.5-21.5-48-48-48z\"><\/path><\/svg>\t\t\t<\/div>\n\t\t<\/div>\n\t\t\t\t\t\t<\/div>\n\t\t\t\t<div class=\"elementor-element elementor-element-8e2c474 elementor-widget elementor-widget-text-editor\" data-id=\"8e2c474\" data-element_type=\"widget\" data-e-type=\"widget\" data-widget_type=\"text-editor.default\">\n\t\t\t\t\t\t\t\t\t<p>Nos alojamos en Crab Shack en Crail. Est\u00e1 bellamente decorado, limpio y espacioso, con todo lo que necesita. Est\u00e1 en una excelente ubicaci\u00f3n, a pocos pasos del puerto y de las impresionantes playas. Est\u00e1 cerca de tiendas y cafeter\u00edas. Disfrutamos mucho de nuestra estancia aqu\u00ed con nuestra hija y volveremos.    <\/p>\t\t\t\t\t\t\t\t<\/div>\n\t\t\t\t<div class=\"elementor-element elementor-element-a776dc3 elementor-widget elementor-widget-rating\" data-id=\"a776dc3\" data-element_type=\"widget\" data-e-type=\"widget\" data-widget_type=\"rating.default\">\n\t\t\t\t\t\t\t<div class=\"e-rating\" itemtype=\"https:\/\/schema.org\/Rating\" itemscope=\"\" itemprop=\"reviewRating\">\n\t\t\t<meta itemprop=\"worstRating\" content=\"0\">\n\t\t\t<meta itemprop=\"bestRating\" content=\"5\">\n\t\t\t<div class=\"e-rating-wrapper\" itemprop=\"ratingValue\" content=\"4.5\" role=\"img\" aria-label=\"Valorado con 4.5 de 5\">\n\t\t\t\t\t\t\t<div class=\"e-icon\">\n\t\t\t\t<div class=\"e-icon-wrapper e-icon-marked\">\n\t\t\t\t\t<svg aria-hidden=\"true\" class=\"e-font-icon-svg e-eicon-star\" viewBox=\"0 0 1000 1000\" xmlns=\"http:\/\/www.w3.org\/2000\/svg\"><path d=\"M450 75L338 312 88 350C46 354 25 417 58 450L238 633 196 896C188 942 238 975 275 954L500 837 725 954C767 975 813 942 804 896L763 633 942 450C975 417 954 358 913 350L663 312 550 75C529 33 471 33 450 75Z\"><\/path><\/svg>\t\t\t\t<\/div>\n\t\t\t\t<div class=\"e-icon-wrapper e-icon-unmarked\">\n\t\t\t\t\t<svg aria-hidden=\"true\" class=\"e-font-icon-svg e-eicon-star\" viewBox=\"0 0 1000 1000\" xmlns=\"http:\/\/www.w3.org\/2000\/svg\"><path d=\"M450 75L338 312 88 350C46 354 25 417 58 450L238 633 196 896C188 942 238 975 275 954L500 837 725 954C767 975 813 942 804 896L763 633 942 450C975 417 954 358 913 350L663 312 550 75C529 33 471 33 450 75Z\"><\/path><\/svg>\t\t\t\t<\/div>\n\t\t\t<\/div>\n\t\t\t\t\t\t<div class=\"e-icon\">\n\t\t\t\t<div class=\"e-icon-wrapper e-icon-marked\">\n\t\t\t\t\t<svg aria-hidden=\"true\" class=\"e-font-icon-svg e-eicon-star\" viewBox=\"0 0 1000 1000\" xmlns=\"http:\/\/www.w3.org\/2000\/svg\"><path d=\"M450 75L338 312 88 350C46 354 25 417 58 450L238 633 196 896C188 942 238 975 275 954L500 837 725 954C767 975 813 942 804 896L763 633 942 450C975 417 954 358 913 350L663 312 550 75C529 33 471 33 450 75Z\"><\/path><\/svg>\t\t\t\t<\/div>\n\t\t\t\t<div class=\"e-icon-wrapper e-icon-unmarked\">\n\t\t\t\t\t<svg aria-hidden=\"true\" class=\"e-font-icon-svg e-eicon-star\" viewBox=\"0 0 1000 1000\" xmlns=\"http:\/\/www.w3.org\/2000\/svg\"><path d=\"M450 75L338 312 88 350C46 354 25 417 58 450L238 633 196 896C188 942 238 975 275 954L500 837 725 954C767 975 813 942 804 896L763 633 942 450C975 417 954 358 913 350L663 312 550 75C529 33 471 33 450 75Z\"><\/path><\/svg>\t\t\t\t<\/div>\n\t\t\t<\/div>\n\t\t\t\t\t\t<div class=\"e-icon\">\n\t\t\t\t<div class=\"e-icon-wrapper e-icon-marked\">\n\t\t\t\t\t<svg aria-hidden=\"true\" class=\"e-font-icon-svg e-eicon-star\" viewBox=\"0 0 1000 1000\" xmlns=\"http:\/\/www.w3.org\/2000\/svg\"><path d=\"M450 75L338 312 88 350C46 354 25 417 58 450L238 633 196 896C188 942 238 975 275 954L500 837 725 954C767 975 813 942 804 896L763 633 942 450C975 417 954 358 913 350L663 312 550 75C529 33 471 33 450 75Z\"><\/path><\/svg>\t\t\t\t<\/div>\n\t\t\t\t<div class=\"e-icon-wrapper e-icon-unmarked\">\n\t\t\t\t\t<svg aria-hidden=\"true\" class=\"e-font-icon-svg e-eicon-star\" viewBox=\"0 0 1000 1000\" xmlns=\"http:\/\/www.w3.org\/2000\/svg\"><path d=\"M450 75L338 312 88 350C46 354 25 417 58 450L238 633 196 896C188 942 238 975 275 954L500 837 725 954C767 975 813 942 804 896L763 633 942 450C975 417 954 358 913 350L663 312 550 75C529 33 471 33 450 75Z\"><\/path><\/svg>\t\t\t\t<\/div>\n\t\t\t<\/div>\n\t\t\t\t\t\t<div class=\"e-icon\">\n\t\t\t\t<div class=\"e-icon-wrapper e-icon-marked\">\n\t\t\t\t\t<svg aria-hidden=\"true\" class=\"e-font-icon-svg e-eicon-star\" viewBox=\"0 0 1000 1000\" xmlns=\"http:\/\/www.w3.org\/2000\/svg\"><path d=\"M450 75L338 312 88 350C46 354 25 417 58 450L238 633 196 896C188 942 238 975 275 954L500 837 725 954C767 975 813 942 804 896L763 633 942 450C975 417 954 358 913 350L663 312 550 75C529 33 471 33 450 75Z\"><\/path><\/svg>\t\t\t\t<\/div>\n\t\t\t\t<div class=\"e-icon-wrapper e-icon-unmarked\">\n\t\t\t\t\t<svg aria-hidden=\"true\" class=\"e-font-icon-svg e-eicon-star\" viewBox=\"0 0 1000 1000\" xmlns=\"http:\/\/www.w3.org\/2000\/svg\"><path d=\"M450 75L338 312 88 350C46 354 25 417 58 450L238 633 196 896C188 942 238 975 275 954L500 837 725 954C767 975 813 942 804 896L763 633 942 450C975 417 954 358 913 350L663 312 550 75C529 33 471 33 450 75Z\"><\/path><\/svg>\t\t\t\t<\/div>\n\t\t\t<\/div>\n\t\t\t\t\t\t<div class=\"e-icon\">\n\t\t\t\t<div class=\"e-icon-wrapper e-icon-marked\" style=\"--e-rating-icon-marked-width: 50%;\">\n\t\t\t\t\t<svg aria-hidden=\"true\" class=\"e-font-icon-svg e-eicon-star\" viewBox=\"0 0 1000 1000\" xmlns=\"http:\/\/www.w3.org\/2000\/svg\"><path d=\"M450 75L338 312 88 350C46 354 25 417 58 450L238 633 196 896C188 942 238 975 275 954L500 837 725 954C767 975 813 942 804 896L763 633 942 450C975 417 954 358 913 350L663 312 550 75C529 33 471 33 450 75Z\"><\/path><\/svg>\t\t\t\t<\/div>\n\t\t\t\t<div class=\"e-icon-wrapper e-icon-unmarked\">\n\t\t\t\t\t<svg aria-hidden=\"true\" class=\"e-font-icon-svg e-eicon-star\" viewBox=\"0 0 1000 1000\" xmlns=\"http:\/\/www.w3.org\/2000\/svg\"><path d=\"M450 75L338 312 88 350C46 354 25 417 58 450L238 633 196 896C188 942 238 975 275 954L500 837 725 954C767 975 813 942 804 896L763 633 942 450C975 417 954 358 913 350L663 312 550 75C529 33 471 33 450 75Z\"><\/path><\/svg>\t\t\t\t<\/div>\n\t\t\t<\/div>\n\t\t\t\t\t\t<\/div>\n\t\t<\/div>\n\t\t\t\t\t\t<\/div>\n\t\t\t\t<div class=\"elementor-element elementor-element-57b8367 elementor-widget elementor-widget-heading\" data-id=\"57b8367\" data-element_type=\"widget\" data-e-type=\"widget\" data-widget_type=\"heading.default\">\n\t\t\t\t\t<h6 class=\"elementor-heading-title elementor-size-default\">Monika Harewood<\/h6>\t\t\t\t<\/div>\n\t\t\t\t<div class=\"elementor-element elementor-element-71a2698 elementor-widget elementor-widget-heading\" data-id=\"71a2698\" data-element_type=\"widget\" data-e-type=\"widget\" data-widget_type=\"heading.default\">\n\t\t\t\t\t<h6 class=\"elementor-heading-title elementor-size-default\">Hu\u00e9sped<\/h6>\t\t\t\t<\/div>\n\t\t\t\t<\/div>\n\t\t\t\t\t<\/div>\n\t\t\t\t<\/div>\n\t\t\t\t\t\t\t\t<\/div>\n\t\t\t\t\t\t\t\t\t\t\t<div class=\"swiper-slide\" data-slide=\"3\" role=\"group\" aria-roledescription=\"slide\" aria-label=\"3 of 4\">\n\t\t\t\t\t\t\t<div class=\"elementor-element elementor-element-7bd5d2f e-flex e-con-boxed e-con e-child\" data-id=\"7bd5d2f\" data-element_type=\"container\" data-e-type=\"container\">\n\t\t\t\t\t<div class=\"e-con-inner\">\n\t\t<div class=\"elementor-element elementor-element-a066e6d e-con-full e-flex e-con e-child\" data-id=\"a066e6d\" data-element_type=\"container\" data-e-type=\"container\" data-settings=\"{&quot;background_background&quot;:&quot;classic&quot;}\">\n\t\t\t\t<div class=\"elementor-element elementor-element-7280869 elementor-view-default elementor-widget elementor-widget-icon\" data-id=\"7280869\" data-element_type=\"widget\" data-e-type=\"widget\" data-widget_type=\"icon.default\">\n\t\t\t\t\t\t\t<div class=\"elementor-icon-wrapper\">\n\t\t\t<div class=\"elementor-icon\">\n\t\t\t<svg aria-hidden=\"true\" class=\"e-font-icon-svg e-fas-quote-left\" viewBox=\"0 0 512 512\" xmlns=\"http:\/\/www.w3.org\/2000\/svg\"><path d=\"M464 256h-80v-64c0-35.3 28.7-64 64-64h8c13.3 0 24-10.7 24-24V56c0-13.3-10.7-24-24-24h-8c-88.4 0-160 71.6-160 160v240c0 26.5 21.5 48 48 48h128c26.5 0 48-21.5 48-48V304c0-26.5-21.5-48-48-48zm-288 0H96v-64c0-35.3 28.7-64 64-64h8c13.3 0 24-10.7 24-24V56c0-13.3-10.7-24-24-24h-8C71.6 32 0 103.6 0 192v240c0 26.5 21.5 48 48 48h128c26.5 0 48-21.5 48-48V304c0-26.5-21.5-48-48-48z\"><\/path><\/svg>\t\t\t<\/div>\n\t\t<\/div>\n\t\t\t\t\t\t<\/div>\n\t\t\t\t<div class=\"elementor-element elementor-element-d33c09c elementor-widget elementor-widget-text-editor\" data-id=\"d33c09c\" data-element_type=\"widget\" data-e-type=\"widget\" data-widget_type=\"text-editor.default\">\n\t\t\t\t\t\t\t\t\t<p>Nos alojamos en lodge26. Es absolutamente hermoso. El lodge est\u00e1 bien equipado y es muy espacioso, especialmente la suite principal, los otros 2 dormitorios son habitaciones dobles y son mucho m\u00e1s peque\u00f1os, pero a\u00fan de buen tama\u00f1o. La cocina tiene todo lo necesario y la sala de estar es espaciosa. Stewart Resort es encantador. Estaremos encantados de volver a visitarlo.     <\/p>\t\t\t\t\t\t\t\t<\/div>\n\t\t\t\t<div class=\"elementor-element elementor-element-51bc49e elementor-widget elementor-widget-rating\" data-id=\"51bc49e\" data-element_type=\"widget\" data-e-type=\"widget\" data-widget_type=\"rating.default\">\n\t\t\t\t\t\t\t<div class=\"e-rating\" itemtype=\"https:\/\/schema.org\/Rating\" itemscope=\"\" itemprop=\"reviewRating\">\n\t\t\t<meta itemprop=\"worstRating\" content=\"0\">\n\t\t\t<meta itemprop=\"bestRating\" content=\"5\">\n\t\t\t<div class=\"e-rating-wrapper\" itemprop=\"ratingValue\" content=\"4.2\" role=\"img\" aria-label=\"Valorado con 4.2 de 5\">\n\t\t\t\t\t\t\t<div class=\"e-icon\">\n\t\t\t\t<div class=\"e-icon-wrapper e-icon-marked\">\n\t\t\t\t\t<svg aria-hidden=\"true\" class=\"e-font-icon-svg e-eicon-star\" viewBox=\"0 0 1000 1000\" xmlns=\"http:\/\/www.w3.org\/2000\/svg\"><path d=\"M450 75L338 312 88 350C46 354 25 417 58 450L238 633 196 896C188 942 238 975 275 954L500 837 725 954C767 975 813 942 804 896L763 633 942 450C975 417 954 358 913 350L663 312 550 75C529 33 471 33 450 75Z\"><\/path><\/svg>\t\t\t\t<\/div>\n\t\t\t\t<div class=\"e-icon-wrapper e-icon-unmarked\">\n\t\t\t\t\t<svg aria-hidden=\"true\" class=\"e-font-icon-svg e-eicon-star\" viewBox=\"0 0 1000 1000\" xmlns=\"http:\/\/www.w3.org\/2000\/svg\"><path d=\"M450 75L338 312 88 350C46 354 25 417 58 450L238 633 196 896C188 942 238 975 275 954L500 837 725 954C767 975 813 942 804 896L763 633 942 450C975 417 954 358 913 350L663 312 550 75C529 33 471 33 450 75Z\"><\/path><\/svg>\t\t\t\t<\/div>\n\t\t\t<\/div>\n\t\t\t\t\t\t<div class=\"e-icon\">\n\t\t\t\t<div class=\"e-icon-wrapper e-icon-marked\">\n\t\t\t\t\t<svg aria-hidden=\"true\" class=\"e-font-icon-svg e-eicon-star\" viewBox=\"0 0 1000 1000\" xmlns=\"http:\/\/www.w3.org\/2000\/svg\"><path d=\"M450 75L338 312 88 350C46 354 25 417 58 450L238 633 196 896C188 942 238 975 275 954L500 837 725 954C767 975 813 942 804 896L763 633 942 450C975 417 954 358 913 350L663 312 550 75C529 33 471 33 450 75Z\"><\/path><\/svg>\t\t\t\t<\/div>\n\t\t\t\t<div class=\"e-icon-wrapper e-icon-unmarked\">\n\t\t\t\t\t<svg aria-hidden=\"true\" class=\"e-font-icon-svg e-eicon-star\" viewBox=\"0 0 1000 1000\" xmlns=\"http:\/\/www.w3.org\/2000\/svg\"><path d=\"M450 75L338 312 88 350C46 354 25 417 58 450L238 633 196 896C188 942 238 975 275 954L500 837 725 954C767 975 813 942 804 896L763 633 942 450C975 417 954 358 913 350L663 312 550 75C529 33 471 33 450 75Z\"><\/path><\/svg>\t\t\t\t<\/div>\n\t\t\t<\/div>\n\t\t\t\t\t\t<div class=\"e-icon\">\n\t\t\t\t<div class=\"e-icon-wrapper e-icon-marked\">\n\t\t\t\t\t<svg aria-hidden=\"true\" class=\"e-font-icon-svg e-eicon-star\" viewBox=\"0 0 1000 1000\" xmlns=\"http:\/\/www.w3.org\/2000\/svg\"><path d=\"M450 75L338 312 88 350C46 354 25 417 58 450L238 633 196 896C188 942 238 975 275 954L500 837 725 954C767 975 813 942 804 896L763 633 942 450C975 417 954 358 913 350L663 312 550 75C529 33 471 33 450 75Z\"><\/path><\/svg>\t\t\t\t<\/div>\n\t\t\t\t<div class=\"e-icon-wrapper e-icon-unmarked\">\n\t\t\t\t\t<svg aria-hidden=\"true\" class=\"e-font-icon-svg e-eicon-star\" viewBox=\"0 0 1000 1000\" xmlns=\"http:\/\/www.w3.org\/2000\/svg\"><path d=\"M450 75L338 312 88 350C46 354 25 417 58 450L238 633 196 896C188 942 238 975 275 954L500 837 725 954C767 975 813 942 804 896L763 633 942 450C975 417 954 358 913 350L663 312 550 75C529 33 471 33 450 75Z\"><\/path><\/svg>\t\t\t\t<\/div>\n\t\t\t<\/div>\n\t\t\t\t\t\t<div class=\"e-icon\">\n\t\t\t\t<div class=\"e-icon-wrapper e-icon-marked\">\n\t\t\t\t\t<svg aria-hidden=\"true\" class=\"e-font-icon-svg e-eicon-star\" viewBox=\"0 0 1000 1000\" xmlns=\"http:\/\/www.w3.org\/2000\/svg\"><path d=\"M450 75L338 312 88 350C46 354 25 417 58 450L238 633 196 896C188 942 238 975 275 954L500 837 725 954C767 975 813 942 804 896L763 633 942 450C975 417 954 358 913 350L663 312 550 75C529 33 471 33 450 75Z\"><\/path><\/svg>\t\t\t\t<\/div>\n\t\t\t\t<div class=\"e-icon-wrapper e-icon-unmarked\">\n\t\t\t\t\t<svg aria-hidden=\"true\" class=\"e-font-icon-svg e-eicon-star\" viewBox=\"0 0 1000 1000\" xmlns=\"http:\/\/www.w3.org\/2000\/svg\"><path d=\"M450 75L338 312 88 350C46 354 25 417 58 450L238 633 196 896C188 942 238 975 275 954L500 837 725 954C767 975 813 942 804 896L763 633 942 450C975 417 954 358 913 350L663 312 550 75C529 33 471 33 450 75Z\"><\/path><\/svg>\t\t\t\t<\/div>\n\t\t\t<\/div>\n\t\t\t\t\t\t<div class=\"e-icon\">\n\t\t\t\t<div class=\"e-icon-wrapper e-icon-marked\" style=\"--e-rating-icon-marked-width: 20%;\">\n\t\t\t\t\t<svg aria-hidden=\"true\" class=\"e-font-icon-svg e-eicon-star\" viewBox=\"0 0 1000 1000\" xmlns=\"http:\/\/www.w3.org\/2000\/svg\"><path d=\"M450 75L338 312 88 350C46 354 25 417 58 450L238 633 196 896C188 942 238 975 275 954L500 837 725 954C767 975 813 942 804 896L763 633 942 450C975 417 954 358 913 350L663 312 550 75C529 33 471 33 450 75Z\"><\/path><\/svg>\t\t\t\t<\/div>\n\t\t\t\t<div class=\"e-icon-wrapper e-icon-unmarked\">\n\t\t\t\t\t<svg aria-hidden=\"true\" class=\"e-font-icon-svg e-eicon-star\" viewBox=\"0 0 1000 1000\" xmlns=\"http:\/\/www.w3.org\/2000\/svg\"><path d=\"M450 75L338 312 88 350C46 354 25 417 58 450L238 633 196 896C188 942 238 975 275 954L500 837 725 954C767 975 813 942 804 896L763 633 942 450C975 417 954 358 913 350L663 312 550 75C529 33 471 33 450 75Z\"><\/path><\/svg>\t\t\t\t<\/div>\n\t\t\t<\/div>\n\t\t\t\t\t\t<\/div>\n\t\t<\/div>\n\t\t\t\t\t\t<\/div>\n\t\t\t\t<div class=\"elementor-element elementor-element-6f838ba elementor-widget elementor-widget-heading\" data-id=\"6f838ba\" data-element_type=\"widget\" data-e-type=\"widget\" data-widget_type=\"heading.default\">\n\t\t\t\t\t<h6 class=\"elementor-heading-title elementor-size-default\">Karen Kerr<\/h6>\t\t\t\t<\/div>\n\t\t\t\t<div class=\"elementor-element elementor-element-92b1419 elementor-widget elementor-widget-heading\" data-id=\"92b1419\" data-element_type=\"widget\" data-e-type=\"widget\" data-widget_type=\"heading.default\">\n\t\t\t\t\t<h6 class=\"elementor-heading-title elementor-size-default\">Hu\u00e9sped<\/h6>\t\t\t\t<\/div>\n\t\t\t\t<\/div>\n\t\t\t\t\t<\/div>\n\t\t\t\t<\/div>\n\t\t\t\t\t\t\t\t<\/div>\n\t\t\t\t\t\t\t\t\t\t\t<div class=\"swiper-slide\" data-slide=\"4\" role=\"group\" aria-roledescription=\"slide\" aria-label=\"4 of 4\">\n\t\t\t\t\t\t\t<div class=\"elementor-element elementor-element-dff3a46 e-flex e-con-boxed e-con e-child\" data-id=\"dff3a46\" data-element_type=\"container\" data-e-type=\"container\">\n\t\t\t\t\t<div class=\"e-con-inner\">\n\t\t<div class=\"elementor-element elementor-element-fda9931 e-con-full e-flex e-con e-child\" data-id=\"fda9931\" data-element_type=\"container\" data-e-type=\"container\" data-settings=\"{&quot;background_background&quot;:&quot;classic&quot;}\">\n\t\t\t\t<div class=\"elementor-element elementor-element-e312318 elementor-view-default elementor-widget elementor-widget-icon\" data-id=\"e312318\" data-element_type=\"widget\" data-e-type=\"widget\" data-widget_type=\"icon.default\">\n\t\t\t\t\t\t\t<div class=\"elementor-icon-wrapper\">\n\t\t\t<div class=\"elementor-icon\">\n\t\t\t<svg aria-hidden=\"true\" class=\"e-font-icon-svg e-fas-quote-left\" viewBox=\"0 0 512 512\" xmlns=\"http:\/\/www.w3.org\/2000\/svg\"><path d=\"M464 256h-80v-64c0-35.3 28.7-64 64-64h8c13.3 0 24-10.7 24-24V56c0-13.3-10.7-24-24-24h-8c-88.4 0-160 71.6-160 160v240c0 26.5 21.5 48 48 48h128c26.5 0 48-21.5 48-48V304c0-26.5-21.5-48-48-48zm-288 0H96v-64c0-35.3 28.7-64 64-64h8c13.3 0 24-10.7 24-24V56c0-13.3-10.7-24-24-24h-8C71.6 32 0 103.6 0 192v240c0 26.5 21.5 48 48 48h128c26.5 0 48-21.5 48-48V304c0-26.5-21.5-48-48-48z\"><\/path><\/svg>\t\t\t<\/div>\n\t\t<\/div>\n\t\t\t\t\t\t<\/div>\n\t\t\t\t<div class=\"elementor-element elementor-element-e15f878 elementor-widget elementor-widget-text-editor\" data-id=\"e15f878\" data-element_type=\"widget\" data-e-type=\"widget\" data-widget_type=\"text-editor.default\">\n\t\t\t\t\t\t\t\t\t<p>Tuvimos una peque\u00f1a escapada encantadora aqu\u00ed. El lodge estaba muy limpio, moderno y c\u00f3modo, b\u00e1sicamente como un hogar lejos de casa. El jacuzzi era incre\u00edble y el complejo estaba muy limpio. Tambi\u00e9n hay un restaurante encantador, gimnasio, sauna\/sala de vapor disponibles para usar. Esta fue nuestra primera vez en Stewart&#8217;s Resort, pero definitivamente no ser\u00e1 la \u00faltima.    <\/p>\t\t\t\t\t\t\t\t<\/div>\n\t\t\t\t<div class=\"elementor-element elementor-element-190f9fc elementor-widget elementor-widget-rating\" data-id=\"190f9fc\" data-element_type=\"widget\" data-e-type=\"widget\" data-widget_type=\"rating.default\">\n\t\t\t\t\t\t\t<div class=\"e-rating\" itemtype=\"https:\/\/schema.org\/Rating\" itemscope=\"\" itemprop=\"reviewRating\">\n\t\t\t<meta itemprop=\"worstRating\" content=\"0\">\n\t\t\t<meta itemprop=\"bestRating\" content=\"5\">\n\t\t\t<div class=\"e-rating-wrapper\" itemprop=\"ratingValue\" content=\"5\" role=\"img\" aria-label=\"Valorado con 5 de 5\">\n\t\t\t\t\t\t\t<div class=\"e-icon\">\n\t\t\t\t<div class=\"e-icon-wrapper e-icon-marked\">\n\t\t\t\t\t<svg aria-hidden=\"true\" class=\"e-font-icon-svg e-eicon-star\" viewBox=\"0 0 1000 1000\" xmlns=\"http:\/\/www.w3.org\/2000\/svg\"><path d=\"M450 75L338 312 88 350C46 354 25 417 58 450L238 633 196 896C188 942 238 975 275 954L500 837 725 954C767 975 813 942 804 896L763 633 942 450C975 417 954 358 913 350L663 312 550 75C529 33 471 33 450 75Z\"><\/path><\/svg>\t\t\t\t<\/div>\n\t\t\t\t<div class=\"e-icon-wrapper e-icon-unmarked\">\n\t\t\t\t\t<svg aria-hidden=\"true\" class=\"e-font-icon-svg e-eicon-star\" viewBox=\"0 0 1000 1000\" xmlns=\"http:\/\/www.w3.org\/2000\/svg\"><path d=\"M450 75L338 312 88 350C46 354 25 417 58 450L238 633 196 896C188 942 238 975 275 954L500 837 725 954C767 975 813 942 804 896L763 633 942 450C975 417 954 358 913 350L663 312 550 75C529 33 471 33 450 75Z\"><\/path><\/svg>\t\t\t\t<\/div>\n\t\t\t<\/div>\n\t\t\t\t\t\t<div class=\"e-icon\">\n\t\t\t\t<div class=\"e-icon-wrapper e-icon-marked\">\n\t\t\t\t\t<svg aria-hidden=\"true\" class=\"e-font-icon-svg e-eicon-star\" viewBox=\"0 0 1000 1000\" xmlns=\"http:\/\/www.w3.org\/2000\/svg\"><path d=\"M450 75L338 312 88 350C46 354 25 417 58 450L238 633 196 896C188 942 238 975 275 954L500 837 725 954C767 975 813 942 804 896L763 633 942 450C975 417 954 358 913 350L663 312 550 75C529 33 471 33 450 75Z\"><\/path><\/svg>\t\t\t\t<\/div>\n\t\t\t\t<div class=\"e-icon-wrapper e-icon-unmarked\">\n\t\t\t\t\t<svg aria-hidden=\"true\" class=\"e-font-icon-svg e-eicon-star\" viewBox=\"0 0 1000 1000\" xmlns=\"http:\/\/www.w3.org\/2000\/svg\"><path d=\"M450 75L338 312 88 350C46 354 25 417 58 450L238 633 196 896C188 942 238 975 275 954L500 837 725 954C767 975 813 942 804 896L763 633 942 450C975 417 954 358 913 350L663 312 550 75C529 33 471 33 450 75Z\"><\/path><\/svg>\t\t\t\t<\/div>\n\t\t\t<\/div>\n\t\t\t\t\t\t<div class=\"e-icon\">\n\t\t\t\t<div class=\"e-icon-wrapper e-icon-marked\">\n\t\t\t\t\t<svg aria-hidden=\"true\" class=\"e-font-icon-svg e-eicon-star\" viewBox=\"0 0 1000 1000\" xmlns=\"http:\/\/www.w3.org\/2000\/svg\"><path d=\"M450 75L338 312 88 350C46 354 25 417 58 450L238 633 196 896C188 942 238 975 275 954L500 837 725 954C767 975 813 942 804 896L763 633 942 450C975 417 954 358 913 350L663 312 550 75C529 33 471 33 450 75Z\"><\/path><\/svg>\t\t\t\t<\/div>\n\t\t\t\t<div class=\"e-icon-wrapper e-icon-unmarked\">\n\t\t\t\t\t<svg aria-hidden=\"true\" class=\"e-font-icon-svg e-eicon-star\" viewBox=\"0 0 1000 1000\" xmlns=\"http:\/\/www.w3.org\/2000\/svg\"><path d=\"M450 75L338 312 88 350C46 354 25 417 58 450L238 633 196 896C188 942 238 975 275 954L500 837 725 954C767 975 813 942 804 896L763 633 942 450C975 417 954 358 913 350L663 312 550 75C529 33 471 33 450 75Z\"><\/path><\/svg>\t\t\t\t<\/div>\n\t\t\t<\/div>\n\t\t\t\t\t\t<div class=\"e-icon\">\n\t\t\t\t<div class=\"e-icon-wrapper e-icon-marked\">\n\t\t\t\t\t<svg aria-hidden=\"true\" class=\"e-font-icon-svg e-eicon-star\" viewBox=\"0 0 1000 1000\" xmlns=\"http:\/\/www.w3.org\/2000\/svg\"><path d=\"M450 75L338 312 88 350C46 354 25 417 58 450L238 633 196 896C188 942 238 975 275 954L500 837 725 954C767 975 813 942 804 896L763 633 942 450C975 417 954 358 913 350L663 312 550 75C529 33 471 33 450 75Z\"><\/path><\/svg>\t\t\t\t<\/div>\n\t\t\t\t<div class=\"e-icon-wrapper e-icon-unmarked\">\n\t\t\t\t\t<svg aria-hidden=\"true\" class=\"e-font-icon-svg e-eicon-star\" viewBox=\"0 0 1000 1000\" xmlns=\"http:\/\/www.w3.org\/2000\/svg\"><path d=\"M450 75L338 312 88 350C46 354 25 417 58 450L238 633 196 896C188 942 238 975 275 954L500 837 725 954C767 975 813 942 804 896L763 633 942 450C975 417 954 358 913 350L663 312 550 75C529 33 471 33 450 75Z\"><\/path><\/svg>\t\t\t\t<\/div>\n\t\t\t<\/div>\n\t\t\t\t\t\t<div class=\"e-icon\">\n\t\t\t\t<div class=\"e-icon-wrapper e-icon-marked\">\n\t\t\t\t\t<svg aria-hidden=\"true\" class=\"e-font-icon-svg e-eicon-star\" viewBox=\"0 0 1000 1000\" xmlns=\"http:\/\/www.w3.org\/2000\/svg\"><path d=\"M450 75L338 312 88 350C46 354 25 417 58 450L238 633 196 896C188 942 238 975 275 954L500 837 725 954C767 975 813 942 804 896L763 633 942 450C975 417 954 358 913 350L663 312 550 75C529 33 471 33 450 75Z\"><\/path><\/svg>\t\t\t\t<\/div>\n\t\t\t\t<div class=\"e-icon-wrapper e-icon-unmarked\">\n\t\t\t\t\t<svg aria-hidden=\"true\" class=\"e-font-icon-svg e-eicon-star\" viewBox=\"0 0 1000 1000\" xmlns=\"http:\/\/www.w3.org\/2000\/svg\"><path d=\"M450 75L338 312 88 350C46 354 25 417 58 450L238 633 196 896C188 942 238 975 275 954L500 837 725 954C767 975 813 942 804 896L763 633 942 450C975 417 954 358 913 350L663 312 550 75C529 33 471 33 450 75Z\"><\/path><\/svg>\t\t\t\t<\/div>\n\t\t\t<\/div>\n\t\t\t\t\t\t<\/div>\n\t\t<\/div>\n\t\t\t\t\t\t<\/div>\n\t\t\t\t<div class=\"elementor-element elementor-element-9a88e33 elementor-widget elementor-widget-heading\" data-id=\"9a88e33\" data-element_type=\"widget\" data-e-type=\"widget\" data-widget_type=\"heading.default\">\n\t\t\t\t\t<h6 class=\"elementor-heading-title elementor-size-default\">Carolablnn Stevenson<\/h6>\t\t\t\t<\/div>\n\t\t\t\t<div class=\"elementor-element elementor-element-0826590 elementor-widget elementor-widget-heading\" data-id=\"0826590\" data-element_type=\"widget\" data-e-type=\"widget\" data-widget_type=\"heading.default\">\n\t\t\t\t\t<h6 class=\"elementor-heading-title elementor-size-default\">Hu\u00e9sped<\/h6>\t\t\t\t<\/div>\n\t\t\t\t<\/div>\n\t\t\t\t\t<\/div>\n\t\t\t\t<\/div>\n\t\t\t\t\t\t\t\t<\/div>\n\t\t\t\t\t\t\t\t<\/div>\n\t\t<\/div>\n\t\t\t\t\t<div class=\"elementor-swiper-button elementor-swiper-button-prev\" role=\"button\" tabindex=\"0\" aria-label=\"Anterior\">\n\t\t\t\t<svg aria-hidden=\"true\" class=\"e-font-icon-svg e-eicon-chevron-left\" viewBox=\"0 0 1000 1000\" xmlns=\"http:\/\/www.w3.org\/2000\/svg\"><path d=\"M646 125C629 125 613 133 604 142L308 442C296 454 292 471 292 487 292 504 296 521 308 533L604 854C617 867 629 875 646 875 663 875 679 871 692 858 704 846 713 829 713 812 713 796 708 779 692 767L438 487 692 225C700 217 708 204 708 187 708 171 704 154 692 142 675 129 663 125 646 125Z\"><\/path><\/svg>\t\t\t<\/div>\n\t\t\t<div class=\"elementor-swiper-button elementor-swiper-button-next\" role=\"button\" tabindex=\"0\" aria-label=\"Siguiente\">\n\t\t\t\t<svg aria-hidden=\"true\" class=\"e-font-icon-svg e-eicon-chevron-right\" viewBox=\"0 0 1000 1000\" xmlns=\"http:\/\/www.w3.org\/2000\/svg\"><path d=\"M696 533C708 521 713 504 713 487 713 471 708 454 696 446L400 146C388 133 375 125 354 125 338 125 325 129 313 142 300 154 292 171 292 187 292 204 296 221 308 233L563 492 304 771C292 783 288 800 288 817 288 833 296 850 308 863 321 871 338 875 354 875 371 875 388 867 400 854L696 533Z\"><\/path><\/svg>\t\t\t<\/div>\n\t\t\t\t\t<div class=\"swiper-pagination\"><\/div>\n\t\t\t\t\t\t<\/div>\n\t\t\t\t\t<\/div>\n\t\t\t\t<\/div>\n\t\t<div class=\"elementor-element elementor-element-14b182b e-flex e-con-boxed e-con e-parent\" data-id=\"14b182b\" data-element_type=\"container\" data-e-type=\"container\">\n\t\t\t\t\t<div class=\"e-con-inner\">\n\t\t<div class=\"elementor-element elementor-element-1bfae719 e-con-full e-flex e-con e-child\" data-id=\"1bfae719\" data-element_type=\"container\" data-e-type=\"container\">\n\t\t<div class=\"elementor-element elementor-element-55cecd8 e-con-full e-flex e-con e-child\" data-id=\"55cecd8\" data-element_type=\"container\" data-e-type=\"container\">\n\t\t\t\t<div class=\"elementor-element elementor-element-311168ab elementor-widget elementor-widget-heading\" data-id=\"311168ab\" data-element_type=\"widget\" data-e-type=\"widget\" data-widget_type=\"heading.default\">\n\t\t\t\t\t<h2 class=\"elementor-heading-title elementor-size-default\">Los mejores sitios para alojarte en Pollensa<\/h2>\t\t\t\t<\/div>\n\t\t\t\t<div class=\"elementor-element elementor-element-43c6443 elementor-widget elementor-widget-shortcode\" data-id=\"43c6443\" data-element_type=\"widget\" data-e-type=\"widget\" data-widget_type=\"shortcode.default\">\n\t\t\t\t\t\t\t<div class=\"elementor-shortcode\">\t\t<div data-elementor-type=\"section\" data-elementor-id=\"4139\" class=\"elementor elementor-4139\" data-elementor-post-type=\"elementor_library\">\n\t\t\t<div class=\"elementor-element elementor-element-dd373fb e-flex e-con-boxed e-con e-parent\" data-id=\"dd373fb\" data-element_type=\"container\" data-e-type=\"container\">\n\t\t\t\t\t<div class=\"e-con-inner\">\n\t\t\t\t<div class=\"elementor-element elementor-element-355e8c4 e-n-tabs-mobile elementor-widget elementor-widget-n-tabs\" data-id=\"355e8c4\" data-element_type=\"widget\" data-e-type=\"widget\" data-settings=\"{&quot;tabs_justify_horizontal&quot;:&quot;start&quot;,&quot;horizontal_scroll&quot;:&quot;disable&quot;}\" data-widget_type=\"nested-tabs.default\">\n\t\t\t\t\t\t\t<div class=\"e-n-tabs\" data-widget-number=\"55961796\" aria-label=\"Pesta\u00f1as. Abre elementos con Intro o Espacio, ci\u00e9rralos con Escape y navega con las fechas.\">\n\t\t\t<div class=\"e-n-tabs-heading\" role=\"tablist\">\n\t\t\t\t\t<button id=\"e-n-tab-title-559617961\" data-tab-title-id=\"e-n-tab-title-559617961\" class=\"e-n-tab-title\" aria-selected=\"true\" data-tab-index=\"1\" role=\"tab\" tabindex=\"0\" aria-controls=\"e-n-tab-content-559617961\" style=\"--n-tabs-title-order: 1;\">\n\t\t\t\t\t\t<span class=\"e-n-tab-title-text\">\n\t\t\t\tDestinos\t\t\t<\/span>\n\t\t<\/button>\n\t\t\t\t<button id=\"e-n-tab-title-559617962\" data-tab-title-id=\"e-n-tab-title-559617962\" class=\"e-n-tab-title\" aria-selected=\"false\" data-tab-index=\"2\" role=\"tab\" tabindex=\"-1\" aria-controls=\"e-n-tab-content-559617962\" style=\"--n-tabs-title-order: 2;\">\n\t\t\t\t\t\t<span class=\"e-n-tab-title-text\">\n\t\t\t\tAlojamientos\t\t\t<\/span>\n\t\t<\/button>\n\t\t\t\t<button id=\"e-n-tab-title-559617963\" data-tab-title-id=\"e-n-tab-title-559617963\" class=\"e-n-tab-title\" aria-selected=\"false\" data-tab-index=\"3\" role=\"tab\" tabindex=\"-1\" aria-controls=\"e-n-tab-content-559617963\" style=\"--n-tabs-title-order: 3;\">\n\t\t\t\t\t\t<span class=\"e-n-tab-title-text\">\n\t\t\t\tDestacados\t\t\t<\/span>\n\t\t<\/button>\n\t\t\t\t\t<\/div>\n\t\t\t<div class=\"e-n-tabs-content\">\n\t\t\t\t<div id=\"e-n-tab-content-559617961\" role=\"tabpanel\" aria-labelledby=\"e-n-tab-title-559617961\" data-tab-index=\"1\" style=\"--n-tabs-title-order: 1;\" class=\"e-active elementor-element elementor-element-506972c e-con-full e-flex e-con e-child\" data-id=\"506972c\" data-element_type=\"container\" data-e-type=\"container\">\n\t\t<div class=\"elementor-element elementor-element-ec1cc91 e-con-full e-grid e-con e-child\" data-id=\"ec1cc91\" data-element_type=\"container\" data-e-type=\"container\" data-settings=\"{&quot;background_background&quot;:&quot;classic&quot;}\">\n\t\t<div class=\"elementor-element elementor-element-59b3659 e-con-full e-flex e-con e-child\" data-id=\"59b3659\" data-element_type=\"container\" data-e-type=\"container\" data-settings=\"{&quot;background_background&quot;:&quot;classic&quot;}\">\n\t\t\t\t<div class=\"elementor-element elementor-element-69f98f8 elementor-widget elementor-widget-heading\" data-id=\"69f98f8\" data-element_type=\"widget\" data-e-type=\"widget\" data-widget_type=\"heading.default\">\n\t\t\t\t\t<div class=\"elementor-heading-title elementor-size-default\"><a href=\"https:\/\/www.homevillas360.com\/es\/alojamiento-puerto-pollensa\/\">Pollensa<\/a><\/div>\t\t\t\t<\/div>\n\t\t\t\t<\/div>\n\t\t<div class=\"elementor-element elementor-element-1999945 e-con-full e-flex e-con e-child\" data-id=\"1999945\" data-element_type=\"container\" data-e-type=\"container\" data-settings=\"{&quot;background_background&quot;:&quot;classic&quot;}\">\n\t\t\t\t<div class=\"elementor-element elementor-element-9bc7f5b elementor-widget elementor-widget-heading\" data-id=\"9bc7f5b\" data-element_type=\"widget\" data-e-type=\"widget\" data-widget_type=\"heading.default\">\n\t\t\t\t\t<div class=\"elementor-heading-title elementor-size-default\"><a href=\"https:\/\/www.homevillas360.com\/es\/alojamiento-en-alcudia\/\">Alcudia<\/a><\/div>\t\t\t\t<\/div>\n\t\t\t\t<\/div>\n\t\t<div class=\"elementor-element elementor-element-f772b7e e-con-full e-flex e-con e-child\" data-id=\"f772b7e\" data-element_type=\"container\" data-e-type=\"container\" data-settings=\"{&quot;background_background&quot;:&quot;classic&quot;}\">\n\t\t\t\t<div class=\"elementor-element elementor-element-333f0c3 elementor-widget elementor-widget-heading\" data-id=\"333f0c3\" data-element_type=\"widget\" data-e-type=\"widget\" data-widget_type=\"heading.default\">\n\t\t\t\t\t<div class=\"elementor-heading-title elementor-size-default\"><a href=\"https:\/\/www.homevillas360.com\/es\/alojamiento-en-can-picafort\/\">Can Picafort<\/a><\/div>\t\t\t\t<\/div>\n\t\t\t\t<\/div>\n\t\t<div class=\"elementor-element elementor-element-4cd365d e-con-full e-flex e-con e-child\" data-id=\"4cd365d\" data-element_type=\"container\" data-e-type=\"container\" data-settings=\"{&quot;background_background&quot;:&quot;classic&quot;}\">\n\t\t\t\t<div class=\"elementor-element elementor-element-998b237 elementor-widget elementor-widget-heading\" data-id=\"998b237\" data-element_type=\"widget\" data-e-type=\"widget\" data-widget_type=\"heading.default\">\n\t\t\t\t\t<div class=\"elementor-heading-title elementor-size-default\"><a href=\"https:\/\/www.homevillas360.com\/es\/alquiler-vacacional-en-playa-de-muro\/\">Muro<\/a><\/div>\t\t\t\t<\/div>\n\t\t\t\t<\/div>\n\t\t<div class=\"elementor-element elementor-element-bab9c7a e-con-full e-flex e-con e-child\" data-id=\"bab9c7a\" data-element_type=\"container\" data-e-type=\"container\" data-settings=\"{&quot;background_background&quot;:&quot;classic&quot;}\">\n\t\t\t\t<div class=\"elementor-element elementor-element-2eda31f elementor-widget elementor-widget-heading\" data-id=\"2eda31f\" data-element_type=\"widget\" data-e-type=\"widget\" data-widget_type=\"heading.default\">\n\t\t\t\t\t<div class=\"elementor-heading-title elementor-size-default\"><a href=\"https:\/\/www.homevillas360.com\/es\/alquiler-vacacional-son-serra-de-marina\/\">Son Serra<\/a><\/div>\t\t\t\t<\/div>\n\t\t\t\t<\/div>\n\t\t<div class=\"elementor-element elementor-element-b769106 e-con-full e-flex e-con e-child\" data-id=\"b769106\" data-element_type=\"container\" data-e-type=\"container\" data-settings=\"{&quot;background_background&quot;:&quot;classic&quot;}\">\n\t\t\t\t<div class=\"elementor-element elementor-element-0f777d7 elementor-widget elementor-widget-heading\" data-id=\"0f777d7\" data-element_type=\"widget\" data-e-type=\"widget\" data-widget_type=\"heading.default\">\n\t\t\t\t\t<div class=\"elementor-heading-title elementor-size-default\"><a href=\"https:\/\/bookings.homevillas360.com\/es\/alquiler\/alquileres-petra-d1097\/\">Petra<\/a><\/div>\t\t\t\t<\/div>\n\t\t\t\t<\/div>\n\t\t<div class=\"elementor-element elementor-element-ab38426 e-con-full e-flex e-con e-child\" data-id=\"ab38426\" data-element_type=\"container\" data-e-type=\"container\" data-settings=\"{&quot;background_background&quot;:&quot;classic&quot;}\">\n\t\t\t\t<div class=\"elementor-element elementor-element-05c4c92 elementor-widget elementor-widget-heading\" data-id=\"05c4c92\" data-element_type=\"widget\" data-e-type=\"widget\" data-widget_type=\"heading.default\">\n\t\t\t\t\t<div class=\"elementor-heading-title elementor-size-default\"><a href=\"https:\/\/bookings.homevillas360.com\/es\/alquiler\/alquileres-cala-sant-vicenc-d408192\/\">Sant Vicen\u00e7<\/a><\/div>\t\t\t\t<\/div>\n\t\t\t\t<\/div>\n\t\t<div class=\"elementor-element elementor-element-3d672b2 e-con-full e-flex e-con e-child\" data-id=\"3d672b2\" data-element_type=\"container\" data-e-type=\"container\" data-settings=\"{&quot;background_background&quot;:&quot;classic&quot;}\">\n\t\t\t\t<div class=\"elementor-element elementor-element-0106c67 elementor-widget elementor-widget-heading\" data-id=\"0106c67\" data-element_type=\"widget\" data-e-type=\"widget\" data-widget_type=\"heading.default\">\n\t\t\t\t\t<div class=\"elementor-heading-title elementor-size-default\"><a href=\"https:\/\/bookings.homevillas360.com\/es\/alquiler\/alquileres-son-macia-d459733\/\">Son Maci\u00e0<\/a><\/div>\t\t\t\t<\/div>\n\t\t\t\t<\/div>\n\t\t\t\t<\/div>\n\t\t\t\t<\/div>\n\t\t<div id=\"e-n-tab-content-559617962\" role=\"tabpanel\" aria-labelledby=\"e-n-tab-title-559617962\" data-tab-index=\"2\" style=\"--n-tabs-title-order: 2;\" class=\" elementor-element elementor-element-a3b6403 e-con-full e-flex e-con e-child\" data-id=\"a3b6403\" data-element_type=\"container\" data-e-type=\"container\">\n\t\t<div class=\"elementor-element elementor-element-cbf8ac8 e-con-full e-grid e-con e-child\" data-id=\"cbf8ac8\" data-element_type=\"container\" data-e-type=\"container\" data-settings=\"{&quot;background_background&quot;:&quot;classic&quot;}\">\n\t\t<div class=\"elementor-element elementor-element-9552790 e-con-full e-flex e-con e-child\" data-id=\"9552790\" data-element_type=\"container\" data-e-type=\"container\" data-settings=\"{&quot;background_background&quot;:&quot;classic&quot;}\">\n\t\t\t\t<div class=\"elementor-element elementor-element-f6358dd elementor-widget elementor-widget-heading\" data-id=\"f6358dd\" data-element_type=\"widget\" data-e-type=\"widget\" data-widget_type=\"heading.default\">\n\t\t\t\t\t<div class=\"elementor-heading-title elementor-size-default\"><a href=\"https:\/\/www.homevillas360.com\/es\/alojamiento-puerto-pollensa\/\">Alojamientos<\/a><\/div>\t\t\t\t<\/div>\n\t\t\t\t<\/div>\n\t\t<div class=\"elementor-element elementor-element-76b47a2 e-con-full e-flex e-con e-child\" data-id=\"76b47a2\" data-element_type=\"container\" data-e-type=\"container\" data-settings=\"{&quot;background_background&quot;:&quot;classic&quot;}\">\n\t\t\t\t<div class=\"elementor-element elementor-element-a1bd5b4 elementor-widget elementor-widget-heading\" data-id=\"a1bd5b4\" data-element_type=\"widget\" data-e-type=\"widget\" data-widget_type=\"heading.default\">\n\t\t\t\t\t<div class=\"elementor-heading-title elementor-size-default\"><a href=\"https:\/\/www.homevillas360.com\/es\/apartamentos-puerto-pollensa\/\">Apartamentos<\/a><\/div>\t\t\t\t<\/div>\n\t\t\t\t<\/div>\n\t\t\t\t<\/div>\n\t\t\t\t<\/div>\n\t\t<div id=\"e-n-tab-content-559617963\" role=\"tabpanel\" aria-labelledby=\"e-n-tab-title-559617963\" data-tab-index=\"3\" style=\"--n-tabs-title-order: 3;\" class=\" elementor-element elementor-element-d671069 e-con-full e-flex e-con e-child\" data-id=\"d671069\" data-element_type=\"container\" data-e-type=\"container\">\n\t\t<div class=\"elementor-element elementor-element-9dfcdef e-con-full e-grid e-con e-child\" data-id=\"9dfcdef\" data-element_type=\"container\" data-e-type=\"container\" data-settings=\"{&quot;background_background&quot;:&quot;classic&quot;}\">\n\t\t<div class=\"elementor-element elementor-element-45f5710 e-con-full e-flex e-con e-child\" data-id=\"45f5710\" data-element_type=\"container\" data-e-type=\"container\" data-settings=\"{&quot;background_background&quot;:&quot;classic&quot;}\">\n\t\t\t\t<div class=\"elementor-element elementor-element-e4f6f06 elementor-widget elementor-widget-heading\" data-id=\"e4f6f06\" data-element_type=\"widget\" data-e-type=\"widget\" data-widget_type=\"heading.default\">\n\t\t\t\t\t<div class=\"elementor-heading-title elementor-size-default\"><a href=\"https:\/\/www.homevillas360.com\/es\/alquiler-casa-en-mallorca-verano\/\">Verano<\/a><\/div>\t\t\t\t<\/div>\n\t\t\t\t<\/div>\n\t\t\t\t<\/div>\n\t\t\t\t<\/div>\n\t\t\t\t\t<\/div>\n\t\t<\/div>\n\t\t\t\t\t\t<\/div>\n\t\t\t\t\t<\/div>\n\t\t\t\t<\/div>\n\t\t\t\t<\/div>\n\t\t<\/div>\n\t\t\t\t\t\t<\/div>\n\t\t\t\t<\/div>\n\t\t\t\t<\/div>\n\t\t\t\t\t<\/div>\n\t\t\t\t<\/div>\n\t\t\t\t<\/div>\n\t\t","protected":false},"excerpt":{"rendered":"<p>Villas en alquiler en Puerto Pollensa Summer house in Mallorca with pool and sun Apartamentos Casas Villas Finca Villas en alquiler en Puerto Pollensa Pollensa \/ Pollen\u00e7a &#8211; Mallorca Villa<\/p>\n","protected":false},"author":2,"featured_media":4498,"parent":0,"menu_order":0,"comment_status":"closed","ping_status":"closed","template":"","meta":{"_yoast_wpseo_focuskw":"villas en alquiler en puerto pollensa","_yoast_wpseo_schema_page_type":"","_yoast_wpseo_schema_article_type":"","footnotes":""},"class_list":["post-4497","page","type-page","status-publish","has-post-thumbnail","hentry"],"yoast_head":"<!-- This site is optimized with the Yoast SEO plugin v28.2 - https:\/\/yoast.com\/product\/yoast-seo-wordpress\/ -->\n<title>Villas en alquiler Puerto Pollensa: alquiler vacacional<\/title>\n<meta name=\"description\" content=\"Encuentra villas en alquiler en Puerto Pollensa para disfrutar de Mallorca con privacidad, comodidad y una ubicaci\u00f3n cerca del mar.\" \/>\n<meta name=\"robots\" content=\"index, follow, max-snippet:-1, max-image-preview:large, max-video-preview:-1\" \/>\n<link rel=\"canonical\" href=\"https:\/\/www.homevillas360.com\/es\/villas-en-alquiler-puerto-pollensa\/\" \/>\n<meta property=\"og:locale\" content=\"es_ES\" \/>\n<meta property=\"og:type\" content=\"article\" \/>\n<meta property=\"og:title\" content=\"Villas en alquiler Puerto Pollensa: alquiler vacacional\" \/>\n<meta property=\"og:description\" content=\"Encuentra villas en alquiler en Puerto Pollensa para disfrutar de Mallorca con privacidad, comodidad y una ubicaci\u00f3n cerca del mar.\" \/>\n<meta property=\"og:url\" content=\"https:\/\/www.homevillas360.com\/es\/villas-en-alquiler-puerto-pollensa\/\" \/>\n<meta property=\"og:site_name\" content=\"Holiday rentals in Majorca | Home Villas 360\" \/>\n<meta property=\"article:modified_time\" content=\"2026-07-07T13:24:50+00:00\" \/>\n<meta property=\"og:image\" content=\"https:\/\/www.homevillas360.com\/wp-content\/uploads\/2026\/07\/villas-en-alquiler-puerto-pollensa.webp\" \/>\n\t<meta property=\"og:image:width\" content=\"800\" \/>\n\t<meta property=\"og:image:height\" content=\"533\" \/>\n\t<meta property=\"og:image:type\" content=\"image\/webp\" \/>\n<meta name=\"twitter:card\" content=\"summary_large_image\" \/>\n<meta name=\"twitter:label1\" content=\"Tiempo de lectura\" \/>\n\t<meta name=\"twitter:data1\" content=\"5 minutos\" \/>\n<script type=\"application\/ld+json\" class=\"yoast-schema-graph\">{\"@context\":\"https:\\\/\\\/schema.org\",\"@graph\":[{\"@type\":\"WebPage\",\"@id\":\"https:\\\/\\\/www.homevillas360.com\\\/es\\\/villas-en-alquiler-puerto-pollensa\\\/\",\"url\":\"https:\\\/\\\/www.homevillas360.com\\\/es\\\/villas-en-alquiler-puerto-pollensa\\\/\",\"name\":\"Villas en alquiler Puerto Pollensa: alquiler vacacional\",\"isPartOf\":{\"@id\":\"https:\\\/\\\/www.homevillas360.com\\\/es\\\/#website\"},\"primaryImageOfPage\":{\"@id\":\"https:\\\/\\\/www.homevillas360.com\\\/es\\\/villas-en-alquiler-puerto-pollensa\\\/#primaryimage\"},\"image\":{\"@id\":\"https:\\\/\\\/www.homevillas360.com\\\/es\\\/villas-en-alquiler-puerto-pollensa\\\/#primaryimage\"},\"thumbnailUrl\":\"https:\\\/\\\/www.homevillas360.com\\\/wp-content\\\/uploads\\\/2026\\\/07\\\/villas-en-alquiler-puerto-pollensa.webp\",\"datePublished\":\"2026-07-07T13:20:03+00:00\",\"dateModified\":\"2026-07-07T13:24:50+00:00\",\"description\":\"Encuentra villas en alquiler en Puerto Pollensa para disfrutar de Mallorca con privacidad, comodidad y una ubicaci\u00f3n cerca del mar.\",\"breadcrumb\":{\"@id\":\"https:\\\/\\\/www.homevillas360.com\\\/es\\\/villas-en-alquiler-puerto-pollensa\\\/#breadcrumb\"},\"inLanguage\":\"es\",\"potentialAction\":[{\"@type\":\"ReadAction\",\"target\":[\"https:\\\/\\\/www.homevillas360.com\\\/es\\\/villas-en-alquiler-puerto-pollensa\\\/\"]}]},{\"@type\":\"ImageObject\",\"inLanguage\":\"es\",\"@id\":\"https:\\\/\\\/www.homevillas360.com\\\/es\\\/villas-en-alquiler-puerto-pollensa\\\/#primaryimage\",\"url\":\"https:\\\/\\\/www.homevillas360.com\\\/wp-content\\\/uploads\\\/2026\\\/07\\\/villas-en-alquiler-puerto-pollensa.webp\",\"contentUrl\":\"https:\\\/\\\/www.homevillas360.com\\\/wp-content\\\/uploads\\\/2026\\\/07\\\/villas-en-alquiler-puerto-pollensa.webp\",\"width\":800,\"height\":533},{\"@type\":\"BreadcrumbList\",\"@id\":\"https:\\\/\\\/www.homevillas360.com\\\/es\\\/villas-en-alquiler-puerto-pollensa\\\/#breadcrumb\",\"itemListElement\":[{\"@type\":\"ListItem\",\"position\":1,\"name\":\"Portada\",\"item\":\"https:\\\/\\\/www.homevillas360.com\\\/es\\\/\"},{\"@type\":\"ListItem\",\"position\":2,\"name\":\"Villas en alquiler en Puerto Pollensa\"}]},{\"@type\":\"WebSite\",\"@id\":\"https:\\\/\\\/www.homevillas360.com\\\/es\\\/#website\",\"url\":\"https:\\\/\\\/www.homevillas360.com\\\/es\\\/\",\"name\":\"Holiday rentals in Majorca |Home Villas 360\",\"description\":\"\",\"publisher\":{\"@id\":\"https:\\\/\\\/www.homevillas360.com\\\/es\\\/#organization\"},\"potentialAction\":[{\"@type\":\"SearchAction\",\"target\":{\"@type\":\"EntryPoint\",\"urlTemplate\":\"https:\\\/\\\/www.homevillas360.com\\\/es\\\/?s={search_term_string}\"},\"query-input\":{\"@type\":\"PropertyValueSpecification\",\"valueRequired\":true,\"valueName\":\"search_term_string\"}}],\"inLanguage\":\"es\"},{\"@type\":\"Organization\",\"@id\":\"https:\\\/\\\/www.homevillas360.com\\\/es\\\/#organization\",\"name\":\"Holiday rentals in Majorca |Home Villas 360\",\"url\":\"https:\\\/\\\/www.homevillas360.com\\\/es\\\/\",\"logo\":{\"@type\":\"ImageObject\",\"inLanguage\":\"es\",\"@id\":\"https:\\\/\\\/www.homevillas360.com\\\/es\\\/#\\\/schema\\\/logo\\\/image\\\/\",\"url\":\"https:\\\/\\\/www.homevillas360.com\\\/wp-content\\\/uploads\\\/2025\\\/12\\\/home-villas-360-color.png\",\"contentUrl\":\"https:\\\/\\\/www.homevillas360.com\\\/wp-content\\\/uploads\\\/2025\\\/12\\\/home-villas-360-color.png\",\"width\":400,\"height\":114,\"caption\":\"Holiday rentals in Majorca |Home Villas 360\"},\"image\":{\"@id\":\"https:\\\/\\\/www.homevillas360.com\\\/es\\\/#\\\/schema\\\/logo\\\/image\\\/\"}}]}<\/script>\n<!-- \/ Yoast SEO plugin. -->","yoast_head_json":{"title":"Villas en alquiler Puerto Pollensa: alquiler vacacional","description":"Encuentra villas en alquiler en Puerto Pollensa para disfrutar de Mallorca con privacidad, comodidad y una ubicaci\u00f3n cerca del mar.","robots":{"index":"index","follow":"follow","max-snippet":"max-snippet:-1","max-image-preview":"max-image-preview:large","max-video-preview":"max-video-preview:-1"},"canonical":"https:\/\/www.homevillas360.com\/es\/villas-en-alquiler-puerto-pollensa\/","og_locale":"es_ES","og_type":"article","og_title":"Villas en alquiler Puerto Pollensa: alquiler vacacional","og_description":"Encuentra villas en alquiler en Puerto Pollensa para disfrutar de Mallorca con privacidad, comodidad y una ubicaci\u00f3n cerca del mar.","og_url":"https:\/\/www.homevillas360.com\/es\/villas-en-alquiler-puerto-pollensa\/","og_site_name":"Holiday rentals in Majorca | Home Villas 360","article_modified_time":"2026-07-07T13:24:50+00:00","og_image":[{"width":800,"height":533,"url":"https:\/\/www.homevillas360.com\/wp-content\/uploads\/2026\/07\/villas-en-alquiler-puerto-pollensa.webp","type":"image\/webp"}],"twitter_card":"summary_large_image","twitter_misc":{"Tiempo de lectura":"5 minutos"},"schema":{"@context":"https:\/\/schema.org","@graph":[{"@type":"WebPage","@id":"https:\/\/www.homevillas360.com\/es\/villas-en-alquiler-puerto-pollensa\/","url":"https:\/\/www.homevillas360.com\/es\/villas-en-alquiler-puerto-pollensa\/","name":"Villas en alquiler Puerto Pollensa: alquiler vacacional","isPartOf":{"@id":"https:\/\/www.homevillas360.com\/es\/#website"},"primaryImageOfPage":{"@id":"https:\/\/www.homevillas360.com\/es\/villas-en-alquiler-puerto-pollensa\/#primaryimage"},"image":{"@id":"https:\/\/www.homevillas360.com\/es\/villas-en-alquiler-puerto-pollensa\/#primaryimage"},"thumbnailUrl":"https:\/\/www.homevillas360.com\/wp-content\/uploads\/2026\/07\/villas-en-alquiler-puerto-pollensa.webp","datePublished":"2026-07-07T13:20:03+00:00","dateModified":"2026-07-07T13:24:50+00:00","description":"Encuentra villas en alquiler en Puerto Pollensa para disfrutar de Mallorca con privacidad, comodidad y una ubicaci\u00f3n cerca del mar.","breadcrumb":{"@id":"https:\/\/www.homevillas360.com\/es\/villas-en-alquiler-puerto-pollensa\/#breadcrumb"},"inLanguage":"es","potentialAction":[{"@type":"ReadAction","target":["https:\/\/www.homevillas360.com\/es\/villas-en-alquiler-puerto-pollensa\/"]}]},{"@type":"ImageObject","inLanguage":"es","@id":"https:\/\/www.homevillas360.com\/es\/villas-en-alquiler-puerto-pollensa\/#primaryimage","url":"https:\/\/www.homevillas360.com\/wp-content\/uploads\/2026\/07\/villas-en-alquiler-puerto-pollensa.webp","contentUrl":"https:\/\/www.homevillas360.com\/wp-content\/uploads\/2026\/07\/villas-en-alquiler-puerto-pollensa.webp","width":800,"height":533},{"@type":"BreadcrumbList","@id":"https:\/\/www.homevillas360.com\/es\/villas-en-alquiler-puerto-pollensa\/#breadcrumb","itemListElement":[{"@type":"ListItem","position":1,"name":"Portada","item":"https:\/\/www.homevillas360.com\/es\/"},{"@type":"ListItem","position":2,"name":"Villas en alquiler en Puerto Pollensa"}]},{"@type":"WebSite","@id":"https:\/\/www.homevillas360.com\/es\/#website","url":"https:\/\/www.homevillas360.com\/es\/","name":"Holiday rentals in Majorca |Home Villas 360","description":"","publisher":{"@id":"https:\/\/www.homevillas360.com\/es\/#organization"},"potentialAction":[{"@type":"SearchAction","target":{"@type":"EntryPoint","urlTemplate":"https:\/\/www.homevillas360.com\/es\/?s={search_term_string}"},"query-input":{"@type":"PropertyValueSpecification","valueRequired":true,"valueName":"search_term_string"}}],"inLanguage":"es"},{"@type":"Organization","@id":"https:\/\/www.homevillas360.com\/es\/#organization","name":"Holiday rentals in Majorca |Home Villas 360","url":"https:\/\/www.homevillas360.com\/es\/","logo":{"@type":"ImageObject","inLanguage":"es","@id":"https:\/\/www.homevillas360.com\/es\/#\/schema\/logo\/image\/","url":"https:\/\/www.homevillas360.com\/wp-content\/uploads\/2025\/12\/home-villas-360-color.png","contentUrl":"https:\/\/www.homevillas360.com\/wp-content\/uploads\/2025\/12\/home-villas-360-color.png","width":400,"height":114,"caption":"Holiday rentals in Majorca |Home Villas 360"},"image":{"@id":"https:\/\/www.homevillas360.com\/es\/#\/schema\/logo\/image\/"}}]}},"jetpack_sharing_enabled":true,"_links":{"self":[{"href":"https:\/\/www.homevillas360.com\/es\/wp-json\/wp\/v2\/pages\/4497","targetHints":{"allow":["GET"]}}],"collection":[{"href":"https:\/\/www.homevillas360.com\/es\/wp-json\/wp\/v2\/pages"}],"about":[{"href":"https:\/\/www.homevillas360.com\/es\/wp-json\/wp\/v2\/types\/page"}],"author":[{"embeddable":true,"href":"https:\/\/www.homevillas360.com\/es\/wp-json\/wp\/v2\/users\/2"}],"replies":[{"embeddable":true,"href":"https:\/\/www.homevillas360.com\/es\/wp-json\/wp\/v2\/comments?post=4497"}],"version-history":[{"count":13,"href":"https:\/\/www.homevillas360.com\/es\/wp-json\/wp\/v2\/pages\/4497\/revisions"}],"predecessor-version":[{"id":4519,"href":"https:\/\/www.homevillas360.com\/es\/wp-json\/wp\/v2\/pages\/4497\/revisions\/4519"}],"wp:featuredmedia":[{"embeddable":true,"href":"https:\/\/www.homevillas360.com\/es\/wp-json\/wp\/v2\/media\/4498"}],"wp:attachment":[{"href":"https:\/\/www.homevillas360.com\/es\/wp-json\/wp\/v2\/media?parent=4497"}],"curies":[{"name":"wp","href":"https:\/\/api.w.org\/{rel}","templated":true}]}}